{"id":13882,"date":"2020-01-16T11:39:51","date_gmt":"2020-01-16T11:39:51","guid":{"rendered":"https:\/\/www.schengenvisas.com\/how-to-apply-for-a-danish-schengen-visa\/"},"modified":"2025-08-06T13:13:58","modified_gmt":"2025-08-06T09:13:58","slug":"danimarka-schengen-vizesine-nasil-basvurulur","status":"publish","type":"page","link":"https:\/\/www.schengenvisas.com\/tr\/danimarka-schengen-vizesine-nasil-basvurulur\/","title":{"rendered":"Danimarka Schengen Vizesine Nas\u0131l Ba\u015fvurulur?"},"content":{"rendered":"\t\t<div data-elementor-type=\"wp-page\" data-elementor-id=\"13882\" class=\"elementor elementor-13882 elementor-381\" data-elementor-post-type=\"page\">\n\t\t\t\t\t\t<section class=\"elementor-section elementor-top-section elementor-element elementor-element-44287ce7 elementor-section-boxed elementor-section-height-default elementor-section-height-default\" data-id=\"44287ce7\" data-element_type=\"section\">\n\t\t\t\t\t\t<div class=\"elementor-container elementor-column-gap-default\">\n\t\t\t\t\t<div class=\"elementor-column elementor-col-100 elementor-top-column elementor-element elementor-element-55ac6174\" data-id=\"55ac6174\" data-element_type=\"column\">\n\t\t\t<div class=\"elementor-widget-wrap elementor-element-populated\">\n\t\t\t\t\t\t<div class=\"elementor-element elementor-element-4ca4b60 elementor-widget elementor-widget-table-of-contents\" data-id=\"4ca4b60\" data-element_type=\"widget\" data-settings=\"{&quot;headings_by_tags&quot;:[&quot;h2&quot;],&quot;exclude_headings_by_selector&quot;:[],&quot;marker_view&quot;:&quot;bullets&quot;,&quot;no_headings_message&quot;:&quot;No headings were found on this page.&quot;,&quot;icon&quot;:{&quot;value&quot;:&quot;fas fa-circle&quot;,&quot;library&quot;:&quot;fa-solid&quot;},&quot;min_height&quot;:{&quot;unit&quot;:&quot;px&quot;,&quot;size&quot;:&quot;&quot;,&quot;sizes&quot;:[]},&quot;min_height_tablet&quot;:{&quot;unit&quot;:&quot;px&quot;,&quot;size&quot;:&quot;&quot;,&quot;sizes&quot;:[]},&quot;min_height_mobile&quot;:{&quot;unit&quot;:&quot;px&quot;,&quot;size&quot;:&quot;&quot;,&quot;sizes&quot;:[]}}\" data-widget_type=\"table-of-contents.default\">\n\t\t\t\t<div class=\"elementor-widget-container\">\n\t\t\t\t\t\t\t<div class=\"elementor-toc__header\">\n\t\t\t<h2 class=\"elementor-toc__header-title\">\n\t\t\t\t\u0130\u00e7indekiler\t\t\t<\/h2>\n\t\t\t\t\t<\/div>\n\t\t<div id=\"elementor-toc__4ca4b60\" class=\"elementor-toc__body\">\n\t\t\t<div class=\"elementor-toc__spinner-container\">\n\t\t\t\t<i class=\"elementor-toc__spinner eicon-animation-spin eicon-loading\" aria-hidden=\"true\"><\/i>\t\t\t<\/div>\n\t\t<\/div>\n\t\t\t\t\t\t<\/div>\n\t\t\t\t<\/div>\n\t\t\t\t<div class=\"elementor-element elementor-element-3a9cadda elementor-widget elementor-widget-text-editor\" data-id=\"3a9cadda\" data-element_type=\"widget\" data-widget_type=\"text-editor.default\">\n\t\t\t\t<div class=\"elementor-widget-container\">\n\t\t\t\t\t\t\t\t\t<h2>Danimarka&#8217;ya Genel Bak\u0131\u015f<\/h2>\n\u0130skandinavya&#8217;n\u0131n en g\u00fcneyindeki \u00fclke olan Danimarka, Almanya&#8217;dan Kuzey Denizi&#8217;ne kadar uzanan bir ana kara yar\u0131madas\u0131 ve y\u00fczlerce k\u00fc\u00e7\u00fck adadan olu\u015fmaktad\u0131r. Ba\u015fkenti Kopenhag, Avrupa&#8217;n\u0131n en uzun k\u00f6pr\u00fclerinden biri olan 8 kilometre uzunlu\u011fundaki Oresund K\u00f6pr\u00fcs\u00fc&#8217;yle \u0130sve\u00e7&#8217;e ba\u011fl\u0131d\u0131r. Danimarka&#8217;n\u0131n b\u00fcy\u00fck bir k\u0131sm\u0131 sevimli k\u00f6ylerden olu\u015fsa da Kopenhag kendine \u00f6zg\u00fc renkli bir Danimarka-Nordik esteti\u011fini ve \u015f\u0131k, modern bir tasar\u0131m\u0131 yans\u0131t\u0131r. \u00d6d\u00fcll\u00fc restoranlar\u0131, tarih\u00ee m\u00fczeleri ve \u00e7a\u011fda\u015f sanat galerileriyle Avrupa&#8217;n\u0131n en \u00e7ok ziyaret edilen yerlerinden biri olan Kopenhag, ayn\u0131 zamanda canl\u0131 sokak modas\u0131 ve yenilik\u00e7i mutfa\u011f\u0131yla da tan\u0131n\u0131r. Danimarka d\u00fcnyan\u0131n siyasi a\u00e7\u0131dan en ilerici \u00fclkelerinden biridir ve ziyaret\u00e7ileri \u00e7o\u011fu zaman bu \u00fclkenin temizli\u011fi, verimlili\u011fi ve ho\u015fg\u00f6r\u00fcs\u00fcne hayran kal\u0131rlar. Resm\u00ee dili Danca olmakla beraber, 5,8 milyon ki\u015filik n\u00fcfusunun %80&#8217;inden fazlas\u0131 \u0130ngilizce bilmektedir.\n\nDanimarka, Schengen Anla\u015fmas\u0131&#8217;n\u0131 1996 y\u0131l\u0131nda imzalam\u0131\u015f ve 2001 y\u0131l\u0131nda Schengen b\u00f6lgesinin bir par\u00e7as\u0131 olmu\u015ftur. Schengen vize kodunun, Danimarka&#8217;n\u0131n iki \u00f6zerk b\u00f6lgesi olan ve s\u0131n\u0131rlar\u0131n\u0131 a\u00e7\u0131k tutan Faroe Adalar\u0131 ile Gr\u00f6nland i\u00e7in ge\u00e7erli olmad\u0131\u011f\u0131n\u0131 unutmay\u0131n.\n<h2>Uygunluk<\/h2>\nDanimarka i\u00e7in Schengen vizesi uygunlu\u011fu, Danimarka\/Schengen b\u00f6lgesine vizesiz giri\u015fin d\u0131\u015f\u0131nda kalan ve bu sebeple Danimarka Schengen vizesine ba\u015fvurma hakk\u0131na sahip a\u015fa\u011f\u0131daki devletlerin \u00fc\u00e7\u00fcnc\u00fc \u00fclke vatanda\u015flar\u0131n\u0131 i\u00e7erir:\n<table width=\"100%\">\n<tbody>\n<tr>\n<td width=\"312\">1.\u00a0\u00a0\u00a0\u00a0\u00a0AFGAN\u0130STAN<\/td>\n<td width=\"312\">53.\u00a0\u00a0\u00a0LAOS<\/td>\n<\/tr>\n<tr>\n<td width=\"312\">2.\u00a0\u00a0\u00a0\u00a0\u00a0CEZAY\u0130R<\/td>\n<td width=\"312\">54.\u00a0\u00a0\u00a0L\u00dcBNAN<\/td>\n<\/tr>\n<tr>\n<td width=\"312\">3.\u00a0\u00a0\u00a0\u00a0\u00a0ANGOLA<\/td>\n<td width=\"312\">55.\u00a0\u00a0\u00a0LESOTHO<\/td>\n<\/tr>\n<tr>\n<td width=\"312\">4.\u00a0\u00a0\u00a0\u00a0\u00a0ERMEN\u0130STAN<\/td>\n<td width=\"312\">56.\u00a0\u00a0\u00a0L\u0130BERYA<\/td>\n<\/tr>\n<tr>\n<td width=\"312\">5.\u00a0\u00a0\u00a0\u00a0\u00a0AZERBAYCAN<\/td>\n<td width=\"312\">57.\u00a0\u00a0\u00a0L\u0130BYA<\/td>\n<\/tr>\n<tr>\n<td width=\"312\">6.\u00a0\u00a0\u00a0\u00a0\u00a0BAHREYN<\/td>\n<td width=\"312\">58.\u00a0\u00a0\u00a0MADAGASKAR<\/td>\n<\/tr>\n<tr>\n<td width=\"312\">7.\u00a0\u00a0\u00a0\u00a0\u00a0BANGLADE\u015e<\/td>\n<td width=\"312\">59.\u00a0\u00a0\u00a0MALAV\u0130<\/td>\n<\/tr>\n<tr>\n<td width=\"312\">8.\u00a0\u00a0\u00a0\u00a0\u00a0BELARUS<\/td>\n<td width=\"312\">60.\u00a0\u00a0\u00a0MALD\u0130VLER<\/td>\n<\/tr>\n<tr>\n<td width=\"312\">9.\u00a0\u00a0\u00a0\u00a0\u00a0BEL\u0130ZE<\/td>\n<td width=\"312\">61.\u00a0\u00a0\u00a0MALi<\/td>\n<\/tr>\n<tr>\n<td width=\"312\">10.\u00a0\u00a0\u00a0BEN\u0130N<\/td>\n<td width=\"312\">62.\u00a0\u00a0\u00a0MOR\u0130TANYA<\/td>\n<\/tr>\n<tr>\n<td width=\"312\">11.\u00a0\u00a0\u00a0BHUTAN<\/td>\n<td width=\"312\">63.\u00a0\u00a0\u00a0MO\u011eOL\u0130STAN<\/td>\n<\/tr>\n<tr>\n<td width=\"312\">12.\u00a0\u00a0\u00a0BOL\u0130VYA<\/td>\n<td width=\"312\">64.\u00a0\u00a0\u00a0FAS<\/td>\n<\/tr>\n<tr>\n<td width=\"312\">13.\u00a0\u00a0\u00a0BOTSVANA<\/td>\n<td width=\"312\">65.\u00a0\u00a0\u00a0MOZAMB\u0130K<\/td>\n<\/tr>\n<tr>\n<td width=\"312\">14.\u00a0\u00a0\u00a0BURK\u0130NA FASO<\/td>\n<td width=\"312\">66.\u00a0\u00a0\u00a0NAM\u0130BYA<\/td>\n<\/tr>\n<tr>\n<td width=\"312\">15.\u00a0\u00a0\u00a0BURMA\/MYANMAR<\/td>\n<td width=\"312\">67.\u00a0\u00a0\u00a0NAURU<\/td>\n<\/tr>\n<tr>\n<td width=\"312\">16.\u00a0\u00a0\u00a0BURUND\u0130<\/td>\n<td width=\"312\">68.\u00a0\u00a0\u00a0NEPAL<\/td>\n<\/tr>\n<tr>\n<td width=\"312\">17.\u00a0\u00a0\u00a0KAMBO\u00c7YA<\/td>\n<td width=\"312\">69.\u00a0\u00a0\u00a0N\u0130JER<\/td>\n<\/tr>\n<tr>\n<td width=\"312\">18.\u00a0\u00a0\u00a0KAMERUN<\/td>\n<td width=\"312\">70.\u00a0\u00a0\u00a0N\u0130JERYA<\/td>\n<\/tr>\n<tr>\n<td width=\"312\">19.\u00a0\u00a0\u00a0CAPE VERDE<\/td>\n<td width=\"312\">71.\u00a0\u00a0\u00a0KUZEY KORE<\/td>\n<\/tr>\n<tr>\n<td width=\"312\">20.\u00a0\u00a0\u00a0ORTA AFR\u0130KA CUMHUR\u0130YET\u0130<\/td>\n<td width=\"312\">72.\u00a0\u00a0\u00a0UMMAN<\/td>\n<\/tr>\n<tr>\n<td width=\"312\">21.\u00a0\u00a0\u00a0\u00c7AD<\/td>\n<td width=\"312\">73.\u00a0\u00a0\u00a0PAK\u0130STAN<\/td>\n<\/tr>\n<tr>\n<td width=\"312\">22.\u00a0\u00a0\u00a0\u00c7\u0130N<\/td>\n<td width=\"312\">74.\u00a0\u00a0\u00a0PAPUA YEN\u0130 G\u0130NE<\/td>\n<\/tr>\n<tr>\n<td width=\"312\">23.\u00a0\u00a0\u00a0KOMORLAR<\/td>\n<td width=\"312\">75.\u00a0\u00a0\u00a0F\u0130L\u0130P\u0130NLER<\/td>\n<\/tr>\n<tr>\n<td width=\"312\">24.\u00a0\u00a0\u00a0KONGO<\/td>\n<td width=\"312\">76.\u00a0\u00a0\u00a0KATAR<\/td>\n<\/tr>\n<tr>\n<td width=\"312\">25.\u00a0\u00a0\u00a0F\u0130LD\u0130\u015e\u0130 SAH\u0130L\u0130<\/td>\n<td width=\"312\">77.\u00a0\u00a0\u00a0RUSYA<\/td>\n<\/tr>\n<tr>\n<td width=\"312\">26.\u00a0\u00a0\u00a0K\u00dcBA<\/td>\n<td width=\"312\">78.\u00a0\u00a0\u00a0RUANDA<\/td>\n<\/tr>\n<tr>\n<td width=\"312\">27.\u00a0\u00a0\u00a0KONGO DEMOKRAT\u0130K CUMHUR\u0130YET\u0130<\/td>\n<td width=\"312\">79.\u00a0\u00a0\u00a0SAO TOME VE PR\u0130NC\u0130PE<\/td>\n<\/tr>\n<tr>\n<td width=\"312\">28.\u00a0\u00a0\u00a0C\u0130BUT\u0130<\/td>\n<td width=\"312\">80.\u00a0\u00a0\u00a0SUUD\u0130 ARAB\u0130STAN<\/td>\n<\/tr>\n<tr>\n<td width=\"312\">29.\u00a0\u00a0\u00a0DOM\u0130N\u0130K CUMHUR\u0130YET\u0130<\/td>\n<td width=\"312\">81.\u00a0\u00a0\u00a0SENEGAL<\/td>\n<\/tr>\n<tr>\n<td width=\"312\">30.\u00a0\u00a0\u00a0EKVATOR<\/td>\n<td width=\"312\">82.\u00a0\u00a0\u00a0S\u0130ERRA LEONE<\/td>\n<\/tr>\n<tr>\n<td width=\"312\">31.\u00a0\u00a0\u00a0MISIR<\/td>\n<td width=\"312\">83.\u00a0\u00a0\u00a0SOMAL\u0130<\/td>\n<\/tr>\n<tr>\n<td width=\"312\">32.\u00a0\u00a0\u00a0EKVATOR G\u0130NES\u0130<\/td>\n<td width=\"312\">84.\u00a0\u00a0\u00a0G\u00dcNEY AFR\u0130KA<\/td>\n<\/tr>\n<tr>\n<td width=\"312\">33.\u00a0\u00a0\u00a0ER\u0130TRE<\/td>\n<td width=\"312\">85.\u00a0\u00a0\u00a0G\u00dcNEY SUDAN<\/td>\n<\/tr>\n<tr>\n<td width=\"312\">34.\u00a0\u00a0\u00a0ET\u0130YOPYA<\/td>\n<td width=\"312\">86.\u00a0\u00a0\u00a0SR\u0130 LANKA<\/td>\n<\/tr>\n<tr>\n<td width=\"312\">35.\u00a0\u00a0\u00a0F\u0130J\u0130<\/td>\n<td width=\"312\">87.\u00a0\u00a0\u00a0SUDAN<\/td>\n<\/tr>\n<tr>\n<td width=\"312\">36.\u00a0\u00a0\u00a0GABON<\/td>\n<td width=\"312\">88.\u00a0\u00a0\u00a0SUR\u0130NAM<\/td>\n<\/tr>\n<tr>\n<td width=\"312\">37.\u00a0\u00a0\u00a0GAMB\u0130YA<\/td>\n<td width=\"312\">89.\u00a0\u00a0\u00a0ESVAT\u0130N\u0130<\/td>\n<\/tr>\n<tr>\n<td width=\"312\">38.\u00a0\u00a0\u00a0GANA<\/td>\n<td width=\"312\">90.\u00a0\u00a0\u00a0SUR\u0130YE<\/td>\n<\/tr>\n<tr>\n<td width=\"312\">39.\u00a0\u00a0\u00a0G\u0130NE<\/td>\n<td width=\"312\">91.\u00a0\u00a0\u00a0TAC\u0130K\u0130STAN<\/td>\n<\/tr>\n<tr>\n<td width=\"312\">40.\u00a0\u00a0\u00a0G\u0130NE-B\u0130SSAU<\/td>\n<td width=\"312\">92.\u00a0\u00a0\u00a0TANZANYA<\/td>\n<\/tr>\n<tr>\n<td width=\"312\">41.\u00a0\u00a0\u00a0GUYANA<\/td>\n<td width=\"312\">93.\u00a0\u00a0\u00a0TAYLAND<\/td>\n<\/tr>\n<tr>\n<td width=\"312\">42.\u00a0\u00a0\u00a0HA\u0130T\u0130<\/td>\n<td width=\"312\">94.\u00a0\u00a0\u00a0TOGO<\/td>\n<\/tr>\n<tr>\n<td width=\"312\">43.\u00a0\u00a0\u00a0H\u0130ND\u0130STAN<\/td>\n<td width=\"312\">95.\u00a0\u00a0\u00a0TUNUS<\/td>\n<\/tr>\n<tr>\n<td width=\"312\">44.\u00a0\u00a0\u00a0ENDONEZYA<\/td>\n<td width=\"312\">96.\u00a0\u00a0\u00a0T\u00dcRK\u0130YE<\/td>\n<\/tr>\n<tr>\n<td width=\"312\">45.\u00a0\u00a0\u00a0\u0130RAN<\/td>\n<td width=\"312\">97.\u00a0\u00a0\u00a0T\u00dcRKMEN\u0130STAN<\/td>\n<\/tr>\n<tr>\n<td width=\"312\">46.\u00a0\u00a0\u00a0IRAK<\/td>\n<td width=\"312\">98.\u00a0\u00a0\u00a0UGANDA<\/td>\n<\/tr>\n<tr>\n<td width=\"312\">47.\u00a0\u00a0\u00a0JAMA\u0130KA<\/td>\n<td width=\"312\">99.\u00a0\u00a0\u00a0\u00d6ZBEK\u0130STAN<\/td>\n<\/tr>\n<tr>\n<td width=\"312\">48.\u00a0\u00a0\u00a0\u00dcRD\u00dcN<\/td>\n<td width=\"312\">100.V\u0130ETNAM<\/td>\n<\/tr>\n<tr>\n<td width=\"312\">49.\u00a0\u00a0\u00a0KAZAK\u0130STAN<\/td>\n<td width=\"312\">101.YEMEN<\/td>\n<\/tr>\n<tr>\n<td width=\"312\">50.\u00a0\u00a0\u00a0KENYA<\/td>\n<td width=\"312\">102.ZAMB\u0130YA<\/td>\n<\/tr>\n<tr>\n<td width=\"312\">51.\u00a0\u00a0\u00a0KUVEYT<\/td>\n<td width=\"312\">103.Z\u0130MBABVE<\/td>\n<\/tr>\n<tr>\n<td width=\"312\">52.\u00a0\u00a0\u00a0KIRGIZ\u0130STAN<\/td>\n<td width=\"312\"><\/td>\n<\/tr>\n<\/tbody>\n<\/table>\nA\u015fa\u011f\u0131daki kurulu\u015f\/b\u00f6lgelere ait \u00fc\u00e7\u00fcnc\u00fc taraf vatanda\u015flar\u0131n da Schengen vizesine ba\u015fvurmalar\u0131 gerekir: <strong>KOSOVA <\/strong>ve <strong>F\u0130L\u0130ST\u0130N <\/strong><strong>Y\u00d6NET\u0130M<\/strong><strong>\u0130<\/strong>.\n<h2>Gerekli Belgeler<\/h2>\nDanimarka Schengen vizesi i\u00e7in gerekli olan t\u00fcm belgeler \u0130ngilizce ya da Danca doldurulmal\u0131 ya da bu dillere \u00e7evrilmelidir. Danimarka i\u00e7in yap\u0131lan t\u00fcm Schengen vizesi ba\u015fvurular\u0131 a\u015fa\u011f\u0131daki<span style=\"text-decoration: underline;\"><a href=\"https:\/\/www.schengenvisas.com\/tr\/schengen-vizesi-basvuru-sartlari\/\"><strong> Gerekli Temel Belgeleri <\/strong><\/a><\/span>i\u00e7erir:\n<ul>\n \t<li><strong>Ge\u00e7erli pasaport <\/strong><\/li>\n \t<li><strong>Pasaport boyutunda foto\u011fraf<\/strong><\/li>\n \t<li><a href=\"https:\/\/www.schengenvisas.com\/tr\/schengen-vize-basvuru-formunu-indir\/\"><strong>Ba\u015fvuru formu<\/strong><\/a><\/li>\n \t<li><strong>Parmak izi (biyometrik veri) <\/strong><\/li>\n \t<li><strong>Seyahat sa\u011fl\u0131k sigortas\u0131<\/strong><\/li>\n \t<li><a href=\"https:\/\/www.schengenvisas.com\/tr\/schengen-vize-ucretleri\/\"><strong>Vize \u00dccreti<\/strong><\/a><\/li>\n \t<li><strong>Seyahatinize ili\u015fkin materyaller: <\/strong>\n<ul>\n \t<li>Seyahat nedeni<\/li>\n \t<li>Nerede kalaca\u011f\u0131n\u0131z (konaklama)<\/li>\n \t<li>Seyahatinizin para kayna\u011f\u0131 (mali durum)<\/li>\n \t<li>Vizeniz ge\u00e7ersiz olmadan\/s\u00fcresi bitmeden \u00f6nce Danimarka&#8217;y\u0131 terk edece\u011finizin ispat\u0131. Bu genelde paras\u0131 \u00f6denmi\u015f u\u00e7ak bileti \u015feklindedir<strong> (d\u00f6n\u00fc\u015f ispat\u0131).<\/strong><\/li>\n<\/ul>\n<\/li>\n<\/ul>\nYukar\u0131daki gerekli temel belgelerin yan\u0131 s\u0131ra, ba\u015fvurularda \u015fu ek belgenin de bulunmas\u0131 gerekir:\n\nDanimarka Schengen vizesi i\u00e7in ba\u015fvuran ki\u015fi taraf\u0131ndan \u00e7\u0131kt\u0131s\u0131 al\u0131n\u0131p imzalanm\u0131\u015f \u00f6n yaz\u0131.\n\n<strong><em><u>Not:<\/u><\/em><\/strong><em> Gerekli materyallerin detayl\u0131 a\u00e7\u0131klamalar\u0131 d\u00e2hil olmak \u00fczere, ba\u015fvurunuzda nelerin olmas\u0131 gerekti\u011fi hakk\u0131nda daha fazla bilgi i\u00e7in l\u00fctfen<span style=\"text-decoration: underline;\"><a href=\"https:\/\/www.schengenvisas.com\/tr\/schengen-vizesi-basvuru-sartlari\/\"><strong> Gerekli Temel Bilgiler<\/strong><\/a><\/span> k\u0131sm\u0131na gidin. <\/em><em>Seyahatiniz i\u00e7in Danimarka<\/em><em> Schengen vizesi <\/em><em>alma<\/em> <span style=\"text-decoration: underline;\"><a href=\"https:\/\/www.schengenvisas.com\/tr\/schengen-vize-turleri-gecerlilik\/\"><strong><em>amac\u0131n\u0131za <\/em><\/strong><\/a><\/span><em>dair ek belgeler sunman\u0131z gerekebilece\u011fini unutmay\u0131n<\/em><em>.<\/em>\n\n<h2>\u00dccretler<\/h2>\nYeti\u015fkinler i\u00e7in Danimarka Schengen vizesinin standart fiyat\u0131 80 avrodur. Ba\u015fvuran baz\u0131 ki\u015filer (\u00e7o\u011fu \u00f6\u011frenciler, 6 ya\u015f alt\u0131 \u00e7ocuklar) her t\u00fcrl\u00fc vize \u00fccretinden muaft\u0131r. Danimarka i\u00e7in Schengen vizesi alaca\u011f\u0131n\u0131z zaman, vize ba\u015fvurunuzla birlikte b\u00fcy\u00fck ihtimalle bir hizmet \u00fccreti \u00f6demeniz gerekecektir. Bu \u00fccret, vize \u00fccretinden farkl\u0131d\u0131r. L\u00fctfen vize reddi durumunda bu \u00fccretlerin iade edilemeyece\u011fini unutmay\u0131n.\t\t\t\t\t\t\t\t<\/div>\n\t\t\t\t<\/div>\n\t\t\t\t<div class=\"elementor-element elementor-element-d3d740c elementor-widget elementor-widget-image\" data-id=\"d3d740c\" data-element_type=\"widget\" data-widget_type=\"image.default\">\n\t\t\t\t<div class=\"elementor-widget-container\">\n\t\t\t\t\t\t\t\t\t\t\t\t\t\t\t<img decoding=\"async\" src=\"https:\/\/www.schengenvisas.com\/wp-content\/uploads\/elementor\/thumbs\/Denmark-Schengen-Visa-copy-q3w80xnjk9d2xlj9b0btdil2qm014np3vsw1s9gg8w.webp\" title=\"Denmark Schengen Visa\" alt=\"Denmark Schengen Visa\" loading=\"lazy\" \/>\t\t\t\t\t\t\t\t\t\t\t\t\t\t\t<\/div>\n\t\t\t\t<\/div>\n\t\t\t\t<div class=\"elementor-element elementor-element-3a7e6e8 elementor-widget elementor-widget-text-editor\" data-id=\"3a7e6e8\" data-element_type=\"widget\" data-widget_type=\"text-editor.default\">\n\t\t\t\t<div class=\"elementor-widget-container\">\n\t\t\t\t\t\t\t\t\t<h2>Nas\u0131l Ba\u015fvurulur: Ad\u0131mlar<\/h2><ul><li><strong><u>1. Ad\u0131m:<\/u><\/strong> Danimarka&#8217;ya seyahat etme <span style=\"text-decoration: underline;\"><a href=\"https:\/\/www.schengenvisas.com\/tr\/schengen-vize-turleri-gecerlilik\/\"><strong>Amac\u0131n\u0131z\u0131 <\/strong><\/a><\/span>belirleyin. Bu i\u015flem, hangi vize <span style=\"text-decoration: underline;\"><a href=\"https:\/\/www.schengenvisas.com\/tr\/schengen-vize-turleri-gecerlilik\/\"><strong>T\u00fcr\u00fc <\/strong><\/a><\/span>i\u00e7in ba\u015fvuru yapman\u0131z gerekti\u011fi konusunda belirleyici olacakt\u0131r.<\/li><li><strong><u>2. Ad\u0131m:<\/u><\/strong> Danimarka\/Schengen b\u00f6lgesi i\u00e7in ka\u00e7 adet <strong>Giri\u015f <\/strong>yapman\u0131z gerekece\u011fini belirleyin.<\/li><li><strong><u>3. Ad\u0131m:<\/u><\/strong> Ba\u015fvuru i\u00e7in <strong>Gerekli Belgeleri <\/strong>toplay\u0131n.<\/li><li><strong><u>4. Ad\u0131m:<\/u> <\/strong><strong>Schengen vizesi i\u00e7in randevu al\u0131n<\/strong> (e\u011fer uygunsa).<ul><li>Ba\u015fvuru yapt\u0131\u011f\u0131n\u0131z yer fark etmeksizin, biyometrik bilgiler ve di\u011fer ilgili materyalleri sunmak i\u00e7in muhtemelen Danimarka Konsoloslu\u011fu ya da vize ba\u015fvuru merkezinden randevu alman\u0131z gerekecektir. Vize ba\u015fvurular\u0131nda randevu gerekip gerekmedi\u011fini \u00f6\u011frenmek i\u00e7in konsolosluk ya da vize ba\u015fvuru merkeziyle do\u011frudan ileti\u015fime ge\u00e7ebilirsiniz.<\/li><\/ul><\/li><li><strong><u>5. Ad\u0131m:<\/u> <\/strong><a href=\"https:\/\/www.schengenvisas.com\/tr\/schengen-vize-basvuru-formunu-indir\/\"><strong><u>Ba\u015fvuru formunuzu<\/u><\/strong><\/a><strong> doldurun<\/strong>.<ul><li>Danimarka Schengen vizesi i\u00e7in yap\u0131lacak ba\u015fvurular\u0131n tamam\u0131, Danimarka&#8217;n\u0131n AppleVisa portal\u0131ndan online olarak doldurulmal\u0131d\u0131r. E\u011fer \u00fc\u00e7\u00fcnc\u00fc taraf bir vize hizmet sa\u011flay\u0131c\u0131 kullanm\u0131yorsan\u0131z, Danimarka D\u0131\u015fi\u015fleri Bakanl\u0131\u011f\u0131n\u0131n resm\u00ee sitesindeki <span style=\"text-decoration: underline;\"><a href=\"https:\/\/applyvisa.um.dk\/NVP.App\/frontpage\"><strong>online ba\u015fvuru portal\u0131ndan <\/strong><\/a><\/span>ba\u015fvuru yapman\u0131z gerekir.<\/li><\/ul><\/li><li><strong><u>6. Ad\u0131m:<\/u> <\/strong><a href=\"https:\/\/www.schengenvisas.com\/tr\/schengen-vize-ucretleri\/\"><strong><u>Ba\u015fvuru \u00fccretini<\/u><\/strong><\/a><strong> \u00f6deyin<\/strong>.<\/li><li><strong><u>7. Ad\u0131m:<\/u> <\/strong><strong>Danimarka Schengen vize ba\u015fvurunuzu g\u00f6nderin<\/strong> (seyahatten en az 15 g\u00fcn \u00f6nce ama 6 ay\u0131 ge\u00e7meyecek \u015fekilde).<ul><li>Danimarka Schengen vizesinin ba\u015fvuru formu, ba\u015fvuru yapaca\u011f\u0131n\u0131z Danimarka Konsoloslu\u011fu ya da vize ba\u015fvuru merkezine bizzat teslim edilmelidir. Ba\u015fvuru formunuzu teslim ederken (geerekli di\u011fer belgelerle birlikte), sizden muhtemelen biyometrik veri de istenecektir (parmak izi). 12 ya\u015f\u0131ndan k\u00fc\u00e7\u00fck \u00e7ocuklar genellikle parmak izi verme i\u015fleminden muaft\u0131r. Ancak ya\u015ftan ba\u011f\u0131ms\u0131z olarak, y\u00fcz foto\u011fraf\u0131 herkesten istenir.<\/li><li>Ba\u015fvurunuzu yapt\u0131ktan sonra, seyahatinize ili\u015fkin daha fazla bilgi\/materyal sunman\u0131z i\u00e7in ileriki bir tarihte tekrar g\u00f6r\u00fc\u015fmeye \u00e7a\u011fr\u0131labilece\u011finizi unutmay\u0131n.<\/li><\/ul><\/li><\/ul><h2>Ne Zaman Ba\u015fvurulur<\/h2><p>Ba\u015fvurunuzu seyahat edece\u011finiz g\u00fcnden en az 15 g\u00fcn \u00f6nce, gitmeden ise en erken 6 ay \u00f6nce yap\u0131n\u0131z.<\/p><h2>Nereye Ba\u015fvurulur<\/h2><p>Danimarka Schengen vizelerinin ba\u015fvurular\u0131 ya Danimarka Konsoloslu\u011fu ya da Danimarka&#8217;yla ili\u015fkisi olan bir vize ba\u015fvuru merkezine yap\u0131lmal\u0131d\u0131r.<\/p><p>Danimarka&#8217;n\u0131n konsoloslu\u011funun bulunmad\u0131\u011f\u0131 \u00fclkelerde, ba\u015fvurular Danimarka&#8217;n\u0131n konsoloslu\u011fa ait menfaatlerini temsil eden bir Schengen \u00fclkesinin konsoloslu\u011fundan yap\u0131labilir.<\/p><p>Danimarka online ba\u015fvuru portal\u0131ndan ba\u015fvuru yapt\u0131\u011f\u0131n\u0131z zaman, bulundu\u011funuz yere g\u00f6re Danimarka Konsolosluklar\u0131 ve vize ba\u015fvuru merkezleri g\u00f6r\u00fcnt\u00fclenecektir. Alternatif olarak, size en yak\u0131n Danimarka Konsoloslu\u011fu ya da El\u00e7ili\u011fini <span style=\"text-decoration: underline;\"><a href=\"https:\/\/um.dk\/en\/about-us\/organisation\/find-us-abroad\/\"><strong>buradan<\/strong><\/a>.<\/span><\/p><p>Ba\u015fvuruyu yasal olarak ikamet etti\u011finiz ya da vatanda\u015f\u0131 oldu\u011funuz \u00fclkeden yapman\u0131z tercih edilir.<\/p><h2>\u0130\u015flem S\u00fcresi<\/h2><p>Danimarka Schengen vizesinin standart i\u015flem s\u00fcresi 15 g\u00fcn olmakla beraber, baz\u0131 durumlarda bu s\u00fcre 45 g\u00fcne kadar \u00e7\u0131kabilir.<\/p><h3>Vizeniz onaylanm\u0131\u015fsa:<\/h3><p>Vizenizi al\u0131n ve \u00fczerindeki bilgilerin tam ve ge\u00e7erli oldu\u011fundan emin olun.<\/p><h3>Vizeniz reddedilmi\u015fse:<\/h3><p>Danimarka i\u00e7in Schengen vizesi ba\u015fvurunuz reddedilmi\u015fse, ret yan\u0131t\u0131n\u0131 ald\u0131ktan sonraki 8 hafta i\u00e7inde buna itiraz etme hakk\u0131n\u0131z vard\u0131r.<\/p><p>Bu i\u015fleme, talebinizin neden reddedildi\u011fini, itiraz s\u00fcrecinde ne yap\u0131laca\u011f\u0131n\u0131 ve itiraz\u0131n\u0131z\u0131n otomatik olarak yap\u0131l\u0131p yap\u0131lmayaca\u011f\u0131n\u0131 a\u00e7\u0131klayan standart vize ret formunu alarak ba\u015flayabilirsiniz.<\/p><p>E\u011fer itiraz\u0131n\u0131z otomatik olarak yap\u0131lmam\u0131\u015fsa, Danimarka G\u00f6\u00e7menlik Hizmetlerine kendiniz itiraz etmeniz gerekir.<\/p><p>\u0130tiraz\u0131n sonucu (olumlu veya olumsuz) fark etmeksizin iadesi olmayan bir itiraz \u00fccreti \u00f6demeniz gerekebilece\u011fini unutmay\u0131n.<\/p><h3>Nihayet Danimarka i\u00e7in Schengen vizenizi ald\u0131\u011f\u0131n\u0131zda, l\u00fctfen \u015funlara dikkat edin:<\/h3><p>Ba\u015fvurunuzu yapt\u0131ktan sonra seyahat program\u0131n\u0131zda meydana gelen de\u011fi\u015fiklikleri Danimarka Konsoloslu\u011funa\/vize ba\u015fvuru merkezine bildirmezseniz, vizeniz feshedilebilir.<\/p><p>Schengen vizenizin onaylanmas\u0131, Danimarka ya da genel Schengen b\u00f6lgesine her h\u00e2l\u00fckarda giri\u015f yapabilece\u011finiz anlam\u0131na gelmez. Vard\u0131\u011f\u0131n\u0131zda her iki yere de giri\u015finiz reddedilebilir.<\/p><p>Danimarka\/Schengen b\u00f6lgesine giri\u015f yapmak i\u00e7in mali durumunuz ya da konaklama bilgilerinize ili\u015fkin ek belgeler g\u00f6stermeniz gerekebilir.<\/p>\t\t\t\t\t\t\t\t<\/div>\n\t\t\t\t<\/div>\n\t\t\t\t\t<\/div>\n\t\t<\/div>\n\t\t\t\t\t<\/div>\n\t\t<\/section>\n\t\t<div class=\"elementor-element elementor-element-4a1ae788 e-flex e-con-boxed e-con e-parent\" data-id=\"4a1ae788\" data-element_type=\"container\" data-settings=\"{&quot;background_background&quot;:&quot;classic&quot;}\">\n\t\t\t\t\t<div class=\"e-con-inner\">\n\t\t<div class=\"elementor-element elementor-element-557c104d container e-flex e-con-boxed e-con e-child\" data-id=\"557c104d\" data-element_type=\"container\">\n\t\t\t\t\t<div class=\"e-con-inner\">\n\t\t\t\t<div class=\"elementor-element elementor-element-7629111c title elementor-widget elementor-widget-heading\" data-id=\"7629111c\" data-element_type=\"widget\" data-widget_type=\"heading.default\">\n\t\t\t\t<div class=\"elementor-widget-container\">\n\t\t\t\t\t<h2 class=\"elementor-heading-title elementor-size-default\">Son Haber ve Makeleler<\/h2>\t\t\t\t<\/div>\n\t\t\t\t<\/div>\n\t\t\t\t<div class=\"elementor-element elementor-element-7cf7ccca elementor-grid-2 elementor-grid-tablet-2 elementor-grid-mobile-1 elementor-posts--thumbnail-top elementor-widget elementor-widget-posts\" data-id=\"7cf7ccca\" data-element_type=\"widget\" data-settings=\"{&quot;classic_columns&quot;:&quot;2&quot;,&quot;classic_columns_tablet&quot;:&quot;2&quot;,&quot;classic_columns_mobile&quot;:&quot;1&quot;,&quot;classic_row_gap&quot;:{&quot;unit&quot;:&quot;px&quot;,&quot;size&quot;:35,&quot;sizes&quot;:[]},&quot;classic_row_gap_tablet&quot;:{&quot;unit&quot;:&quot;px&quot;,&quot;size&quot;:&quot;&quot;,&quot;sizes&quot;:[]},&quot;classic_row_gap_mobile&quot;:{&quot;unit&quot;:&quot;px&quot;,&quot;size&quot;:&quot;&quot;,&quot;sizes&quot;:[]}}\" data-widget_type=\"posts.classic\">\n\t\t\t\t<div class=\"elementor-widget-container\">\n\t\t\t\t\t\t\t<div class=\"elementor-posts-container elementor-posts elementor-posts--skin-classic elementor-grid\">\n\t\t\t\t<article class=\"elementor-post elementor-grid-item post-19152 schengenvisas_news type-schengenvisas_news status-publish has-post-thumbnail hentry entry\">\n\t\t\t\t<a class=\"elementor-post__thumbnail__link\" href=\"https:\/\/www.schengenvisas.com\/tr\/news\/etias-in-cikisi-mayis-2023-e-ertelendi\/\" tabindex=\"-1\" >\n\t\t\t<div class=\"elementor-post__thumbnail\"><img fetchpriority=\"high\" decoding=\"async\" width=\"300\" height=\"200\" src=\"https:\/\/www.schengenvisas.com\/wp-content\/uploads\/2022\/07\/ETIASin-Cikisi-Mayis-2023e-Ertelendi-300x200.jpg\" class=\"attachment-medium size-medium wp-image-19150\" alt=\"ETIAS\u2019\u0131n \u00c7\u0131k\u0131\u015f\u0131 May\u0131s 2023\u2019e Ertelendi\" srcset=\"https:\/\/www.schengenvisas.com\/wp-content\/uploads\/2022\/07\/ETIASin-Cikisi-Mayis-2023e-Ertelendi-300x200.jpg 300w, https:\/\/www.schengenvisas.com\/wp-content\/uploads\/2022\/07\/ETIASin-Cikisi-Mayis-2023e-Ertelendi-768x512.jpg 768w, https:\/\/www.schengenvisas.com\/wp-content\/uploads\/2022\/07\/ETIASin-Cikisi-Mayis-2023e-Ertelendi.jpg 1000w\" sizes=\"(max-width: 300px) 100vw, 300px\" \/><\/div>\n\t\t<\/a>\n\t\t\t\t<div class=\"elementor-post__text\">\n\t\t\t\t<h3 class=\"elementor-post__title\">\n\t\t\t<a href=\"https:\/\/www.schengenvisas.com\/tr\/news\/etias-in-cikisi-mayis-2023-e-ertelendi\/\" >\n\t\t\t\tETIAS\u2019\u0131n \u00c7\u0131k\u0131\u015f\u0131 May\u0131s 2023\u2019e Ertelendi\t\t\t<\/a>\n\t\t<\/h3>\n\t\t\t\t<div class=\"elementor-post__meta-data\">\n\t\t\t\t\t<span class=\"elementor-post-date\">\n\t\t\t14\/07\/2022\t\t<\/span>\n\t\t\t\t<\/div>\n\t\t\n\t\t<a class=\"elementor-post__read-more\" href=\"https:\/\/www.schengenvisas.com\/tr\/news\/etias-in-cikisi-mayis-2023-e-ertelendi\/\" aria-label=\"Read more about ETIAS\u2019\u0131n \u00c7\u0131k\u0131\u015f\u0131 May\u0131s 2023\u2019e Ertelendi\" tabindex=\"-1\" >\n\t\t\tDevam\u0131n\u0131 Oku \u00bb\t\t<\/a>\n\n\t\t\t\t<\/div>\n\t\t\t\t<\/article>\n\t\t\t\t<article class=\"elementor-post elementor-grid-item post-14382 schengenvisas_news type-schengenvisas_news status-publish has-post-thumbnail hentry entry\">\n\t\t\t\t<a class=\"elementor-post__thumbnail__link\" href=\"https:\/\/www.schengenvisas.com\/tr\/news\/avrupa-yabanci-turistlere-aciliyor\/\" tabindex=\"-1\" >\n\t\t\t<div class=\"elementor-post__thumbnail\"><img decoding=\"async\" width=\"300\" height=\"201\" src=\"https:\/\/www.schengenvisas.com\/wp-content\/uploads\/2021\/06\/Avrupa-yabanci-turistlere-aciliyor-300x201.jpg\" class=\"attachment-medium size-medium wp-image-14844\" alt=\"Avrupa yabanc\u0131 turistlere a\u00e7\u0131l\u0131yor\" srcset=\"https:\/\/www.schengenvisas.com\/wp-content\/uploads\/2021\/06\/Avrupa-yabanci-turistlere-aciliyor-300x201.jpg 300w, https:\/\/www.schengenvisas.com\/wp-content\/uploads\/2021\/06\/Avrupa-yabanci-turistlere-aciliyor-768x514.jpg 768w, https:\/\/www.schengenvisas.com\/wp-content\/uploads\/2021\/06\/Avrupa-yabanci-turistlere-aciliyor.jpg 1000w\" sizes=\"(max-width: 300px) 100vw, 300px\" \/><\/div>\n\t\t<\/a>\n\t\t\t\t<div class=\"elementor-post__text\">\n\t\t\t\t<h3 class=\"elementor-post__title\">\n\t\t\t<a href=\"https:\/\/www.schengenvisas.com\/tr\/news\/avrupa-yabanci-turistlere-aciliyor\/\" >\n\t\t\t\tAvrupa yabanc\u0131 turistlere a\u00e7\u0131l\u0131yor\t\t\t<\/a>\n\t\t<\/h3>\n\t\t\t\t<div class=\"elementor-post__meta-data\">\n\t\t\t\t\t<span class=\"elementor-post-date\">\n\t\t\t18\/06\/2021\t\t<\/span>\n\t\t\t\t<\/div>\n\t\t\n\t\t<a class=\"elementor-post__read-more\" href=\"https:\/\/www.schengenvisas.com\/tr\/news\/avrupa-yabanci-turistlere-aciliyor\/\" aria-label=\"Read more about Avrupa yabanc\u0131 turistlere a\u00e7\u0131l\u0131yor\" tabindex=\"-1\" >\n\t\t\tDevam\u0131n\u0131 Oku \u00bb\t\t<\/a>\n\n\t\t\t\t<\/div>\n\t\t\t\t<\/article>\n\t\t\t\t<\/div>\n\t\t\n\t\t\t\t\t\t<\/div>\n\t\t\t\t<\/div>\n\t\t\t\t\t<\/div>\n\t\t\t\t<\/div>\n\t\t\t\t\t<\/div>\n\t\t\t\t<\/div>\n\t\t\t\t<\/div>\n\t\t","protected":false},"excerpt":{"rendered":"<p>\u0130\u00e7indekiler Danimarka&#8217;ya Genel Bak\u0131\u015f \u0130skandinavya&#8217;n\u0131n en g\u00fcneyindeki \u00fclke olan Danimarka, Almanya&#8217;dan Kuzey Denizi&#8217;ne kadar uzanan<\/p>\n","protected":false},"author":15,"featured_media":24014,"parent":0,"menu_order":0,"comment_status":"closed","ping_status":"closed","template":"","meta":{"_acf_changed":false,"inline_featured_image":false,"footnotes":""},"class_list":["post-13882","page","type-page","status-publish","has-post-thumbnail","hentry","entry"],"acf":[],"yoast_head":"<!-- This site is optimized with the Yoast SEO Premium plugin v24.1 (Yoast SEO v24.1) - https:\/\/yoast.com\/wordpress\/plugins\/seo\/ -->\n<title>Danimarka Schengen Vizesine Nas\u0131l Ba\u015fvurulur?<\/title>\n<meta name=\"description\" content=\"Danimarka Schengen Vizesine Nas\u0131l Ba\u015fvurulur? | Danimarka Schengen Vize Kurallar\u0131, Vize \u00dccreti, Vize \u015eartlar\u0131 ve Uygunluk Kriterleri.\" \/>\n<meta name=\"robots\" content=\"index, follow, max-snippet:-1, max-image-preview:large, max-video-preview:-1\" \/>\n<link rel=\"canonical\" href=\"https:\/\/www.schengenvisas.com\/tr\/wp-json\/wp\/v2\/pages\/13882\" \/>\n<meta property=\"og:locale\" content=\"tr_TR\" \/>\n<meta property=\"og:type\" content=\"article\" \/>\n<meta property=\"og:title\" content=\"Danimarka Schengen Vizesine Nas\u0131l Ba\u015fvurulur?\" \/>\n<meta property=\"og:description\" content=\"Danimarka Schengen Vizesine Nas\u0131l Ba\u015fvurulur? | Danimarka Schengen Vize Kurallar\u0131, Vize \u00dccreti, Vize \u015eartlar\u0131 ve Uygunluk Kriterleri.\" \/>\n<meta property=\"og:url\" content=\"https:\/\/www.schengenvisas.com\/tr\/danimarka-schengen-vizesine-nasil-basvurulur\/\" \/>\n<meta property=\"og:site_name\" content=\"Schengen Visas\" \/>\n<meta property=\"article:modified_time\" content=\"2025-08-06T09:13:58+00:00\" \/>\n<meta property=\"og:image\" content=\"https:\/\/www.schengenvisas.com\/wp-content\/uploads\/2023\/03\/How-to-Apply-for-a-Denmark-Schengen-Visa-copy.webp\" \/>\n\t<meta property=\"og:image:width\" content=\"1280\" \/>\n\t<meta property=\"og:image:height\" content=\"800\" \/>\n\t<meta property=\"og:image:type\" content=\"image\/webp\" \/>\n<meta name=\"twitter:card\" content=\"summary_large_image\" \/>\n<meta name=\"twitter:label1\" content=\"Tahmini okuma s\u00fcresi\" \/>\n\t<meta name=\"twitter:data1\" content=\"8 dakika\" \/>\n<script type=\"application\/ld+json\" class=\"yoast-schema-graph\">{\"@context\":\"https:\/\/schema.org\",\"@graph\":[{\"@type\":\"WebPage\",\"@id\":\"https:\/\/www.schengenvisas.com\/tr\/danimarka-schengen-vizesine-nasil-basvurulur\/\",\"url\":\"https:\/\/www.schengenvisas.com\/tr\/danimarka-schengen-vizesine-nasil-basvurulur\/\",\"name\":\"Danimarka Schengen Vizesine Nas\u0131l Ba\u015fvurulur?\",\"isPartOf\":{\"@id\":\"https:\/\/www.schengenvisas.com\/#website\"},\"primaryImageOfPage\":{\"@id\":\"https:\/\/www.schengenvisas.com\/tr\/danimarka-schengen-vizesine-nasil-basvurulur\/#primaryimage\"},\"image\":{\"@id\":\"https:\/\/www.schengenvisas.com\/tr\/danimarka-schengen-vizesine-nasil-basvurulur\/#primaryimage\"},\"thumbnailUrl\":\"https:\/\/www.schengenvisas.com\/wp-content\/uploads\/2023\/03\/How-to-Apply-for-a-Denmark-Schengen-Visa-copy.webp\",\"datePublished\":\"2020-01-16T11:39:51+00:00\",\"dateModified\":\"2025-08-06T09:13:58+00:00\",\"description\":\"Danimarka Schengen Vizesine Nas\u0131l Ba\u015fvurulur? | Danimarka Schengen Vize Kurallar\u0131, Vize \u00dccreti, Vize \u015eartlar\u0131 ve Uygunluk Kriterleri.\",\"breadcrumb\":{\"@id\":\"https:\/\/www.schengenvisas.com\/tr\/danimarka-schengen-vizesine-nasil-basvurulur\/#breadcrumb\"},\"inLanguage\":\"tr\",\"potentialAction\":[{\"@type\":\"ReadAction\",\"target\":[\"https:\/\/www.schengenvisas.com\/tr\/danimarka-schengen-vizesine-nasil-basvurulur\/\"]}]},{\"@type\":\"ImageObject\",\"inLanguage\":\"tr\",\"@id\":\"https:\/\/www.schengenvisas.com\/tr\/danimarka-schengen-vizesine-nasil-basvurulur\/#primaryimage\",\"url\":\"https:\/\/www.schengenvisas.com\/wp-content\/uploads\/2023\/03\/How-to-Apply-for-a-Denmark-Schengen-Visa-copy.webp\",\"contentUrl\":\"https:\/\/www.schengenvisas.com\/wp-content\/uploads\/2023\/03\/How-to-Apply-for-a-Denmark-Schengen-Visa-copy.webp\",\"width\":1280,\"height\":800,\"caption\":\"How to Apply for a Denmark Schengen Visa\"},{\"@type\":\"BreadcrumbList\",\"@id\":\"https:\/\/www.schengenvisas.com\/tr\/danimarka-schengen-vizesine-nasil-basvurulur\/#breadcrumb\",\"itemListElement\":[{\"@type\":\"ListItem\",\"position\":1,\"name\":\"Home\",\"item\":\"https:\/\/www.schengenvisas.com\/\"},{\"@type\":\"ListItem\",\"position\":2,\"name\":\"Danimarka Schengen Vizesine Nas\u0131l Ba\u015fvurulur?\"}]},{\"@type\":\"WebSite\",\"@id\":\"https:\/\/www.schengenvisas.com\/#website\",\"url\":\"https:\/\/www.schengenvisas.com\/\",\"name\":\"Schengen Visas\",\"description\":\"Schengen Visa Application Services\",\"publisher\":{\"@id\":\"https:\/\/www.schengenvisas.com\/#organization\"},\"potentialAction\":[{\"@type\":\"SearchAction\",\"target\":{\"@type\":\"EntryPoint\",\"urlTemplate\":\"https:\/\/www.schengenvisas.com\/?s={search_term_string}\"},\"query-input\":{\"@type\":\"PropertyValueSpecification\",\"valueRequired\":true,\"valueName\":\"search_term_string\"}}],\"inLanguage\":\"tr\"},{\"@type\":\"Organization\",\"@id\":\"https:\/\/www.schengenvisas.com\/#organization\",\"name\":\"Schengen Visas\",\"url\":\"https:\/\/www.schengenvisas.com\/\",\"logo\":{\"@type\":\"ImageObject\",\"inLanguage\":\"tr\",\"@id\":\"https:\/\/www.schengenvisas.com\/#\/schema\/logo\/image\/\",\"url\":\"https:\/\/www.schengenvisas.com\/wp-content\/uploads\/2023\/03\/logo.svg\",\"contentUrl\":\"https:\/\/www.schengenvisas.com\/wp-content\/uploads\/2023\/03\/logo.svg\",\"width\":894,\"height\":123,\"caption\":\"Schengen Visas\"},\"image\":{\"@id\":\"https:\/\/www.schengenvisas.com\/#\/schema\/logo\/image\/\"}}]}<\/script>\n<!-- \/ Yoast SEO Premium plugin. -->","yoast_head_json":{"title":"Danimarka Schengen Vizesine Nas\u0131l Ba\u015fvurulur?","description":"Danimarka Schengen Vizesine Nas\u0131l Ba\u015fvurulur? | Danimarka Schengen Vize Kurallar\u0131, Vize \u00dccreti, Vize \u015eartlar\u0131 ve Uygunluk Kriterleri.","robots":{"index":"index","follow":"follow","max-snippet":"max-snippet:-1","max-image-preview":"max-image-preview:large","max-video-preview":"max-video-preview:-1"},"canonical":"https:\/\/www.schengenvisas.com\/tr\/wp-json\/wp\/v2\/pages\/13882","og_locale":"tr_TR","og_type":"article","og_title":"Danimarka Schengen Vizesine Nas\u0131l Ba\u015fvurulur?","og_description":"Danimarka Schengen Vizesine Nas\u0131l Ba\u015fvurulur? | Danimarka Schengen Vize Kurallar\u0131, Vize \u00dccreti, Vize \u015eartlar\u0131 ve Uygunluk Kriterleri.","og_url":"https:\/\/www.schengenvisas.com\/tr\/danimarka-schengen-vizesine-nasil-basvurulur\/","og_site_name":"Schengen Visas","article_modified_time":"2025-08-06T09:13:58+00:00","og_image":[{"width":1280,"height":800,"url":"https:\/\/www.schengenvisas.com\/wp-content\/uploads\/2023\/03\/How-to-Apply-for-a-Denmark-Schengen-Visa-copy.webp","type":"image\/webp"}],"twitter_card":"summary_large_image","twitter_misc":{"Tahmini okuma s\u00fcresi":"8 dakika"},"schema":{"@context":"https:\/\/schema.org","@graph":[{"@type":"WebPage","@id":"https:\/\/www.schengenvisas.com\/tr\/danimarka-schengen-vizesine-nasil-basvurulur\/","url":"https:\/\/www.schengenvisas.com\/tr\/danimarka-schengen-vizesine-nasil-basvurulur\/","name":"Danimarka Schengen Vizesine Nas\u0131l Ba\u015fvurulur?","isPartOf":{"@id":"https:\/\/www.schengenvisas.com\/#website"},"primaryImageOfPage":{"@id":"https:\/\/www.schengenvisas.com\/tr\/danimarka-schengen-vizesine-nasil-basvurulur\/#primaryimage"},"image":{"@id":"https:\/\/www.schengenvisas.com\/tr\/danimarka-schengen-vizesine-nasil-basvurulur\/#primaryimage"},"thumbnailUrl":"https:\/\/www.schengenvisas.com\/wp-content\/uploads\/2023\/03\/How-to-Apply-for-a-Denmark-Schengen-Visa-copy.webp","datePublished":"2020-01-16T11:39:51+00:00","dateModified":"2025-08-06T09:13:58+00:00","description":"Danimarka Schengen Vizesine Nas\u0131l Ba\u015fvurulur? | Danimarka Schengen Vize Kurallar\u0131, Vize \u00dccreti, Vize \u015eartlar\u0131 ve Uygunluk Kriterleri.","breadcrumb":{"@id":"https:\/\/www.schengenvisas.com\/tr\/danimarka-schengen-vizesine-nasil-basvurulur\/#breadcrumb"},"inLanguage":"tr","potentialAction":[{"@type":"ReadAction","target":["https:\/\/www.schengenvisas.com\/tr\/danimarka-schengen-vizesine-nasil-basvurulur\/"]}]},{"@type":"ImageObject","inLanguage":"tr","@id":"https:\/\/www.schengenvisas.com\/tr\/danimarka-schengen-vizesine-nasil-basvurulur\/#primaryimage","url":"https:\/\/www.schengenvisas.com\/wp-content\/uploads\/2023\/03\/How-to-Apply-for-a-Denmark-Schengen-Visa-copy.webp","contentUrl":"https:\/\/www.schengenvisas.com\/wp-content\/uploads\/2023\/03\/How-to-Apply-for-a-Denmark-Schengen-Visa-copy.webp","width":1280,"height":800,"caption":"How to Apply for a Denmark Schengen Visa"},{"@type":"BreadcrumbList","@id":"https:\/\/www.schengenvisas.com\/tr\/danimarka-schengen-vizesine-nasil-basvurulur\/#breadcrumb","itemListElement":[{"@type":"ListItem","position":1,"name":"Home","item":"https:\/\/www.schengenvisas.com\/"},{"@type":"ListItem","position":2,"name":"Danimarka Schengen Vizesine Nas\u0131l Ba\u015fvurulur?"}]},{"@type":"WebSite","@id":"https:\/\/www.schengenvisas.com\/#website","url":"https:\/\/www.schengenvisas.com\/","name":"Schengen Visas","description":"Schengen Visa Application Services","publisher":{"@id":"https:\/\/www.schengenvisas.com\/#organization"},"potentialAction":[{"@type":"SearchAction","target":{"@type":"EntryPoint","urlTemplate":"https:\/\/www.schengenvisas.com\/?s={search_term_string}"},"query-input":{"@type":"PropertyValueSpecification","valueRequired":true,"valueName":"search_term_string"}}],"inLanguage":"tr"},{"@type":"Organization","@id":"https:\/\/www.schengenvisas.com\/#organization","name":"Schengen Visas","url":"https:\/\/www.schengenvisas.com\/","logo":{"@type":"ImageObject","inLanguage":"tr","@id":"https:\/\/www.schengenvisas.com\/#\/schema\/logo\/image\/","url":"https:\/\/www.schengenvisas.com\/wp-content\/uploads\/2023\/03\/logo.svg","contentUrl":"https:\/\/www.schengenvisas.com\/wp-content\/uploads\/2023\/03\/logo.svg","width":894,"height":123,"caption":"Schengen Visas"},"image":{"@id":"https:\/\/www.schengenvisas.com\/#\/schema\/logo\/image\/"}}]}},"_links":{"self":[{"href":"https:\/\/www.schengenvisas.com\/tr\/wp-json\/wp\/v2\/pages\/13882","targetHints":{"allow":["GET"]}}],"collection":[{"href":"https:\/\/www.schengenvisas.com\/tr\/wp-json\/wp\/v2\/pages"}],"about":[{"href":"https:\/\/www.schengenvisas.com\/tr\/wp-json\/wp\/v2\/types\/page"}],"author":[{"embeddable":true,"href":"https:\/\/www.schengenvisas.com\/tr\/wp-json\/wp\/v2\/users\/15"}],"replies":[{"embeddable":true,"href":"https:\/\/www.schengenvisas.com\/tr\/wp-json\/wp\/v2\/comments?post=13882"}],"version-history":[{"count":29,"href":"https:\/\/www.schengenvisas.com\/tr\/wp-json\/wp\/v2\/pages\/13882\/revisions"}],"predecessor-version":[{"id":30405,"href":"https:\/\/www.schengenvisas.com\/tr\/wp-json\/wp\/v2\/pages\/13882\/revisions\/30405"}],"wp:featuredmedia":[{"embeddable":true,"href":"https:\/\/www.schengenvisas.com\/tr\/wp-json\/wp\/v2\/media\/24014"}],"wp:attachment":[{"href":"https:\/\/www.schengenvisas.com\/tr\/wp-json\/wp\/v2\/media?parent=13882"}],"curies":[{"name":"wp","href":"https:\/\/api.w.org\/{rel}","templated":true}]}}