{"id":13906,"date":"2020-01-27T09:05:08","date_gmt":"2020-01-27T09:05:08","guid":{"rendered":"https:\/\/www.schengenvisas.com\/how-to-apply-for-a-hungarian-schengen-visa\/"},"modified":"2025-08-07T12:11:26","modified_gmt":"2025-08-07T08:11:26","slug":"macaristan-schengen-vizesine-nasil-basvurulur","status":"publish","type":"page","link":"https:\/\/www.schengenvisas.com\/tr\/macaristan-schengen-vizesine-nasil-basvurulur\/","title":{"rendered":"Macaristan Schengen Vizesine Nas\u0131l Ba\u015fvurulur?"},"content":{"rendered":"\t\t<div data-elementor-type=\"wp-page\" data-elementor-id=\"13906\" class=\"elementor elementor-13906 elementor-648\" data-elementor-post-type=\"page\">\n\t\t\t\t\t\t<section class=\"elementor-section elementor-top-section elementor-element elementor-element-7525cc15 elementor-section-boxed elementor-section-height-default elementor-section-height-default\" data-id=\"7525cc15\" data-element_type=\"section\">\n\t\t\t\t\t\t<div class=\"elementor-container elementor-column-gap-default\">\n\t\t\t\t\t<div class=\"elementor-column elementor-col-100 elementor-top-column elementor-element elementor-element-53e465e5\" data-id=\"53e465e5\" data-element_type=\"column\">\n\t\t\t<div class=\"elementor-widget-wrap elementor-element-populated\">\n\t\t\t\t\t\t<div class=\"elementor-element elementor-element-7fd61d8 elementor-widget elementor-widget-table-of-contents\" data-id=\"7fd61d8\" data-element_type=\"widget\" data-settings=\"{&quot;headings_by_tags&quot;:[&quot;h2&quot;],&quot;exclude_headings_by_selector&quot;:[],&quot;marker_view&quot;:&quot;bullets&quot;,&quot;no_headings_message&quot;:&quot;No headings were found on this page.&quot;,&quot;icon&quot;:{&quot;value&quot;:&quot;fas fa-circle&quot;,&quot;library&quot;:&quot;fa-solid&quot;},&quot;min_height&quot;:{&quot;unit&quot;:&quot;px&quot;,&quot;size&quot;:&quot;&quot;,&quot;sizes&quot;:[]},&quot;min_height_tablet&quot;:{&quot;unit&quot;:&quot;px&quot;,&quot;size&quot;:&quot;&quot;,&quot;sizes&quot;:[]},&quot;min_height_mobile&quot;:{&quot;unit&quot;:&quot;px&quot;,&quot;size&quot;:&quot;&quot;,&quot;sizes&quot;:[]}}\" data-widget_type=\"table-of-contents.default\">\n\t\t\t\t<div class=\"elementor-widget-container\">\n\t\t\t\t\t\t\t<div class=\"elementor-toc__header\">\n\t\t\t<h2 class=\"elementor-toc__header-title\">\n\t\t\t\t\u0130\u00e7indekiler\t\t\t<\/h2>\n\t\t\t\t\t<\/div>\n\t\t<div id=\"elementor-toc__7fd61d8\" class=\"elementor-toc__body\">\n\t\t\t<div class=\"elementor-toc__spinner-container\">\n\t\t\t\t<i class=\"elementor-toc__spinner eicon-animation-spin eicon-loading\" aria-hidden=\"true\"><\/i>\t\t\t<\/div>\n\t\t<\/div>\n\t\t\t\t\t\t<\/div>\n\t\t\t\t<\/div>\n\t\t\t\t<div class=\"elementor-element elementor-element-6898ef89 elementor-widget elementor-widget-text-editor\" data-id=\"6898ef89\" data-element_type=\"widget\" data-widget_type=\"text-editor.default\">\n\t\t\t\t<div class=\"elementor-widget-container\">\n\t\t\t\t\t\t\t\t\t<h2>Macaristan&#8217;a Genel Bak\u0131\u015f<\/h2>\nDo\u011fu Avrupa&#8217;da \u00e7evresi karayla kapl\u0131 bir \u00fclke olan Macaristan, s\u0131n\u0131rlar\u0131n\u0131 Avusturya, Slovakya, Romanya, Ukrayna, S\u0131rbistan, H\u0131rvatistan ve Slovenya&#8217;yla payla\u015f\u0131r. Yakla\u015f\u0131k 10 milyonluk n\u00fcfusu, \u00fclkenin tek resm\u00ee dili olan Macarcay\u0131 konu\u015fur.\n\nMacaristan&#8217;\u0131n ba\u015fkenti ve ayn\u0131 zamanda en b\u00fcy\u00fck \u015fehri olan Budape\u015fte, zengin tarihi ve b\u00fcy\u00fck bir k\u0131sm\u0131 UNESCO D\u00fcnya Miras\u0131 Listesi&#8217;ne se\u00e7ilen g\u00fczelli\u011fiyle Avrupa&#8217;n\u0131n en \u00e7ok ziyaret edilen yerlerinden bir tanesidir. Budape\u015fte&#8217;de Orta \u00c7a\u011f&#8217;dan kalm\u0131\u015f Kale Tepesi&#8217;nde bulunan barok stilinde yap\u0131lm\u0131\u015f Budin Kalesi, Avrupa&#8217;n\u0131n en b\u00fcy\u00fck sinagogu olan Dohany Soka\u011f\u0131 Sinagogu ve Tuna Nehri&#8217;nin yan\u0131 s\u0131ra, \u015fehrin de m\u00fckemmel manzaras\u0131n\u0131 g\u00f6rebilece\u011finiz, romantizm ak\u0131m\u0131ndan etkilenerek 20. y\u00fczy\u0131lda yap\u0131lm\u0131\u015f Bal\u0131k\u00e7\u0131 Tabyas\u0131 gibi bir\u00e7ok etkileyici mimari yap\u0131 bulunur. Budape\u015fte&#8217;ye gelmi\u015f ziyaret\u00e7iler yepyeni \u0131\u015f\u0131lt\u0131l\u0131 restoranlar\u0131nda Macaristan&#8217;\u0131n ulusal yeme\u011fi gula\u015f\u0131 yerken Osmanl\u0131 zaman\u0131ndan kalm\u0131\u015f y\u00fczlerce hamam\u0131nda yorgunluklar\u0131n\u0131 atabilirler. \u00dclkenin d\u00f6rt bir yan\u0131nda kapl\u0131ca olan Macaristan&#8217;da k\u0131tan\u0131n en b\u00fcy\u00fck termal spa kompleksi bulunur. Ayr\u0131ca Orta Avrupa&#8217;n\u0131n en b\u00fcy\u00fck g\u00f6l\u00fc olan Balaton G\u00f6l\u00fc de buradad\u0131r.\n\nMacaristan Schengen anla\u015fmas\u0131n\u0131 2003 y\u0131l\u0131nda imzalam\u0131\u015f ve 2007 y\u0131l\u0131nda Schengen b\u00f6lgesinin bir par\u00e7as\u0131 olmu\u015ftur\n<h2>Uygunluk<\/h2>\nMacaristan i\u00e7in Schengen vizesi uygunlu\u011fu, Macaristan\/Schengen b\u00f6lgesine vizesiz giri\u015fin d\u0131\u015f\u0131nda kalan ve bu sebeple Macaristan Schengen vizesine ba\u015fvurma hakk\u0131na sahip a\u015fa\u011f\u0131daki devletlerin \u00fc\u00e7\u00fcnc\u00fc \u00fclke vatanda\u015flar\u0131n\u0131 i\u00e7erir:\n<table width=\"100%\">\n<tbody>\n<tr>\n<td width=\"312\">1.\u00a0\u00a0\u00a0\u00a0\u00a0AFGAN\u0130STAN<\/td>\n<td width=\"312\">53.\u00a0\u00a0\u00a0LAOS<\/td>\n<\/tr>\n<tr>\n<td width=\"312\">2.\u00a0\u00a0\u00a0\u00a0\u00a0CEZAY\u0130R<\/td>\n<td width=\"312\">54.\u00a0\u00a0\u00a0L\u00dcBNAN<\/td>\n<\/tr>\n<tr>\n<td width=\"312\">3.\u00a0\u00a0\u00a0\u00a0\u00a0ANGOLA<\/td>\n<td width=\"312\">55.\u00a0\u00a0\u00a0LESOTHO<\/td>\n<\/tr>\n<tr>\n<td width=\"312\">4.\u00a0\u00a0\u00a0\u00a0\u00a0ERMEN\u0130STAN<\/td>\n<td width=\"312\">56.\u00a0\u00a0\u00a0L\u0130BERYA<\/td>\n<\/tr>\n<tr>\n<td width=\"312\">5.\u00a0\u00a0\u00a0\u00a0\u00a0AZERBAYCAN<\/td>\n<td width=\"312\">57.\u00a0\u00a0\u00a0L\u0130BYA<\/td>\n<\/tr>\n<tr>\n<td width=\"312\">6.\u00a0\u00a0\u00a0\u00a0\u00a0BAHREYN<\/td>\n<td width=\"312\">58.\u00a0\u00a0\u00a0MADAGASKAR<\/td>\n<\/tr>\n<tr>\n<td width=\"312\">7.\u00a0\u00a0\u00a0\u00a0\u00a0BANGLADE\u015e<\/td>\n<td width=\"312\">59.\u00a0\u00a0\u00a0MALAV\u0130<\/td>\n<\/tr>\n<tr>\n<td width=\"312\">8.\u00a0\u00a0\u00a0\u00a0\u00a0BELARUS<\/td>\n<td width=\"312\">60.\u00a0\u00a0\u00a0MALD\u0130VLER<\/td>\n<\/tr>\n<tr>\n<td width=\"312\">9.\u00a0\u00a0\u00a0\u00a0\u00a0BEL\u0130ZE<\/td>\n<td width=\"312\">61.\u00a0\u00a0\u00a0MALi<\/td>\n<\/tr>\n<tr>\n<td width=\"312\">10.\u00a0\u00a0\u00a0BEN\u0130N<\/td>\n<td width=\"312\">62.\u00a0\u00a0\u00a0MOR\u0130TANYA<\/td>\n<\/tr>\n<tr>\n<td width=\"312\">11.\u00a0\u00a0\u00a0BHUTAN<\/td>\n<td width=\"312\">63.\u00a0\u00a0\u00a0MO\u011eOL\u0130STAN<\/td>\n<\/tr>\n<tr>\n<td width=\"312\">12.\u00a0\u00a0\u00a0BOL\u0130VYA<\/td>\n<td width=\"312\">64.\u00a0\u00a0\u00a0FAS<\/td>\n<\/tr>\n<tr>\n<td width=\"312\">13.\u00a0\u00a0\u00a0BOTSVANA<\/td>\n<td width=\"312\">65.\u00a0\u00a0\u00a0MOZAMB\u0130K<\/td>\n<\/tr>\n<tr>\n<td width=\"312\">14.\u00a0\u00a0\u00a0BURK\u0130NA FASO<\/td>\n<td width=\"312\">66.\u00a0\u00a0\u00a0NAM\u0130BYA<\/td>\n<\/tr>\n<tr>\n<td width=\"312\">15.\u00a0\u00a0\u00a0BURMA\/MYANMAR<\/td>\n<td width=\"312\">67.\u00a0\u00a0\u00a0NAURU<\/td>\n<\/tr>\n<tr>\n<td width=\"312\">16.\u00a0\u00a0\u00a0BURUND\u0130<\/td>\n<td width=\"312\">68.\u00a0\u00a0\u00a0NEPAL<\/td>\n<\/tr>\n<tr>\n<td width=\"312\">17.\u00a0\u00a0\u00a0KAMBO\u00c7YA<\/td>\n<td width=\"312\">69.\u00a0\u00a0\u00a0N\u0130JER<\/td>\n<\/tr>\n<tr>\n<td width=\"312\">18.\u00a0\u00a0\u00a0KAMERUN<\/td>\n<td width=\"312\">70.\u00a0\u00a0\u00a0N\u0130JERYA<\/td>\n<\/tr>\n<tr>\n<td width=\"312\">19.\u00a0\u00a0\u00a0CAPE VERDE<\/td>\n<td width=\"312\">71.\u00a0\u00a0\u00a0KUZEY KORE<\/td>\n<\/tr>\n<tr>\n<td width=\"312\">20.\u00a0\u00a0\u00a0ORTA AFR\u0130KA CUMHUR\u0130YET\u0130<\/td>\n<td width=\"312\">72.\u00a0\u00a0\u00a0UMMAN<\/td>\n<\/tr>\n<tr>\n<td width=\"312\">21.\u00a0\u00a0\u00a0\u00c7AD<\/td>\n<td width=\"312\">73.\u00a0\u00a0\u00a0PAK\u0130STAN<\/td>\n<\/tr>\n<tr>\n<td width=\"312\">22.\u00a0\u00a0\u00a0\u00c7\u0130N<\/td>\n<td width=\"312\">74.\u00a0\u00a0\u00a0PAPUA YEN\u0130 G\u0130NE<\/td>\n<\/tr>\n<tr>\n<td width=\"312\">23.\u00a0\u00a0\u00a0KOMORLAR<\/td>\n<td width=\"312\">75.\u00a0\u00a0\u00a0F\u0130L\u0130P\u0130NLER<\/td>\n<\/tr>\n<tr>\n<td width=\"312\">24.\u00a0\u00a0\u00a0KONGO<\/td>\n<td width=\"312\">76.\u00a0\u00a0\u00a0KATAR<\/td>\n<\/tr>\n<tr>\n<td width=\"312\">25.\u00a0\u00a0\u00a0F\u0130LD\u0130\u015e\u0130 SAH\u0130L\u0130<\/td>\n<td width=\"312\">77.\u00a0\u00a0\u00a0RUSYA<\/td>\n<\/tr>\n<tr>\n<td width=\"312\">26.\u00a0\u00a0\u00a0K\u00dcBA<\/td>\n<td width=\"312\">78.\u00a0\u00a0\u00a0RUANDA<\/td>\n<\/tr>\n<tr>\n<td width=\"312\">27.\u00a0\u00a0\u00a0KONGO DEMOKRAT\u0130K CUMHUR\u0130YET\u0130<\/td>\n<td width=\"312\">79.\u00a0\u00a0\u00a0SAO TOME VE PR\u0130NC\u0130PE<\/td>\n<\/tr>\n<tr>\n<td width=\"312\">28.\u00a0\u00a0\u00a0C\u0130BUT\u0130<\/td>\n<td width=\"312\">80.\u00a0\u00a0\u00a0SUUD\u0130 ARAB\u0130STAN<\/td>\n<\/tr>\n<tr>\n<td width=\"312\">29.\u00a0\u00a0\u00a0DOM\u0130N\u0130K CUMHUR\u0130YET\u0130<\/td>\n<td width=\"312\">81.\u00a0\u00a0\u00a0SENEGAL<\/td>\n<\/tr>\n<tr>\n<td width=\"312\">30.\u00a0\u00a0\u00a0EKVATOR<\/td>\n<td width=\"312\">82.\u00a0\u00a0\u00a0S\u0130ERRA LEONE<\/td>\n<\/tr>\n<tr>\n<td width=\"312\">31.\u00a0\u00a0\u00a0MISIR<\/td>\n<td width=\"312\">83.\u00a0\u00a0\u00a0SOMAL\u0130<\/td>\n<\/tr>\n<tr>\n<td width=\"312\">32.\u00a0\u00a0\u00a0EKVATOR G\u0130NES\u0130<\/td>\n<td width=\"312\">84.\u00a0\u00a0\u00a0G\u00dcNEY AFR\u0130KA<\/td>\n<\/tr>\n<tr>\n<td width=\"312\">33.\u00a0\u00a0\u00a0ER\u0130TRE<\/td>\n<td width=\"312\">85.\u00a0\u00a0\u00a0G\u00dcNEY SUDAN<\/td>\n<\/tr>\n<tr>\n<td width=\"312\">34.\u00a0\u00a0\u00a0ET\u0130YOPYA<\/td>\n<td width=\"312\">86.\u00a0\u00a0\u00a0SR\u0130 LANKA<\/td>\n<\/tr>\n<tr>\n<td width=\"312\">35.\u00a0\u00a0\u00a0F\u0130J\u0130<\/td>\n<td width=\"312\">87.\u00a0\u00a0\u00a0SUDAN<\/td>\n<\/tr>\n<tr>\n<td width=\"312\">36.\u00a0\u00a0\u00a0GABON<\/td>\n<td width=\"312\">88.\u00a0\u00a0\u00a0SUR\u0130NAM<\/td>\n<\/tr>\n<tr>\n<td width=\"312\">37.\u00a0\u00a0\u00a0GAMB\u0130YA<\/td>\n<td width=\"312\">89.\u00a0\u00a0\u00a0ESVAT\u0130N\u0130<\/td>\n<\/tr>\n<tr>\n<td width=\"312\">38.\u00a0\u00a0\u00a0GANA<\/td>\n<td width=\"312\">90.\u00a0\u00a0\u00a0SUR\u0130YE<\/td>\n<\/tr>\n<tr>\n<td width=\"312\">39.\u00a0\u00a0\u00a0G\u0130NE<\/td>\n<td width=\"312\">91.\u00a0\u00a0\u00a0TAC\u0130K\u0130STAN<\/td>\n<\/tr>\n<tr>\n<td width=\"312\">40.\u00a0\u00a0\u00a0G\u0130NE-B\u0130SSAU<\/td>\n<td width=\"312\">92.\u00a0\u00a0\u00a0TANZANYA<\/td>\n<\/tr>\n<tr>\n<td width=\"312\">41.\u00a0\u00a0\u00a0GUYANA<\/td>\n<td width=\"312\">93.\u00a0\u00a0\u00a0TAYLAND<\/td>\n<\/tr>\n<tr>\n<td width=\"312\">42.\u00a0\u00a0\u00a0HA\u0130T\u0130<\/td>\n<td width=\"312\">94.\u00a0\u00a0\u00a0TOGO<\/td>\n<\/tr>\n<tr>\n<td width=\"312\">43.\u00a0\u00a0\u00a0H\u0130ND\u0130STAN<\/td>\n<td width=\"312\">95.\u00a0\u00a0\u00a0TUNUS<\/td>\n<\/tr>\n<tr>\n<td width=\"312\">44.\u00a0\u00a0\u00a0ENDONEZYA<\/td>\n<td width=\"312\">96.\u00a0\u00a0\u00a0T\u00dcRK\u0130YE<\/td>\n<\/tr>\n<tr>\n<td width=\"312\">45.\u00a0\u00a0\u00a0\u0130RAN<\/td>\n<td width=\"312\">97.\u00a0\u00a0\u00a0T\u00dcRKMEN\u0130STAN<\/td>\n<\/tr>\n<tr>\n<td width=\"312\">46.\u00a0\u00a0\u00a0IRAK<\/td>\n<td width=\"312\">98.\u00a0\u00a0\u00a0UGANDA<\/td>\n<\/tr>\n<tr>\n<td width=\"312\">47.\u00a0\u00a0\u00a0JAMA\u0130KA<\/td>\n<td width=\"312\">99.\u00a0\u00a0\u00a0\u00d6ZBEK\u0130STAN<\/td>\n<\/tr>\n<tr>\n<td width=\"312\">48.\u00a0\u00a0\u00a0\u00dcRD\u00dcN<\/td>\n<td width=\"312\">100.V\u0130ETNAM<\/td>\n<\/tr>\n<tr>\n<td width=\"312\">49.\u00a0\u00a0\u00a0KAZAK\u0130STAN<\/td>\n<td width=\"312\">101.YEMEN<\/td>\n<\/tr>\n<tr>\n<td width=\"312\">50.\u00a0\u00a0\u00a0KENYA<\/td>\n<td width=\"312\">102.ZAMB\u0130YA<\/td>\n<\/tr>\n<tr>\n<td width=\"312\">51.\u00a0\u00a0\u00a0KUVEYT<\/td>\n<td width=\"312\">103.Z\u0130MBABVE<\/td>\n<\/tr>\n<tr>\n<td width=\"312\">52.\u00a0\u00a0\u00a0KIRGIZ\u0130STAN<\/td>\n<td width=\"312\"><\/td>\n<\/tr>\n<\/tbody>\n<\/table>\nA\u015fa\u011f\u0131daki kurulu\u015f\/b\u00f6lgelere ait \u00fc\u00e7\u00fcnc\u00fc taraf vatanda\u015flar\u0131n da Schengen vizesine ba\u015fvurmalar\u0131 gerekir: <strong>KOSOVA <\/strong>ve <strong>F\u0130L\u0130ST\u0130N <\/strong><strong>Y\u00d6NET\u0130M<\/strong><strong>\u0130<\/strong>.\n<h2>Gerekli Belgeler<\/h2>\nMacaristan Schengen vize ba\u015fvuru formlar\u0131 Macarca, \u0130ngilizce ve Frans\u0131zca dillerinde mevcuttur. Ancak ba\u015fvurunuzda bu 3 dil d\u0131\u015f\u0131nda ba\u015fka bir dille yaz\u0131lm\u0131\u015f ek materyaller varsa, muhtemelen yanlar\u0131nda Macarca veya \u0130ngilizce dillerinden birindeki resm\u00ee \u00e7evirilerinin bulunmas\u0131 gerekecektir. Macaristan Schengen vizesi i\u00e7in gerekli olan t\u00fcm belgeler, b\u00fcy\u00fck Latin harfleriyle doldurulmal\u0131d\u0131r.\n\nMacaristan i\u00e7in yap\u0131lan t\u00fcm Schengen vizesi ba\u015fvurular\u0131 a\u015fa\u011f\u0131daki<span style=\"text-decoration: underline;\"><strong><a href=\"https:\/\/www.schengenvisas.com\/tr\/schengen-vizesi-basvuru-sartlari\/\"> Gerekli Temel Belgeleri<\/a> <\/strong><\/span>i\u00e7erir:\n<ul>\n \t<li><strong>Ge\u00e7erli pasaport <\/strong><\/li>\n \t<li><strong>Pasaport boyutunda foto\u011fraf<\/strong><\/li>\n \t<li><a href=\"https:\/\/www.schengenvisas.com\/tr\/schengen-vize-basvuru-formunu-indir\/\"><strong>Ba\u015fvuru formu<\/strong><\/a><\/li>\n \t<li><strong>Parmak izi (biyometrik veri) <\/strong><\/li>\n \t<li><strong>Seyahat sa\u011fl\u0131k sigortas\u0131<\/strong><\/li>\n \t<li><a href=\"https:\/\/www.schengenvisas.com\/tr\/schengen-vize-ucretleri\/\"><strong>Vize \u00dccreti<\/strong><\/a><\/li>\n \t<li><strong>Seyahatinize ili\u015fkin materyaller: <\/strong>\n<ul>\n \t<li>Seyahat nedeni<\/li>\n \t<li>Nerede kalaca\u011f\u0131n\u0131z (konaklama)<\/li>\n \t<li>Seyahatinizin para kayna\u011f\u0131 (mali durum)<\/li>\n \t<li>Vizeniz ge\u00e7ersiz olmadan\/s\u00fcresi bitmeden \u00f6nce Macaristan&#8217;\u0131 terk edece\u011finizin ispat\u0131. Bu genelde paras\u0131 \u00f6denmi\u015f gidi\u015f geli\u015f u\u00e7ak bileti \u015feklindedir <strong>(d\u00f6n\u00fc\u015f ispat\u0131). <\/strong><\/li>\n \t<li>Yasal olarak ikamet etmedi\u011finiz bir \u00fclkeden ba\u015fvuruyorsan\u0131z, ba\u015fvurunuzla birlikte yasal ikametg\u00e2h\u0131n\u0131z\u0131n ispat\u0131n\u0131 sunman\u0131z gerekir.<\/li>\n<\/ul>\n<\/li>\n<\/ul>\n<strong><em><u>Not:<\/u><\/em><\/strong><em> Gerekli materyallerin detayl\u0131 a\u00e7\u0131klamalar\u0131 d\u00e2hil olmak \u00fczere, ba\u015fvurunuzda nelerin olmas\u0131 gerekti\u011fi hakk\u0131nda daha fazla bilgi i\u00e7in l\u00fctfen<span style=\"text-decoration: underline;\"><a href=\"https:\/\/www.schengenvisas.com\/tr\/schengen-vizesi-basvuru-sartlari\/\"><strong> Gerekli Temel Bilgiler<\/strong><\/a><\/span> k\u0131sm\u0131na gidin. <\/em><em>Seyahatiniz i\u00e7in <\/em><em>Macaristan<\/em><em> Schengen vizesi <\/em><em>alma<\/em> <span style=\"text-decoration: underline;\"><a href=\"https:\/\/www.schengenvisas.com\/tr\/schengen-vize-turleri-gecerlilik\/\"><strong><em>amac\u0131n\u0131za <\/em><\/strong><\/a><\/span><em>dair ek belgeler sunman\u0131z gerekebilece\u011fini unutmay\u0131n<\/em><em>.<\/em>\n\n<h2>\u00dccretler<\/h2>\nYeti\u015fkinler i\u00e7in Macaristan Schengen vizesinin standart fiyat\u0131 80 avrodur. Ba\u015fvuran baz\u0131 ki\u015filer (\u00e7o\u011fu \u00f6\u011frenciler, 6 ya\u015f alt\u0131 \u00e7ocuklar) her t\u00fcrl\u00fc vize \u00fccretinden muaft\u0131r. Macaristan i\u00e7in Schengen vizesi alaca\u011f\u0131n\u0131z zaman, vize ba\u015fvurunuzla birlikte b\u00fcy\u00fck ihtimalle bir hizmet \u00fccreti \u00f6demeniz gerekecektir. Bu \u00fccret, vize \u00fccretinden farkl\u0131d\u0131r. L\u00fctfen vize reddi durumunda bu \u00fccretlerin iade edilemeyece\u011fini unutmay\u0131n.\t\t\t\t\t\t\t\t<\/div>\n\t\t\t\t<\/div>\n\t\t\t\t<div class=\"elementor-element elementor-element-1477a6e elementor-widget elementor-widget-image\" data-id=\"1477a6e\" data-element_type=\"widget\" data-widget_type=\"image.default\">\n\t\t\t\t<div class=\"elementor-widget-container\">\n\t\t\t\t\t\t\t\t\t\t\t\t\t\t\t<img decoding=\"async\" src=\"https:\/\/www.schengenvisas.com\/wp-content\/uploads\/elementor\/thumbs\/Hungarian-Schengen-Visa-copy-q3vtf4poilkse9almq6tl78k15mdbyaixbbze12kw0.webp\" title=\"Hungarian Schengen Visa\" alt=\"Hungarian Schengen Visa\" loading=\"lazy\" \/>\t\t\t\t\t\t\t\t\t\t\t\t\t\t\t<\/div>\n\t\t\t\t<\/div>\n\t\t\t\t<div class=\"elementor-element elementor-element-4081e13 elementor-widget elementor-widget-text-editor\" data-id=\"4081e13\" data-element_type=\"widget\" data-widget_type=\"text-editor.default\">\n\t\t\t\t<div class=\"elementor-widget-container\">\n\t\t\t\t\t\t\t\t\t<h2><strong>Nas\u0131l Ba\u015fvurulur: Ad\u0131mlar<\/strong><\/h2><ul><li><strong><u>1. Ad\u0131m:<\/u><\/strong> Macaristan&#8217;\u0131 seyahat etme <span style=\"text-decoration: underline;\"><a href=\"https:\/\/www.schengenvisas.com\/tr\/schengen-vize-turleri-gecerlilik\/\"><strong>Amac\u0131n\u0131z\u0131 <\/strong><\/a><\/span>belirleyin. Bu i\u015flem, hangi vize <span style=\"text-decoration: underline;\"><a href=\"https:\/\/www.schengenvisas.com\/tr\/schengen-vize-turleri-gecerlilik\/\"><strong>T\u00fcr\u00fc <\/strong><\/a><\/span>i\u00e7in ba\u015fvuru yapman\u0131z gerekti\u011fi konusunda belirleyici olacakt\u0131r.<\/li><li><strong><u>2. Ad\u0131m:<\/u><\/strong> Macaristan\/Schengen b\u00f6lgesi i\u00e7in ka\u00e7 adet <strong>Giri\u015f <\/strong>yapman\u0131z gerekece\u011fini belirleyin.<\/li><li><strong><u>3. Ad\u0131m:<\/u><\/strong> Ba\u015fvuru i\u00e7in <strong>Gerekli Belgeleri <\/strong>toplay\u0131n.<\/li><li><strong><u>4. Ad\u0131m:<\/u> <\/strong><strong>Macaristan Schengen vizesi i\u00e7in randevu al\u0131n<\/strong> (e\u011fer uygunsa).<ul><li>Ba\u015fvuru yapaca\u011f\u0131n\u0131z konsolosluk ya da vize ba\u015fvuru merkezinin konumuna g\u00f6re, ba\u015fvurunuzu teslim etmeniz i\u00e7in muhtemelen bir randevu alman\u0131z gerekecektir. Alternatif olarak, normal \u00e7al\u0131\u015fma saatleri s\u0131ras\u0131nda gitti\u011finiz s\u00fcrece, ba\u015fvuru belgelerinizi randevu almadan da teslim etme ihtimaliniz olabilir. Ba\u015fvurunuzu yaparken randevu alman\u0131n gerekli olup olmad\u0131\u011f\u0131n\u0131 \u00f6\u011frenmek i\u00e7in do\u011frudan Macaristan Konsoloslu\u011fu ya da vize ba\u015fvuru merkezi ile ileti\u015fime ge\u00e7meniz \u00f6nerilir.\u00a0<\/li><\/ul><\/li><li><strong><u>5. Ad\u0131m<\/u> <\/strong><strong><span style=\"text-decoration: underline;\"><a href=\"https:\/\/www.schengenvisas.com\/tr\/schengen-vize-basvuru-formunu-indir\/\">Ba\u015fvuru formunuzu<\/a><\/span> doldurun<\/strong>.<ul><li>Macaristan Schengen vizesinin ba\u015fvurular\u0131, Macaristan D\u0131\u015fi\u015fleri Bakanl\u0131\u011f\u0131n\u0131n internet sitesinden bu <span style=\"text-decoration: underline;\"><a href=\"https:\/\/konzuliszolgalat.kormany.hu\/visa-application-forms\"><strong>linke <\/strong><\/a><\/span>t\u0131klayarak indirilebilir. Alternatif olarak, Macaristan Konsoloslu\u011fu ya da El\u00e7ili\u011finden ka\u011f\u0131t ba\u015fvuru formunu alabilirsiniz.<\/li><\/ul><\/li><li><strong><u>6. Ad\u0131m:<\/u> <\/strong><a href=\"https:\/\/www.schengenvisas.com\/tr\/schengen-vize-ucretleri\/\"><strong><u>Ba\u015fvuru \u00fccretini<\/u><\/strong><\/a><strong> \u00f6deyin<\/strong>.<\/li><li><strong><u>7. Ad\u0131m:<\/u> <\/strong><strong>Macaristan Schengen vize ba\u015fvurunuzu g\u00f6nderin<\/strong> (seyahatten en az 15 g\u00fcn \u00f6nce ama 6 ay\u0131 ge\u00e7meyecek \u015fekilde).<ul><li>Her Macaristan konsoloslu\u011fu ya da i\u015flem merkezinin ba\u015fvurular i\u00e7in farkl\u0131 prosed\u00fcrleri olabilse de hemen hemen her durumda, ba\u015fvurular\u0131n ba\u015fvuru yapaca\u011f\u0131n\u0131z konsolosluk ya da vize ba\u015fvuru merkezine bizzat teslim edilmesi gerekir.<\/li><li>Ba\u015fvuru yetkilendirmesi bir noter taraf\u0131ndan onayland\u0131\u011f\u0131 s\u00fcrece, nadir de olsa yetkilendirilen ki\u015fi ba\u015fvurunuzu sizin yerinize teslim edebilir. Bir k\u00fclt\u00fcrel\/profesyonel\/spor organizasyonu ya da kurumunun, bir \u00fcyenin yerine ba\u015fvuru yapmas\u0131 veya ba\u015fvuran ki\u015finin bir seyahat organizasyonuna kat\u0131ld\u0131\u011f\u0131 durumlarda, seyahat acentesinin ki\u015fi ad\u0131na ba\u015fvuru yapmas\u0131, buna benzer di\u011fer istisnalard\u0131r. Belgeleri sizin yerinize ba\u015fka biri g\u00f6nderse bile, ba\u015fvurunuzun sizin taraf\u0131n\u0131zdan imzalanmas\u0131 gerekece\u011fini unutmay\u0131n.<\/li><li>Ba\u015fvurunuzu yapt\u0131\u011f\u0131n\u0131zda, b\u00fcy\u00fck ihtimalle biyometrik veriniz (parmak izi) istenecektir. 12 ya\u015f\u0131ndan k\u00fc\u00e7\u00fck \u00e7ocuklar parmak izi verme i\u015fleminden muaft\u0131r. E\u011fer daha \u00f6nce parmak iziniz al\u0131nm\u0131\u015fsa (son 59 ay i\u00e7inde), b\u00fcy\u00fck ihtimalle parmak izinizi tekrar vermeniz istenmez.<\/li><li>Ba\u015fvurunuzu yapt\u0131ktan sonra, seyahatinize ili\u015fkin daha fazla bilgi\/materyal sunman\u0131z i\u00e7in ileriki bir tarihte tekrar g\u00f6r\u00fc\u015fmeye \u00e7a\u011fr\u0131labilece\u011finizi unutmay\u0131n.<\/li><\/ul><\/li><\/ul><h2>Ne Zaman Ba\u015fvurulur<\/h2><p>Ba\u015fvurunuzu seyahat edece\u011finiz g\u00fcnden en az 15 g\u00fcn \u00f6nce, gitmeden ise en erken 6 ay \u00f6nce yap\u0131n\u0131z.<\/p><h2>Nereye Ba\u015fvurulur<\/h2><p>Macaristan Schengen vizelerinin ba\u015fvurular\u0131 ya Macaristan Konsoloslu\u011fu\/El\u00e7ili\u011fi ya da Macaristan&#8217;la ili\u015fkisi olan bir vize ba\u015fvuru merkezine yap\u0131lmal\u0131d\u0131r.<\/p><p>Ba\u015fvurunuzu yasal olarak ikamet etti\u011finiz\/vatanda\u015f\u0131 oldu\u011funuz \u00fclkeden yapman\u0131z tercih edilir.<\/p><p>Ba\u015fvurunuzu yasal olarak ikamet etmedi\u011finiz bir \u00fclkedeki Macaristan Konsoloslu\u011fu\/El\u00e7ili\u011fi ya da vize ba\u015fvuru merkezinden yapacaksan\u0131z, bunun i\u00e7in ge\u00e7erli bir sebebinizin olmas\u0131 gerekir. Ba\u015fka bir \u00fclkede yasal olarak ikamet ediyor olman\u0131z (ge\u00e7erli vizeyle\/izinle) ve bu \u00fclke i\u00e7indeki konsoloslu\u011fun onlar arac\u0131l\u0131\u011f\u0131yla ba\u015fvuru yapman\u0131z\u0131 kabul edip ba\u015fvuru i\u015flemlerinizi ba\u015flatmas\u0131, ge\u00e7erli bir sebepten say\u0131l\u0131r.<\/p><p>Size en yak\u0131n Macaristan Konsoloslu\u011fu ya da El\u00e7ili\u011fini \u00f6\u011frenmek i\u00e7in <span style=\"text-decoration: underline;\"><a href=\"https:\/\/www.kormany.hu\/en\/ministry-of-foreign-affairs-and-trade\/missions\"><strong>buraya <\/strong><\/a><\/span>t\u0131klay\u0131n.<\/p><p>Macaristan&#8217;\u0131n konsoloslu\u011funun bulunmad\u0131\u011f\u0131 \u00fclkelerde, ba\u015fvurular Macaristan&#8217;\u0131n konsoloslu\u011fa ait menfaatlerini temsil eden bir Schengen \u00fclkesinin konsoloslu\u011fundan yap\u0131labilir.<\/p><p>Macaristan Konsoloslu\u011funun ya da Macaristan&#8217;\u0131n konsoloslu\u011fa ait menfaatlerini temsil edebilecek bir Schengen devletinin bulunmad\u0131\u011f\u0131 \u00fclkelerde, ba\u015fvurunuzu Schengen b\u00f6lgesi d\u0131\u015f\u0131ndaki herhangi bir Macaristan Konsoloslu\u011fundan yapabilirsiniz.<\/p><h2>\u0130\u015flem S\u00fcresi<\/h2><p>Macaristan Schengen vizesinin standart i\u015flem s\u00fcresi 15 g\u00fcn olmakla beraber, baz\u0131 durumlarda bu s\u00fcre 45 g\u00fcne kadar \u00e7\u0131kabilir.<\/p><h3>Vizeniz onaylanm\u0131\u015fsa:<\/h3><p>Vizenizi al\u0131n ve \u00fczerindeki bilgilerin tam ve ge\u00e7erli oldu\u011fundan emin olun.<\/p><h3>Vizeniz reddedilmi\u015fse:<\/h3><p>Macaristan Schengen vizeniz reddedilmi\u015fse, siz veya yasal temsilcinizin ret yan\u0131t\u0131n\u0131 ald\u0131ktan sonraki 8 g\u00fcn i\u00e7inde bu karara itiraz etme hakk\u0131 vard\u0131r.<\/p><p>Bu i\u015fleme, vize talebinizin neden reddedildi\u011fini a\u00e7\u0131klayan standart vize ret formunu alarak ba\u015flay\u0131n. Ret mektubunuzda itiraz\u0131n\u0131z\u0131 nereye g\u00f6nderece\u011finiz d\u00e2hil olmak \u00fczere, itiraz s\u00fcrecinde yap\u0131lacaklar detayl\u0131 bir \u015fekilde yaz\u0131yor olacakt\u0131r.<\/p><p>\u0130tiraz\u0131n\u0131z\u0131n sonucuna, itiraz\u0131n\u0131z al\u0131nd\u0131ktan 15 g\u00fcn sonra D\u0131\u015fi\u015fleri Bakanl\u0131\u011f\u0131n\u0131n Konoslosluk B\u00f6l\u00fcm\u00fc taraf\u0131ndan karar verilir.<\/p><p>Schengen vize itiraz\u0131n\u0131z\u0131 ya Macarca ya da resm\u00ee bir AB dilinde yazman\u0131z gerekir. E\u011fer AB d\u0131\u015f\u0131ndaki bir \u00fclkenin dilinde yazmay\u0131 tercih ederseniz, itiraz\u0131n\u0131z\u0131n resm\u00ee \u00e7evirisini de eklemeniz istenir. \u0130tiraz\u0131n\u0131z\u0131 ya bizzat sizin ya da sizin yerinize imza atma yetkisi olan birinin imzalamas\u0131 gerekir.<\/p><p>\u0130tiraz\u0131n sonucu (olumlu veya olumsuz) fark etmeksizin, iadesi olmayan 30 avroluk bir itiraz \u00fccreti \u00f6demeniz gerekece\u011fini unutmay\u0131n.<\/p><h3>Nihayet Macaristan i\u00e7in Schengen vizenizi ald\u0131\u011f\u0131n\u0131zda, l\u00fctfen \u015funlara dikkat edin:<\/h3><p>Ba\u015fvurunuzu yapt\u0131ktan sonra seyahat program\u0131n\u0131zda meydana gelen de\u011fi\u015fiklikleri Macaristan Konsoloslu\u011funa\/vize ba\u015fvuru merkezine bildirmezseniz, vizeniz feshedilebilir.<\/p><p>Schengen vizenizin onaylanmas\u0131, Macaristan ya da genel Schengen b\u00f6lgesine her h\u00e2l\u00fckarda giri\u015f yapabilece\u011finiz anlam\u0131na gelmez. Vard\u0131\u011f\u0131n\u0131zda her iki yere de giri\u015finiz reddedilebilir.<\/p><p>Macaristan\/Schengen b\u00f6lgesine giri\u015f yapmak i\u00e7in mali durumunuz ya da konaklama bilgilerinize ili\u015fkin ek belgeler g\u00f6stermeniz gerekebilir.<\/p>\t\t\t\t\t\t\t\t<\/div>\n\t\t\t\t<\/div>\n\t\t\t\t\t<\/div>\n\t\t<\/div>\n\t\t\t\t\t<\/div>\n\t\t<\/section>\n\t\t<div class=\"elementor-element elementor-element-98e7524 e-flex e-con-boxed e-con e-parent\" data-id=\"98e7524\" data-element_type=\"container\" data-settings=\"{&quot;background_background&quot;:&quot;classic&quot;}\">\n\t\t\t\t\t<div class=\"e-con-inner\">\n\t\t<div class=\"elementor-element elementor-element-4ea20475 container e-flex e-con-boxed e-con e-child\" data-id=\"4ea20475\" data-element_type=\"container\">\n\t\t\t\t\t<div class=\"e-con-inner\">\n\t\t\t\t<div class=\"elementor-element elementor-element-3071c004 title elementor-widget elementor-widget-heading\" data-id=\"3071c004\" data-element_type=\"widget\" data-widget_type=\"heading.default\">\n\t\t\t\t<div class=\"elementor-widget-container\">\n\t\t\t\t\t<h2 class=\"elementor-heading-title elementor-size-default\">Son Haber ve Makeleler<\/h2>\t\t\t\t<\/div>\n\t\t\t\t<\/div>\n\t\t\t\t<div class=\"elementor-element elementor-element-68d85953 elementor-grid-2 elementor-grid-tablet-2 elementor-grid-mobile-1 elementor-posts--thumbnail-top elementor-widget elementor-widget-posts\" data-id=\"68d85953\" data-element_type=\"widget\" data-settings=\"{&quot;classic_columns&quot;:&quot;2&quot;,&quot;classic_columns_tablet&quot;:&quot;2&quot;,&quot;classic_columns_mobile&quot;:&quot;1&quot;,&quot;classic_row_gap&quot;:{&quot;unit&quot;:&quot;px&quot;,&quot;size&quot;:35,&quot;sizes&quot;:[]},&quot;classic_row_gap_tablet&quot;:{&quot;unit&quot;:&quot;px&quot;,&quot;size&quot;:&quot;&quot;,&quot;sizes&quot;:[]},&quot;classic_row_gap_mobile&quot;:{&quot;unit&quot;:&quot;px&quot;,&quot;size&quot;:&quot;&quot;,&quot;sizes&quot;:[]}}\" data-widget_type=\"posts.classic\">\n\t\t\t\t<div class=\"elementor-widget-container\">\n\t\t\t\t\t\t\t<div class=\"elementor-posts-container elementor-posts elementor-posts--skin-classic elementor-grid\">\n\t\t\t\t<article class=\"elementor-post elementor-grid-item post-19152 schengenvisas_news type-schengenvisas_news status-publish has-post-thumbnail hentry entry\">\n\t\t\t\t<a class=\"elementor-post__thumbnail__link\" href=\"https:\/\/www.schengenvisas.com\/tr\/news\/etias-in-cikisi-mayis-2023-e-ertelendi\/\" tabindex=\"-1\" >\n\t\t\t<div class=\"elementor-post__thumbnail\"><img fetchpriority=\"high\" decoding=\"async\" width=\"300\" height=\"200\" src=\"https:\/\/www.schengenvisas.com\/wp-content\/uploads\/2022\/07\/ETIASin-Cikisi-Mayis-2023e-Ertelendi-300x200.jpg\" class=\"attachment-medium size-medium wp-image-19150\" alt=\"ETIAS\u2019\u0131n \u00c7\u0131k\u0131\u015f\u0131 May\u0131s 2023\u2019e Ertelendi\" srcset=\"https:\/\/www.schengenvisas.com\/wp-content\/uploads\/2022\/07\/ETIASin-Cikisi-Mayis-2023e-Ertelendi-300x200.jpg 300w, https:\/\/www.schengenvisas.com\/wp-content\/uploads\/2022\/07\/ETIASin-Cikisi-Mayis-2023e-Ertelendi-768x512.jpg 768w, https:\/\/www.schengenvisas.com\/wp-content\/uploads\/2022\/07\/ETIASin-Cikisi-Mayis-2023e-Ertelendi.jpg 1000w\" sizes=\"(max-width: 300px) 100vw, 300px\" \/><\/div>\n\t\t<\/a>\n\t\t\t\t<div class=\"elementor-post__text\">\n\t\t\t\t<h3 class=\"elementor-post__title\">\n\t\t\t<a href=\"https:\/\/www.schengenvisas.com\/tr\/news\/etias-in-cikisi-mayis-2023-e-ertelendi\/\" >\n\t\t\t\tETIAS\u2019\u0131n \u00c7\u0131k\u0131\u015f\u0131 May\u0131s 2023\u2019e Ertelendi\t\t\t<\/a>\n\t\t<\/h3>\n\t\t\t\t<div class=\"elementor-post__meta-data\">\n\t\t\t\t\t<span class=\"elementor-post-date\">\n\t\t\t14\/07\/2022\t\t<\/span>\n\t\t\t\t<\/div>\n\t\t\n\t\t<a class=\"elementor-post__read-more\" href=\"https:\/\/www.schengenvisas.com\/tr\/news\/etias-in-cikisi-mayis-2023-e-ertelendi\/\" aria-label=\"Read more about ETIAS\u2019\u0131n \u00c7\u0131k\u0131\u015f\u0131 May\u0131s 2023\u2019e Ertelendi\" tabindex=\"-1\" >\n\t\t\tDevam\u0131n\u0131 Oku \u00bb\t\t<\/a>\n\n\t\t\t\t<\/div>\n\t\t\t\t<\/article>\n\t\t\t\t<article class=\"elementor-post elementor-grid-item post-14382 schengenvisas_news type-schengenvisas_news status-publish has-post-thumbnail hentry entry\">\n\t\t\t\t<a class=\"elementor-post__thumbnail__link\" href=\"https:\/\/www.schengenvisas.com\/tr\/news\/avrupa-yabanci-turistlere-aciliyor\/\" tabindex=\"-1\" >\n\t\t\t<div class=\"elementor-post__thumbnail\"><img decoding=\"async\" width=\"300\" height=\"201\" src=\"https:\/\/www.schengenvisas.com\/wp-content\/uploads\/2021\/06\/Avrupa-yabanci-turistlere-aciliyor-300x201.jpg\" class=\"attachment-medium size-medium wp-image-14844\" alt=\"Avrupa yabanc\u0131 turistlere a\u00e7\u0131l\u0131yor\" srcset=\"https:\/\/www.schengenvisas.com\/wp-content\/uploads\/2021\/06\/Avrupa-yabanci-turistlere-aciliyor-300x201.jpg 300w, https:\/\/www.schengenvisas.com\/wp-content\/uploads\/2021\/06\/Avrupa-yabanci-turistlere-aciliyor-768x514.jpg 768w, https:\/\/www.schengenvisas.com\/wp-content\/uploads\/2021\/06\/Avrupa-yabanci-turistlere-aciliyor.jpg 1000w\" sizes=\"(max-width: 300px) 100vw, 300px\" \/><\/div>\n\t\t<\/a>\n\t\t\t\t<div class=\"elementor-post__text\">\n\t\t\t\t<h3 class=\"elementor-post__title\">\n\t\t\t<a href=\"https:\/\/www.schengenvisas.com\/tr\/news\/avrupa-yabanci-turistlere-aciliyor\/\" >\n\t\t\t\tAvrupa yabanc\u0131 turistlere a\u00e7\u0131l\u0131yor\t\t\t<\/a>\n\t\t<\/h3>\n\t\t\t\t<div class=\"elementor-post__meta-data\">\n\t\t\t\t\t<span class=\"elementor-post-date\">\n\t\t\t18\/06\/2021\t\t<\/span>\n\t\t\t\t<\/div>\n\t\t\n\t\t<a class=\"elementor-post__read-more\" href=\"https:\/\/www.schengenvisas.com\/tr\/news\/avrupa-yabanci-turistlere-aciliyor\/\" aria-label=\"Read more about Avrupa yabanc\u0131 turistlere a\u00e7\u0131l\u0131yor\" tabindex=\"-1\" >\n\t\t\tDevam\u0131n\u0131 Oku \u00bb\t\t<\/a>\n\n\t\t\t\t<\/div>\n\t\t\t\t<\/article>\n\t\t\t\t<\/div>\n\t\t\n\t\t\t\t\t\t<\/div>\n\t\t\t\t<\/div>\n\t\t\t\t\t<\/div>\n\t\t\t\t<\/div>\n\t\t\t\t\t<\/div>\n\t\t\t\t<\/div>\n\t\t\t\t<\/div>\n\t\t","protected":false},"excerpt":{"rendered":"<p>\u0130\u00e7indekiler Macaristan&#8217;a Genel Bak\u0131\u015f Do\u011fu Avrupa&#8217;da \u00e7evresi karayla kapl\u0131 bir \u00fclke olan Macaristan, s\u0131n\u0131rlar\u0131n\u0131 Avusturya,<\/p>\n","protected":false},"author":15,"featured_media":23918,"parent":0,"menu_order":0,"comment_status":"closed","ping_status":"closed","template":"","meta":{"_acf_changed":false,"inline_featured_image":false,"footnotes":""},"class_list":["post-13906","page","type-page","status-publish","has-post-thumbnail","hentry","entry"],"acf":[],"yoast_head":"<!-- This site is optimized with the Yoast SEO Premium plugin v24.1 (Yoast SEO v24.1) - https:\/\/yoast.com\/wordpress\/plugins\/seo\/ -->\n<title>Macaristan Schengen Vizesine Nas\u0131l Ba\u015fvurulur? | Macaristan Schengen Vizesi<\/title>\n<meta name=\"description\" content=\"Macaristan Schengen Vizesine Nas\u0131l Ba\u015fvurulur? | Macaristan Schengen Vize Kurallar\u0131, Vize \u00dccreti, Vize \u015eartlar\u0131 ve Uygunluk Kriterleri.\" \/>\n<meta name=\"robots\" content=\"index, follow, max-snippet:-1, max-image-preview:large, max-video-preview:-1\" \/>\n<link rel=\"canonical\" href=\"https:\/\/www.schengenvisas.com\/tr\/wp-json\/wp\/v2\/pages\/13906\" \/>\n<meta property=\"og:locale\" content=\"tr_TR\" \/>\n<meta property=\"og:type\" content=\"article\" \/>\n<meta property=\"og:title\" content=\"Macaristan Schengen Vizesine Nas\u0131l Ba\u015fvurulur?\" \/>\n<meta property=\"og:description\" content=\"Macaristan Schengen Vizesine Nas\u0131l Ba\u015fvurulur? | Macaristan Schengen Vize Kurallar\u0131, Vize \u00dccreti, Vize \u015eartlar\u0131 ve Uygunluk Kriterleri.\" \/>\n<meta property=\"og:url\" content=\"https:\/\/www.schengenvisas.com\/tr\/macaristan-schengen-vizesine-nasil-basvurulur\/\" \/>\n<meta property=\"og:site_name\" content=\"Schengen Visas\" \/>\n<meta property=\"article:modified_time\" content=\"2025-08-07T08:11:26+00:00\" \/>\n<meta property=\"og:image\" content=\"https:\/\/www.schengenvisas.com\/wp-content\/uploads\/2023\/03\/How-to-Apply-for-Hungary-Schengen-Visa-copy.webp\" \/>\n\t<meta property=\"og:image:width\" content=\"1280\" \/>\n\t<meta property=\"og:image:height\" content=\"800\" \/>\n\t<meta property=\"og:image:type\" content=\"image\/webp\" \/>\n<meta name=\"twitter:card\" content=\"summary_large_image\" \/>\n<meta name=\"twitter:label1\" content=\"Tahmini okuma s\u00fcresi\" \/>\n\t<meta name=\"twitter:data1\" content=\"9 dakika\" \/>\n<script type=\"application\/ld+json\" class=\"yoast-schema-graph\">{\"@context\":\"https:\/\/schema.org\",\"@graph\":[{\"@type\":\"WebPage\",\"@id\":\"https:\/\/www.schengenvisas.com\/tr\/macaristan-schengen-vizesine-nasil-basvurulur\/\",\"url\":\"https:\/\/www.schengenvisas.com\/tr\/macaristan-schengen-vizesine-nasil-basvurulur\/\",\"name\":\"Macaristan Schengen Vizesine Nas\u0131l Ba\u015fvurulur? | Macaristan Schengen Vizesi\",\"isPartOf\":{\"@id\":\"https:\/\/www.schengenvisas.com\/#website\"},\"primaryImageOfPage\":{\"@id\":\"https:\/\/www.schengenvisas.com\/tr\/macaristan-schengen-vizesine-nasil-basvurulur\/#primaryimage\"},\"image\":{\"@id\":\"https:\/\/www.schengenvisas.com\/tr\/macaristan-schengen-vizesine-nasil-basvurulur\/#primaryimage\"},\"thumbnailUrl\":\"https:\/\/www.schengenvisas.com\/wp-content\/uploads\/2023\/03\/How-to-Apply-for-Hungary-Schengen-Visa-copy.webp\",\"datePublished\":\"2020-01-27T09:05:08+00:00\",\"dateModified\":\"2025-08-07T08:11:26+00:00\",\"description\":\"Macaristan Schengen Vizesine Nas\u0131l Ba\u015fvurulur? | Macaristan Schengen Vize Kurallar\u0131, Vize \u00dccreti, Vize \u015eartlar\u0131 ve Uygunluk Kriterleri.\",\"breadcrumb\":{\"@id\":\"https:\/\/www.schengenvisas.com\/tr\/macaristan-schengen-vizesine-nasil-basvurulur\/#breadcrumb\"},\"inLanguage\":\"tr\",\"potentialAction\":[{\"@type\":\"ReadAction\",\"target\":[\"https:\/\/www.schengenvisas.com\/tr\/macaristan-schengen-vizesine-nasil-basvurulur\/\"]}]},{\"@type\":\"ImageObject\",\"inLanguage\":\"tr\",\"@id\":\"https:\/\/www.schengenvisas.com\/tr\/macaristan-schengen-vizesine-nasil-basvurulur\/#primaryimage\",\"url\":\"https:\/\/www.schengenvisas.com\/wp-content\/uploads\/2023\/03\/How-to-Apply-for-Hungary-Schengen-Visa-copy.webp\",\"contentUrl\":\"https:\/\/www.schengenvisas.com\/wp-content\/uploads\/2023\/03\/How-to-Apply-for-Hungary-Schengen-Visa-copy.webp\",\"width\":1280,\"height\":800,\"caption\":\"How to Apply for Hungary Schengen Visa\"},{\"@type\":\"BreadcrumbList\",\"@id\":\"https:\/\/www.schengenvisas.com\/tr\/macaristan-schengen-vizesine-nasil-basvurulur\/#breadcrumb\",\"itemListElement\":[{\"@type\":\"ListItem\",\"position\":1,\"name\":\"Home\",\"item\":\"https:\/\/www.schengenvisas.com\/\"},{\"@type\":\"ListItem\",\"position\":2,\"name\":\"Macaristan Schengen Vizesine Nas\u0131l Ba\u015fvurulur?\"}]},{\"@type\":\"WebSite\",\"@id\":\"https:\/\/www.schengenvisas.com\/#website\",\"url\":\"https:\/\/www.schengenvisas.com\/\",\"name\":\"Schengen Visas\",\"description\":\"Schengen Visa Application Services\",\"publisher\":{\"@id\":\"https:\/\/www.schengenvisas.com\/#organization\"},\"potentialAction\":[{\"@type\":\"SearchAction\",\"target\":{\"@type\":\"EntryPoint\",\"urlTemplate\":\"https:\/\/www.schengenvisas.com\/?s={search_term_string}\"},\"query-input\":{\"@type\":\"PropertyValueSpecification\",\"valueRequired\":true,\"valueName\":\"search_term_string\"}}],\"inLanguage\":\"tr\"},{\"@type\":\"Organization\",\"@id\":\"https:\/\/www.schengenvisas.com\/#organization\",\"name\":\"Schengen Visas\",\"url\":\"https:\/\/www.schengenvisas.com\/\",\"logo\":{\"@type\":\"ImageObject\",\"inLanguage\":\"tr\",\"@id\":\"https:\/\/www.schengenvisas.com\/#\/schema\/logo\/image\/\",\"url\":\"https:\/\/www.schengenvisas.com\/wp-content\/uploads\/2023\/03\/logo.svg\",\"contentUrl\":\"https:\/\/www.schengenvisas.com\/wp-content\/uploads\/2023\/03\/logo.svg\",\"width\":894,\"height\":123,\"caption\":\"Schengen Visas\"},\"image\":{\"@id\":\"https:\/\/www.schengenvisas.com\/#\/schema\/logo\/image\/\"}}]}<\/script>\n<!-- \/ Yoast SEO Premium plugin. -->","yoast_head_json":{"title":"Macaristan Schengen Vizesine Nas\u0131l Ba\u015fvurulur? | Macaristan Schengen Vizesi","description":"Macaristan Schengen Vizesine Nas\u0131l Ba\u015fvurulur? | Macaristan Schengen Vize Kurallar\u0131, Vize \u00dccreti, Vize \u015eartlar\u0131 ve Uygunluk Kriterleri.","robots":{"index":"index","follow":"follow","max-snippet":"max-snippet:-1","max-image-preview":"max-image-preview:large","max-video-preview":"max-video-preview:-1"},"canonical":"https:\/\/www.schengenvisas.com\/tr\/wp-json\/wp\/v2\/pages\/13906","og_locale":"tr_TR","og_type":"article","og_title":"Macaristan Schengen Vizesine Nas\u0131l Ba\u015fvurulur?","og_description":"Macaristan Schengen Vizesine Nas\u0131l Ba\u015fvurulur? | Macaristan Schengen Vize Kurallar\u0131, Vize \u00dccreti, Vize \u015eartlar\u0131 ve Uygunluk Kriterleri.","og_url":"https:\/\/www.schengenvisas.com\/tr\/macaristan-schengen-vizesine-nasil-basvurulur\/","og_site_name":"Schengen Visas","article_modified_time":"2025-08-07T08:11:26+00:00","og_image":[{"width":1280,"height":800,"url":"https:\/\/www.schengenvisas.com\/wp-content\/uploads\/2023\/03\/How-to-Apply-for-Hungary-Schengen-Visa-copy.webp","type":"image\/webp"}],"twitter_card":"summary_large_image","twitter_misc":{"Tahmini okuma s\u00fcresi":"9 dakika"},"schema":{"@context":"https:\/\/schema.org","@graph":[{"@type":"WebPage","@id":"https:\/\/www.schengenvisas.com\/tr\/macaristan-schengen-vizesine-nasil-basvurulur\/","url":"https:\/\/www.schengenvisas.com\/tr\/macaristan-schengen-vizesine-nasil-basvurulur\/","name":"Macaristan Schengen Vizesine Nas\u0131l Ba\u015fvurulur? | Macaristan Schengen Vizesi","isPartOf":{"@id":"https:\/\/www.schengenvisas.com\/#website"},"primaryImageOfPage":{"@id":"https:\/\/www.schengenvisas.com\/tr\/macaristan-schengen-vizesine-nasil-basvurulur\/#primaryimage"},"image":{"@id":"https:\/\/www.schengenvisas.com\/tr\/macaristan-schengen-vizesine-nasil-basvurulur\/#primaryimage"},"thumbnailUrl":"https:\/\/www.schengenvisas.com\/wp-content\/uploads\/2023\/03\/How-to-Apply-for-Hungary-Schengen-Visa-copy.webp","datePublished":"2020-01-27T09:05:08+00:00","dateModified":"2025-08-07T08:11:26+00:00","description":"Macaristan Schengen Vizesine Nas\u0131l Ba\u015fvurulur? | Macaristan Schengen Vize Kurallar\u0131, Vize \u00dccreti, Vize \u015eartlar\u0131 ve Uygunluk Kriterleri.","breadcrumb":{"@id":"https:\/\/www.schengenvisas.com\/tr\/macaristan-schengen-vizesine-nasil-basvurulur\/#breadcrumb"},"inLanguage":"tr","potentialAction":[{"@type":"ReadAction","target":["https:\/\/www.schengenvisas.com\/tr\/macaristan-schengen-vizesine-nasil-basvurulur\/"]}]},{"@type":"ImageObject","inLanguage":"tr","@id":"https:\/\/www.schengenvisas.com\/tr\/macaristan-schengen-vizesine-nasil-basvurulur\/#primaryimage","url":"https:\/\/www.schengenvisas.com\/wp-content\/uploads\/2023\/03\/How-to-Apply-for-Hungary-Schengen-Visa-copy.webp","contentUrl":"https:\/\/www.schengenvisas.com\/wp-content\/uploads\/2023\/03\/How-to-Apply-for-Hungary-Schengen-Visa-copy.webp","width":1280,"height":800,"caption":"How to Apply for Hungary Schengen Visa"},{"@type":"BreadcrumbList","@id":"https:\/\/www.schengenvisas.com\/tr\/macaristan-schengen-vizesine-nasil-basvurulur\/#breadcrumb","itemListElement":[{"@type":"ListItem","position":1,"name":"Home","item":"https:\/\/www.schengenvisas.com\/"},{"@type":"ListItem","position":2,"name":"Macaristan Schengen Vizesine Nas\u0131l Ba\u015fvurulur?"}]},{"@type":"WebSite","@id":"https:\/\/www.schengenvisas.com\/#website","url":"https:\/\/www.schengenvisas.com\/","name":"Schengen Visas","description":"Schengen Visa Application Services","publisher":{"@id":"https:\/\/www.schengenvisas.com\/#organization"},"potentialAction":[{"@type":"SearchAction","target":{"@type":"EntryPoint","urlTemplate":"https:\/\/www.schengenvisas.com\/?s={search_term_string}"},"query-input":{"@type":"PropertyValueSpecification","valueRequired":true,"valueName":"search_term_string"}}],"inLanguage":"tr"},{"@type":"Organization","@id":"https:\/\/www.schengenvisas.com\/#organization","name":"Schengen Visas","url":"https:\/\/www.schengenvisas.com\/","logo":{"@type":"ImageObject","inLanguage":"tr","@id":"https:\/\/www.schengenvisas.com\/#\/schema\/logo\/image\/","url":"https:\/\/www.schengenvisas.com\/wp-content\/uploads\/2023\/03\/logo.svg","contentUrl":"https:\/\/www.schengenvisas.com\/wp-content\/uploads\/2023\/03\/logo.svg","width":894,"height":123,"caption":"Schengen Visas"},"image":{"@id":"https:\/\/www.schengenvisas.com\/#\/schema\/logo\/image\/"}}]}},"_links":{"self":[{"href":"https:\/\/www.schengenvisas.com\/tr\/wp-json\/wp\/v2\/pages\/13906","targetHints":{"allow":["GET"]}}],"collection":[{"href":"https:\/\/www.schengenvisas.com\/tr\/wp-json\/wp\/v2\/pages"}],"about":[{"href":"https:\/\/www.schengenvisas.com\/tr\/wp-json\/wp\/v2\/types\/page"}],"author":[{"embeddable":true,"href":"https:\/\/www.schengenvisas.com\/tr\/wp-json\/wp\/v2\/users\/15"}],"replies":[{"embeddable":true,"href":"https:\/\/www.schengenvisas.com\/tr\/wp-json\/wp\/v2\/comments?post=13906"}],"version-history":[{"count":26,"href":"https:\/\/www.schengenvisas.com\/tr\/wp-json\/wp\/v2\/pages\/13906\/revisions"}],"predecessor-version":[{"id":30947,"href":"https:\/\/www.schengenvisas.com\/tr\/wp-json\/wp\/v2\/pages\/13906\/revisions\/30947"}],"wp:featuredmedia":[{"embeddable":true,"href":"https:\/\/www.schengenvisas.com\/tr\/wp-json\/wp\/v2\/media\/23918"}],"wp:attachment":[{"href":"https:\/\/www.schengenvisas.com\/tr\/wp-json\/wp\/v2\/media?parent=13906"}],"curies":[{"name":"wp","href":"https:\/\/api.w.org\/{rel}","templated":true}]}}