{"id":14206,"date":"2020-01-31T20:42:16","date_gmt":"2020-01-31T20:42:16","guid":{"rendered":"https:\/\/www.schengenvisas.com\/how-to-apply-for-a-slovakia-schengen-visa\/"},"modified":"2025-08-06T23:20:51","modified_gmt":"2025-08-06T19:20:51","slug":"slovakya-schengen-vizesine-nasil-basvurulur","status":"publish","type":"page","link":"https:\/\/www.schengenvisas.com\/tr\/slovakya-schengen-vizesine-nasil-basvurulur\/","title":{"rendered":"Slovakya Schengen Vizesine Nas\u0131l Ba\u015fvurulur?"},"content":{"rendered":"\t\t<div data-elementor-type=\"wp-page\" data-elementor-id=\"14206\" class=\"elementor elementor-14206 elementor-714\" data-elementor-post-type=\"page\">\n\t\t\t\t\t\t<section class=\"elementor-section elementor-top-section elementor-element elementor-element-ea11d51 elementor-section-boxed elementor-section-height-default elementor-section-height-default\" data-id=\"ea11d51\" data-element_type=\"section\">\n\t\t\t\t\t\t<div class=\"elementor-container elementor-column-gap-default\">\n\t\t\t\t\t<div class=\"elementor-column elementor-col-100 elementor-top-column elementor-element elementor-element-7d233e1e\" data-id=\"7d233e1e\" data-element_type=\"column\">\n\t\t\t<div class=\"elementor-widget-wrap elementor-element-populated\">\n\t\t\t\t\t\t<div class=\"elementor-element elementor-element-46d8d46 elementor-widget elementor-widget-table-of-contents\" data-id=\"46d8d46\" data-element_type=\"widget\" data-settings=\"{&quot;headings_by_tags&quot;:[&quot;h2&quot;],&quot;exclude_headings_by_selector&quot;:[],&quot;marker_view&quot;:&quot;bullets&quot;,&quot;no_headings_message&quot;:&quot;No headings were found on this page.&quot;,&quot;icon&quot;:{&quot;value&quot;:&quot;fas fa-circle&quot;,&quot;library&quot;:&quot;fa-solid&quot;},&quot;min_height&quot;:{&quot;unit&quot;:&quot;px&quot;,&quot;size&quot;:&quot;&quot;,&quot;sizes&quot;:[]},&quot;min_height_tablet&quot;:{&quot;unit&quot;:&quot;px&quot;,&quot;size&quot;:&quot;&quot;,&quot;sizes&quot;:[]},&quot;min_height_mobile&quot;:{&quot;unit&quot;:&quot;px&quot;,&quot;size&quot;:&quot;&quot;,&quot;sizes&quot;:[]}}\" data-widget_type=\"table-of-contents.default\">\n\t\t\t\t<div class=\"elementor-widget-container\">\n\t\t\t\t\t\t\t<div class=\"elementor-toc__header\">\n\t\t\t<h2 class=\"elementor-toc__header-title\">\n\t\t\t\t\u0130\u00e7indekiler\t\t\t<\/h2>\n\t\t\t\t\t<\/div>\n\t\t<div id=\"elementor-toc__46d8d46\" class=\"elementor-toc__body\">\n\t\t\t<div class=\"elementor-toc__spinner-container\">\n\t\t\t\t<i class=\"elementor-toc__spinner eicon-animation-spin eicon-loading\" aria-hidden=\"true\"><\/i>\t\t\t<\/div>\n\t\t<\/div>\n\t\t\t\t\t\t<\/div>\n\t\t\t\t<\/div>\n\t\t\t\t<div class=\"elementor-element elementor-element-24b9d009 elementor-widget elementor-widget-text-editor\" data-id=\"24b9d009\" data-element_type=\"widget\" data-widget_type=\"text-editor.default\">\n\t\t\t\t<div class=\"elementor-widget-container\">\n\t\t\t\t\t\t\t\t\t<h2>Slovakya&#8217;ya Genel Bak\u0131\u015f<\/h2>\nOrta\/Do\u011fu Avrupa&#8217;da karayla \u00e7evrili bir \u00fclke olan Slovakya&#8217;n\u0131n kuzey s\u0131n\u0131r\u0131nda Polonya ve \u00c7ek Cumhuriyeti, do\u011fu s\u0131n\u0131r\u0131nda Ukrayna, g\u00fcney s\u0131n\u0131r\u0131nda Macaristan ve bat\u0131 s\u0131n\u0131r\u0131nda Avusturya bulunur. 5,4 milyonluk n\u00fcfusu, \u00fclkenin tek resm\u00ee dili olan Slovak\u00e7ay\u0131 konu\u015fur.\n\nG\u00f6rece yeni bir \u00fclke olan ve s\u0131k s\u0131k Slovenya&#8217;yla kar\u0131\u015ft\u0131r\u0131lan bu \u00fclke, eski \u00c7ekoslovakya&#8217;dan ba\u011f\u0131ms\u0131zl\u0131\u011f\u0131n\u0131 1993 y\u0131l\u0131nda alm\u0131\u015ft\u0131r. G\u00fcn\u00fcm\u00fczde hem Viyana hem de Prag&#8217;dan yaln\u0131zca birka\u00e7 saat uzakl\u0131kta olan ba\u015fkenti Bratislava, pop\u00fcler kom\u015fular\u0131na k\u0131yasla daha az turist alan g\u00fczel bir turistik yer olarak son d\u00f6nemde kendini g\u00f6stermektedir. Tuna Nehri&#8217;nin k\u0131y\u0131s\u0131nda bulunan bu ba\u015fkent, canl\u0131 bir gece hayat\u0131n\u0131n yan\u0131 s\u0131ra, Tuna Nehri&#8217;ni yukar\u0131dan g\u00f6ren ve m\u00fcthi\u015f bir \u015fehir manzaras\u0131 olan Bratislava Kalesi gibi tarih\u00ee bir mimariye de sahiptir. Bratislava&#8217;ya gelen ziyaret\u00e7iler peynir ve patatesli doyurucu Slovak mutfa\u011f\u0131n\u0131n tad\u0131n\u0131 \u00e7\u0131karabilirler. Ba\u015fkentin d\u0131\u015f\u0131nda, ziyaret\u00e7ilerin gidebilece\u011fi bir di\u011fer yer de Avrupa&#8217;n\u0131n en g\u00fczel \u015fehirlerinden biri olan Vlkolinec&#8217;tir. Vlkolinec k\u0131tan\u0131n en b\u00fcy\u00fck geleneksel Orta Avrupa k\u00fct\u00fck kul\u00fcbe k\u00fcmesinin bulundu\u011fu yerdir ve Slovakya&#8217;daki yedi UNESCO D\u00fcnya Miras Alan\u0131&#8217;ndan bir tanesidir. Modernlik arayanlar i\u00e7in ailesi Slovakya&#8217;dan ABD&#8217;ye g\u00f6\u00e7m\u00fc\u015f Andy Warhol&#8217;un d\u00fcnyadaki en b\u00fcy\u00fck ikinci resim koleksiyonunun bulundu\u011fu Medzilaborce tavsiye edilir. \u015eelale ve g\u00f6llerle dolu bir da\u011f \u00fclkesi olan Slovakya&#8217;y\u0131 ziyaret eden turistler, Slovakya ile Polonya aras\u0131nda do\u011fal bir bariyer olu\u015fturan ve el de\u011fmemi\u015f tabiat\u0131yla birlikte m\u00fckemmel bir patika sunan Tatra Da\u011flar\u0131&#8217;na gidebilirler. K\u0131\u015f\u0131n Slovakya&#8217;n\u0131n g\u00fcnbeg\u00fcn geli\u015fmekte olan ve kom\u015fu Avusturya&#8217;n\u0131n pahal\u0131 say\u0131labilecek rampalar\u0131na ekonomik bir alternatif sunan kayak\u00e7\u0131l\u0131k end\u00fcstrisine de bir g\u00f6z at\u0131n deriz.\n\nSlovakya, Schengen Anla\u015fmas\u0131&#8217;n\u0131 2003 y\u0131l\u0131nda imzalam\u0131\u015f ve 2007 y\u0131l\u0131nda Schengen b\u00f6lgesinin bir par\u00e7as\u0131 olmu\u015ftur.\n<h2>Uygunluk<\/h2>\nSlovakya i\u00e7in Schengen vizesi uygunlu\u011fu, Slovakya\/Schengen b\u00f6lgesine vizesiz giri\u015fin d\u0131\u015f\u0131nda kalan ve bu sebeple Slovakya Schengen vizesine ba\u015fvurma hakk\u0131na sahip a\u015fa\u011f\u0131daki devletlerin \u00fc\u00e7\u00fcnc\u00fc \u00fclke vatanda\u015flar\u0131n\u0131 i\u00e7erir:\n<table width=\"100%\">\n<tbody>\n<tr>\n<td width=\"312\">1.\u00a0\u00a0\u00a0\u00a0\u00a0AFGAN\u0130STAN<\/td>\n<td width=\"312\">53.\u00a0\u00a0\u00a0LAOS<\/td>\n<\/tr>\n<tr>\n<td width=\"312\">2.\u00a0\u00a0\u00a0\u00a0\u00a0CEZAY\u0130R<\/td>\n<td width=\"312\">54.\u00a0\u00a0\u00a0L\u00dcBNAN<\/td>\n<\/tr>\n<tr>\n<td width=\"312\">3.\u00a0\u00a0\u00a0\u00a0\u00a0ANGOLA<\/td>\n<td width=\"312\">55.\u00a0\u00a0\u00a0LESOTHO<\/td>\n<\/tr>\n<tr>\n<td width=\"312\">4.\u00a0\u00a0\u00a0\u00a0\u00a0ERMEN\u0130STAN<\/td>\n<td width=\"312\">56.\u00a0\u00a0\u00a0L\u0130BERYA<\/td>\n<\/tr>\n<tr>\n<td width=\"312\">5.\u00a0\u00a0\u00a0\u00a0\u00a0AZERBAYCAN<\/td>\n<td width=\"312\">57.\u00a0\u00a0\u00a0L\u0130BYA<\/td>\n<\/tr>\n<tr>\n<td width=\"312\">6.\u00a0\u00a0\u00a0\u00a0\u00a0BAHREYN<\/td>\n<td width=\"312\">58.\u00a0\u00a0\u00a0MADAGASKAR<\/td>\n<\/tr>\n<tr>\n<td width=\"312\">7.\u00a0\u00a0\u00a0\u00a0\u00a0BANGLADE\u015e<\/td>\n<td width=\"312\">59.\u00a0\u00a0\u00a0MALAV\u0130<\/td>\n<\/tr>\n<tr>\n<td width=\"312\">8.\u00a0\u00a0\u00a0\u00a0\u00a0BELARUS<\/td>\n<td width=\"312\">60.\u00a0\u00a0\u00a0MALD\u0130VLER<\/td>\n<\/tr>\n<tr>\n<td width=\"312\">9.\u00a0\u00a0\u00a0\u00a0\u00a0BEL\u0130ZE<\/td>\n<td width=\"312\">61.\u00a0\u00a0\u00a0MALi<\/td>\n<\/tr>\n<tr>\n<td width=\"312\">10.\u00a0\u00a0\u00a0BEN\u0130N<\/td>\n<td width=\"312\">62.\u00a0\u00a0\u00a0MOR\u0130TANYA<\/td>\n<\/tr>\n<tr>\n<td width=\"312\">11.\u00a0\u00a0\u00a0BHUTAN<\/td>\n<td width=\"312\">63.\u00a0\u00a0\u00a0MO\u011eOL\u0130STAN<\/td>\n<\/tr>\n<tr>\n<td width=\"312\">12.\u00a0\u00a0\u00a0BOL\u0130VYA<\/td>\n<td width=\"312\">64.\u00a0\u00a0\u00a0FAS<\/td>\n<\/tr>\n<tr>\n<td width=\"312\">13.\u00a0\u00a0\u00a0BOTSVANA<\/td>\n<td width=\"312\">65.\u00a0\u00a0\u00a0MOZAMB\u0130K<\/td>\n<\/tr>\n<tr>\n<td width=\"312\">14.\u00a0\u00a0\u00a0BURK\u0130NA FASO<\/td>\n<td width=\"312\">66.\u00a0\u00a0\u00a0NAM\u0130BYA<\/td>\n<\/tr>\n<tr>\n<td width=\"312\">15.\u00a0\u00a0\u00a0BURMA\/MYANMAR<\/td>\n<td width=\"312\">67.\u00a0\u00a0\u00a0NAURU<\/td>\n<\/tr>\n<tr>\n<td width=\"312\">16.\u00a0\u00a0\u00a0BURUND\u0130<\/td>\n<td width=\"312\">68.\u00a0\u00a0\u00a0NEPAL<\/td>\n<\/tr>\n<tr>\n<td width=\"312\">17.\u00a0\u00a0\u00a0KAMBO\u00c7YA<\/td>\n<td width=\"312\">69.\u00a0\u00a0\u00a0N\u0130JER<\/td>\n<\/tr>\n<tr>\n<td width=\"312\">18.\u00a0\u00a0\u00a0KAMERUN<\/td>\n<td width=\"312\">70.\u00a0\u00a0\u00a0N\u0130JERYA<\/td>\n<\/tr>\n<tr>\n<td width=\"312\">19.\u00a0\u00a0\u00a0CAPE VERDE<\/td>\n<td width=\"312\">71.\u00a0\u00a0\u00a0KUZEY KORE<\/td>\n<\/tr>\n<tr>\n<td width=\"312\">20.\u00a0\u00a0\u00a0ORTA AFR\u0130KA CUMHUR\u0130YET\u0130<\/td>\n<td width=\"312\">72.\u00a0\u00a0\u00a0UMMAN<\/td>\n<\/tr>\n<tr>\n<td width=\"312\">21.\u00a0\u00a0\u00a0\u00c7AD<\/td>\n<td width=\"312\">73.\u00a0\u00a0\u00a0PAK\u0130STAN<\/td>\n<\/tr>\n<tr>\n<td width=\"312\">22.\u00a0\u00a0\u00a0\u00c7\u0130N<\/td>\n<td width=\"312\">74.\u00a0\u00a0\u00a0PAPUA YEN\u0130 G\u0130NE<\/td>\n<\/tr>\n<tr>\n<td width=\"312\">23.\u00a0\u00a0\u00a0KOMORLAR<\/td>\n<td width=\"312\">75.\u00a0\u00a0\u00a0F\u0130L\u0130P\u0130NLER<\/td>\n<\/tr>\n<tr>\n<td width=\"312\">24.\u00a0\u00a0\u00a0KONGO<\/td>\n<td width=\"312\">76.\u00a0\u00a0\u00a0KATAR<\/td>\n<\/tr>\n<tr>\n<td width=\"312\">25.\u00a0\u00a0\u00a0F\u0130LD\u0130\u015e\u0130 SAH\u0130L\u0130<\/td>\n<td width=\"312\">77.\u00a0\u00a0\u00a0RUSYA<\/td>\n<\/tr>\n<tr>\n<td width=\"312\">26.\u00a0\u00a0\u00a0K\u00dcBA<\/td>\n<td width=\"312\">78.\u00a0\u00a0\u00a0RUANDA<\/td>\n<\/tr>\n<tr>\n<td width=\"312\">27.\u00a0\u00a0\u00a0KONGO DEMOKRAT\u0130K CUMHUR\u0130YET\u0130<\/td>\n<td width=\"312\">79.\u00a0\u00a0\u00a0SAO TOME VE PR\u0130NC\u0130PE<\/td>\n<\/tr>\n<tr>\n<td width=\"312\">28.\u00a0\u00a0\u00a0C\u0130BUT\u0130<\/td>\n<td width=\"312\">80.\u00a0\u00a0\u00a0SUUD\u0130 ARAB\u0130STAN<\/td>\n<\/tr>\n<tr>\n<td width=\"312\">29.\u00a0\u00a0\u00a0DOM\u0130N\u0130K CUMHUR\u0130YET\u0130<\/td>\n<td width=\"312\">81.\u00a0\u00a0\u00a0SENEGAL<\/td>\n<\/tr>\n<tr>\n<td width=\"312\">30.\u00a0\u00a0\u00a0EKVATOR<\/td>\n<td width=\"312\">82.\u00a0\u00a0\u00a0S\u0130ERRA LEONE<\/td>\n<\/tr>\n<tr>\n<td width=\"312\">31.\u00a0\u00a0\u00a0MISIR<\/td>\n<td width=\"312\">83.\u00a0\u00a0\u00a0SOMAL\u0130<\/td>\n<\/tr>\n<tr>\n<td width=\"312\">32.\u00a0\u00a0\u00a0EKVATOR G\u0130NES\u0130<\/td>\n<td width=\"312\">84.\u00a0\u00a0\u00a0G\u00dcNEY AFR\u0130KA<\/td>\n<\/tr>\n<tr>\n<td width=\"312\">33.\u00a0\u00a0\u00a0ER\u0130TRE<\/td>\n<td width=\"312\">85.\u00a0\u00a0\u00a0G\u00dcNEY SUDAN<\/td>\n<\/tr>\n<tr>\n<td width=\"312\">34.\u00a0\u00a0\u00a0ET\u0130YOPYA<\/td>\n<td width=\"312\">86.\u00a0\u00a0\u00a0SR\u0130 LANKA<\/td>\n<\/tr>\n<tr>\n<td width=\"312\">35.\u00a0\u00a0\u00a0F\u0130J\u0130<\/td>\n<td width=\"312\">87.\u00a0\u00a0\u00a0SUDAN<\/td>\n<\/tr>\n<tr>\n<td width=\"312\">36.\u00a0\u00a0\u00a0GABON<\/td>\n<td width=\"312\">88.\u00a0\u00a0\u00a0SUR\u0130NAM<\/td>\n<\/tr>\n<tr>\n<td width=\"312\">37.\u00a0\u00a0\u00a0GAMB\u0130YA<\/td>\n<td width=\"312\">89.\u00a0\u00a0\u00a0ESVAT\u0130N\u0130<\/td>\n<\/tr>\n<tr>\n<td width=\"312\">38.\u00a0\u00a0\u00a0GANA<\/td>\n<td width=\"312\">90.\u00a0\u00a0\u00a0SUR\u0130YE<\/td>\n<\/tr>\n<tr>\n<td width=\"312\">39.\u00a0\u00a0\u00a0G\u0130NE<\/td>\n<td width=\"312\">91.\u00a0\u00a0\u00a0TAC\u0130K\u0130STAN<\/td>\n<\/tr>\n<tr>\n<td width=\"312\">40.\u00a0\u00a0\u00a0G\u0130NE-B\u0130SSAU<\/td>\n<td width=\"312\">92.\u00a0\u00a0\u00a0TANZANYA<\/td>\n<\/tr>\n<tr>\n<td width=\"312\">41.\u00a0\u00a0\u00a0GUYANA<\/td>\n<td width=\"312\">93.\u00a0\u00a0\u00a0TAYLAND<\/td>\n<\/tr>\n<tr>\n<td width=\"312\">42.\u00a0\u00a0\u00a0HA\u0130T\u0130<\/td>\n<td width=\"312\">94.\u00a0\u00a0\u00a0TOGO<\/td>\n<\/tr>\n<tr>\n<td width=\"312\">43.\u00a0\u00a0\u00a0H\u0130ND\u0130STAN<\/td>\n<td width=\"312\">95.\u00a0\u00a0\u00a0TUNUS<\/td>\n<\/tr>\n<tr>\n<td width=\"312\">44.\u00a0\u00a0\u00a0ENDONEZYA<\/td>\n<td width=\"312\">96.\u00a0\u00a0\u00a0T\u00dcRK\u0130YE<\/td>\n<\/tr>\n<tr>\n<td width=\"312\">45.\u00a0\u00a0\u00a0\u0130RAN<\/td>\n<td width=\"312\">97.\u00a0\u00a0\u00a0T\u00dcRKMEN\u0130STAN<\/td>\n<\/tr>\n<tr>\n<td width=\"312\">46.\u00a0\u00a0\u00a0IRAK<\/td>\n<td width=\"312\">98.\u00a0\u00a0\u00a0UGANDA<\/td>\n<\/tr>\n<tr>\n<td width=\"312\">47.\u00a0\u00a0\u00a0JAMA\u0130KA<\/td>\n<td width=\"312\">99.\u00a0\u00a0\u00a0\u00d6ZBEK\u0130STAN<\/td>\n<\/tr>\n<tr>\n<td width=\"312\">48.\u00a0\u00a0\u00a0\u00dcRD\u00dcN<\/td>\n<td width=\"312\">100.V\u0130ETNAM<\/td>\n<\/tr>\n<tr>\n<td width=\"312\">49.\u00a0\u00a0\u00a0KAZAK\u0130STAN<\/td>\n<td width=\"312\">101.YEMEN<\/td>\n<\/tr>\n<tr>\n<td width=\"312\">50.\u00a0\u00a0\u00a0KENYA<\/td>\n<td width=\"312\">102.ZAMB\u0130YA<\/td>\n<\/tr>\n<tr>\n<td width=\"312\">51.\u00a0\u00a0\u00a0KUVEYT<\/td>\n<td width=\"312\">103.Z\u0130MBABVE<\/td>\n<\/tr>\n<tr>\n<td width=\"312\">52.\u00a0\u00a0\u00a0KIRGIZ\u0130STAN<\/td>\n<td width=\"312\"><\/td>\n<\/tr>\n<\/tbody>\n<\/table>\nA\u015fa\u011f\u0131daki kurulu\u015f\/b\u00f6lgelere ait \u00fc\u00e7\u00fcnc\u00fc taraf vatanda\u015flar\u0131n da Schengen vizesine ba\u015fvurmalar\u0131 gerekir: <strong>KOSOVA <\/strong>ve <strong>F\u0130L\u0130ST\u0130N <\/strong><strong>Y\u00d6NET\u0130M<\/strong><strong>\u0130<\/strong>.\n<h2>Gerekli Belgeler<\/h2>\nSlovak\u00e7a ve \u0130ngilizcenin yan\u0131 s\u0131ra, Slovakya i\u00e7in standart ba\u015fvuru formlar\u0131n\u0131n bir\u00e7o\u011fu ba\u015fka dillerde de bulunabilir. Ancak e\u011fer ba\u015fvurunuzda ba\u015fka bir dilde yaz\u0131lm\u0131\u015f ek materyaller varsa, muhtemelen Slovak\u00e7a ya da \u0130ngilizceye resm\u00ee \u00e7evirilerini koyman\u0131z gerekecektir.\n\nSlovakya Schengen vizesi i\u00e7in gerekli olan belgelerin tamam\u0131 b\u00fcy\u00fck harflerle doldurulmal\u0131d\u0131r. Slovakya i\u00e7in yap\u0131lan t\u00fcm Schengen vizesi ba\u015fvurular\u0131 a\u015fa\u011f\u0131daki<a href=\"https:\/\/www.schengenvisas.com\/tr\/schengen-vizesi-basvuru-sartlari\/\"><strong> <u>Gerekli Temel Belgeleri<\/u> <\/strong><\/a>i\u00e7erir:\n<ul>\n \t<li><strong>Ge\u00e7erli pasaport <\/strong><\/li>\n \t<li><strong>Pasaport boyutunda foto\u011fraf<\/strong><\/li>\n \t<li><a href=\"https:\/\/www.schengenvisas.com\/tr\/schengen-vize-basvuru-formunu-indir\/\"><strong>Ba\u015fvuru formu<\/strong><\/a><\/li>\n \t<li><strong>Parmak izi (biyometrik veri) <\/strong><\/li>\n \t<li><strong>Seyahat sa\u011fl\u0131k sigortas\u0131<\/strong><\/li>\n \t<li><a href=\"https:\/\/www.schengenvisas.com\/tr\/schengen-vize-ucretleri\/\"><strong>Vize \u00dccreti<\/strong><\/a><\/li>\n \t<li><strong>Seyahatinize ili\u015fkin materyaller:<\/strong>\n<ul>\n \t<li>Seyahat nedeni<\/li>\n \t<li>Nerede kalaca\u011f\u0131n\u0131z (konaklama)<\/li>\n \t<li>Seyahatinizin para kayna\u011f\u0131 (mali durum)<\/li>\n \t<li>Vizeniz ge\u00e7ersiz olmadan\/s\u00fcresi bitmeden \u00f6nce Slovakya&#8217;y\u0131 terk edece\u011finizin ispat\u0131. Bu genelde paras\u0131 \u00f6denmi\u015f gidi\u015f geli\u015f u\u00e7ak bileti \u015feklindedir<strong> (d\u00f6n\u00fc\u015f ispat\u0131). <\/strong><\/li>\n<\/ul>\n<\/li>\n<\/ul>\n<strong><em><u>Not:<\/u><\/em><\/strong><em> Gerekli materyallerin detayl\u0131 a\u00e7\u0131klamalar\u0131 d\u00e2hil olmak \u00fczere, ba\u015fvurunuzda nelerin olmas\u0131 gerekti\u011fi hakk\u0131nda daha fazla bilgi i\u00e7in l\u00fctfen<span style=\"text-decoration: underline;\"><a href=\"https:\/\/www.schengenvisas.com\/tr\/schengen-vizesi-basvuru-sartlari\/\"><strong> Gerekli Temel Bilgiler<\/strong><\/a><\/span> k\u0131sm\u0131na gidin. <\/em><em>Seyahatiniz i\u00e7in Slovaky<\/em><em>a <\/em><em>Schengen vizesi <\/em><em>alma<\/em> <span style=\"text-decoration: underline;\"><a href=\"https:\/\/www.schengenvisas.com\/tr\/schengen-vize-turleri-gecerlilik\/\"><strong><em>amac\u0131n\u0131za <\/em><\/strong><\/a><\/span><em>dair ek belgeler sunman\u0131z gerekebilece\u011fini unutmay\u0131n<\/em><em>.<\/em>\n\n<h2>\u00dccretler<\/h2>\nYeti\u015fkinler i\u00e7in Slovakya Schengen vizesinin standart fiyat\u0131 80 avrodur. Ba\u015fvuran baz\u0131 ki\u015filer (\u00e7o\u011fu \u00f6\u011frenciler, 6 ya\u015f alt\u0131 \u00e7ocuklar) her t\u00fcrl\u00fc vize \u00fccretinden muaft\u0131r. Slovakya i\u00e7in Schengen vizesi alaca\u011f\u0131n\u0131z zaman, vize ba\u015fvurunuzla birlikte b\u00fcy\u00fck ihtimalle bir hizmet \u00fccreti \u00f6demeniz gerekecektir. Bu \u00fccret, vize \u00fccretinden farkl\u0131d\u0131r. L\u00fctfen vize reddi durumunda bu \u00fccretlerin iade edilemeyece\u011fini unutmay\u0131n.\t\t\t\t\t\t\t\t<\/div>\n\t\t\t\t<\/div>\n\t\t\t\t<div class=\"elementor-element elementor-element-0fd6117 elementor-widget elementor-widget-image\" data-id=\"0fd6117\" data-element_type=\"widget\" data-widget_type=\"image.default\">\n\t\t\t\t<div class=\"elementor-widget-container\">\n\t\t\t\t\t\t\t\t\t\t\t\t\t\t\t<img decoding=\"async\" src=\"https:\/\/www.schengenvisas.com\/wp-content\/uploads\/elementor\/thumbs\/Slovakiavisa-Schengen-Visa-copy-q3w8ep0hly76w3jpygg7djkzso6gt5bnfwoxp31z5s.webp\" title=\"Slovakiavisa Schengen Visa\" alt=\"Slovakiavisa Schengen Visa\" loading=\"lazy\" \/>\t\t\t\t\t\t\t\t\t\t\t\t\t\t\t<\/div>\n\t\t\t\t<\/div>\n\t\t\t\t<div class=\"elementor-element elementor-element-c5702d6 elementor-widget elementor-widget-text-editor\" data-id=\"c5702d6\" data-element_type=\"widget\" data-widget_type=\"text-editor.default\">\n\t\t\t\t<div class=\"elementor-widget-container\">\n\t\t\t\t\t\t\t\t\t<h2>Nas\u0131l Ba\u015fvurulur: Ad\u0131mlar<\/h2><ul><li><strong><u>1. Ad\u0131m:<\/u> <\/strong>Slovakya&#8217;y\u0131 seyahat etme <span style=\"text-decoration: underline;\"><a href=\"https:\/\/www.schengenvisas.com\/tr\/schengen-vize-turleri-gecerlilik\/\"><strong>Amac\u0131n\u0131z\u0131 <\/strong><\/a><\/span>belirleyin. Bu i\u015flem, hangi vize <span style=\"text-decoration: underline;\"><a href=\"https:\/\/www.schengenvisas.com\/tr\/schengen-vize-turleri-gecerlilik\/\"><strong>T\u00fcr\u00fc <\/strong><\/a><\/span>i\u00e7in ba\u015fvuru yapman\u0131z gerekti\u011fi konusunda belirleyici olacakt\u0131r.<\/li><li><strong><u>2. Ad\u0131m:<\/u> <\/strong>Slovakya\/Schengen b\u00f6lgesi i\u00e7in ka\u00e7 adet <strong>Giri\u015f <\/strong>yapman\u0131z gerekece\u011fini belirleyin.<\/li><li><strong><u>3. Ad\u0131m:<\/u> <\/strong>Ba\u015fvuru i\u00e7in <strong>Gerekli Belgeleri <\/strong>toplay\u0131n.<\/li><li><strong><u>4. Ad\u0131m:<\/u> <\/strong><strong>Slovakya Schengen vizesi i\u00e7in randevu al\u0131n <\/strong>(e\u011fer uygunsa).<ul><li>Ba\u015fvuru yapaca\u011f\u0131n\u0131z konsolosluk ya da vize ba\u015fvuru merkezinin konumuna g\u00f6re, ba\u015fvurunuzu teslim etmeniz i\u00e7in randevu alman\u0131z gerekebilir. Alternatif olarak, normal \u00e7al\u0131\u015fma saatleri s\u0131ras\u0131nda gitti\u011finiz s\u00fcrece, ba\u015fvuru belgelerinizi randevu olmadan da teslim etme ihtimaliniz olabilir. Ba\u015fvurunuzu yaparken randevu alman\u0131n gerekli olup olmad\u0131\u011f\u0131n\u0131 \u00f6\u011frenmek i\u00e7in do\u011frudan Slovakya Konsoloslu\u011fu ya da vize ba\u015fvuru merkezi ile ileti\u015fime ge\u00e7meniz \u00f6nerilir.<\/li><\/ul><\/li><li><strong><u>5. Ad\u0131m:<\/u> <\/strong><strong><span style=\"text-decoration: underline;\"><a href=\"https:\/\/www.schengenvisas.com\/tr\/schengen-vize-basvuru-formunu-indir\/\">Ba\u015fvuru formunuzu<\/a><\/span> doldurun<\/strong>.<ul><li>Her Slovakya Konsoloslu\u011fu ya da vize ba\u015fvuru merkezi, ba\u015fvurulara ula\u015fman\u0131z i\u00e7in farkl\u0131 y\u00f6ntemler sunar. Ba\u015fvurdu\u011funuz yere g\u00f6re, ba\u015fvurunuzu online olarak Slovakya Electronic Visa Request \u00fczerinden yapman\u0131z gerekebilir. Online portala<span style=\"text-decoration: underline;\"><a href=\"https:\/\/ezov.mzv.sk\/e-zov\/\"><strong> buradan<\/strong><\/a><\/span> ula\u015f\u0131n. Gerekli bilgileri doldurdu\u011funuzda ba\u015fvuru formu e-postan\u0131za g\u00f6nderilecektir. Daha sonra ba\u015fvurunun \u00e7\u0131kt\u0131s\u0131n\u0131 alabilirsiniz.<\/li><li>Alternatif olarak, Slovakya Schengen vize ba\u015fvuru formuna <span style=\"text-decoration: underline;\"><a href=\"https:\/\/www.mzv.sk\/cestovanie_a_konzularne_info\/cestovne_doklady_a_viza-vizove_formulare\"><strong>buradan <\/strong><\/a><\/span>online olarak eri\u015febilirsiniz. Formu doldurduktan sonra \u00e7\u0131kt\u0131s\u0131n\u0131 al\u0131n ve imzalay\u0131n. Bu n\u00fcshay\u0131, ba\u015fvuru yapaca\u011f\u0131n\u0131z Slovakya Konsoloslu\u011funa vereceksiniz.<\/li><\/ul><\/li><li><strong><u>6. Ad\u0131m:<\/u><\/strong><strong><span style=\"text-decoration: underline;\"><a href=\"https:\/\/www.schengenvisas.com\/tr\/schengen-vize-ucretleri\/\"> Ba\u015fvuru \u00fccretini<\/a> <\/span>\u00f6deyin<\/strong>.<\/li><li><strong><u>7. Ad\u0131m:<\/u> <\/strong><u><\/u><strong>Slovakya Schengen vize ba\u015fvurunuzu g\u00f6nderin<\/strong> (seyahatten en az 15 g\u00fcn \u00f6nce ama 6 ay\u0131 ge\u00e7meyecek \u015fekilde).<ul><li>Her Slovakya Konsoloslu\u011fu ya da i\u015flem merkezinin, ba\u015fvurular i\u00e7in farkl\u0131 prosed\u00fcrleri vard\u0131r. Ba\u015fvuru formunuzu vermek i\u00e7in ba\u015fvuru yapaca\u011f\u0131n\u0131z konsoloslu\u011fa ya da merkeze bizzat gitmeniz gerekir (baz\u0131 nadir durumlarda bizzat gitme zorunlulu\u011fu kald\u0131r\u0131labilir). \u00c7ocuklar\u0131n ba\u015fvurular\u0131, \u00e7ocu\u011fun ebeveyni ya da yasal vasisi taraf\u0131ndan bizzat yap\u0131lmal\u0131d\u0131r.<\/li><li>Ba\u015fvurunuzu yapt\u0131\u011f\u0131n\u0131zda, b\u00fcy\u00fck ihtimalle biyometrik veriniz (parmak izi) istenecektir. 12 ya\u015f\u0131ndan k\u00fc\u00e7\u00fck \u00e7ocuklar \u00e7o\u011fu zaman parmak izi verme i\u015fleminden muaft\u0131r. Ancak ya\u015f fark etmeksizin herkesten y\u00fcz foto\u011fraf\u0131 al\u0131n\u0131r.<\/li><li>Ba\u015fvurunuzu yapt\u0131ktan sonra, seyahatinize ili\u015fkin daha fazla bilgi\/materyal sunman\u0131z i\u00e7in ileriki bir tarihte tekrar g\u00f6r\u00fc\u015fmeye \u00e7a\u011fr\u0131labilece\u011finizi unutmay\u0131n.<\/li><\/ul><\/li><\/ul><h2>Ne Zaman Ba\u015fvurulur<\/h2><p>Ba\u015fvurunuzu seyahat edece\u011finiz g\u00fcnden en az 15 g\u00fcn \u00f6nce, gitmeden ise en erken 6 ay \u00f6nce yap\u0131n\u0131z.<\/p><h2>Nereye Ba\u015fvurulur<\/h2><p>Slovakya Schengen ba\u015fvurular\u0131 ya Slovakya Konsoloslu\u011funa\/El\u00e7ili\u011fine ya da Slovakya&#8217;yla ili\u015fkisi olan bir vize ba\u015fvuru merkezine yap\u0131lmal\u0131d\u0131r.<\/p><p>Ba\u015fvurunuzu yasal olarak ikamet etti\u011finiz ya da oturma izninizin oldu\u011fu bir \u00fclkeden yapman\u0131z tercih edilir.<\/p><p>Ba\u015fvurunuzu \u015fu anda yasal olarak bulundu\u011funuz ama yasal olarak ikamet etmedi\u011finiz bir \u00fclkenin konsolosluk ya da vize ba\u015fvuru merkezinden yapmak zorundaysan\u0131z, bunun i\u00e7in hem ge\u00e7erli bir sebebinizin hem de ba\u015fvurunuzu i\u015fleme koyacak konsoloslu\u011fun izninin olmas\u0131 gerekir.<\/p><p>Slovakya&#8217;n\u0131n konsoloslu\u011funun bulunmad\u0131\u011f\u0131 \u00fclkelerde, ba\u015fvurular Slovakya&#8217;n\u0131n konsoloslu\u011fa ait menfaatlerini temsil eden bir Schengen \u00fclkesinin konsoloslu\u011fundan yap\u0131labilir.<\/p><h2>\u0130\u015flem S\u00fcresi<\/h2><p>Slovakya Schengen vizesinin standart i\u015flem s\u00fcresi 15 g\u00fcn olmakla beraber, baz\u0131 durumlarda bu s\u00fcre 60 g\u00fcne kadar \u00e7\u0131kabilir.<\/p><h3>Vizeniz onaylanm\u0131\u015fsa:<\/h3><p>Vizenizi al\u0131n ve \u00fczerindeki bilgilerin tam ve ge\u00e7erli oldu\u011fundan emin olun<\/p><h3>Vizeniz reddedilmi\u015fse:<\/h3><p>Slovakya Schengen vizesi i\u00e7in ba\u015fvurunuz reddedilmi\u015fse, ret mektubunu ald\u0131ktan sonraki 15 g\u00fcn i\u00e7inde bu karara itiraz etme hakk\u0131n\u0131z vard\u0131r.<\/p><p>Bu i\u015fleme, vize talebinizin neden reddedildi\u011fini ve itiraz s\u00fcrecinin ayr\u0131nt\u0131lar\u0131n\u0131 a\u00e7\u0131klayan standart vize ret formunu alarak ba\u015flay\u0131n.<\/p><p>\u0130tiraz\u0131n\u0131z Slovak\u00e7a yaz\u0131lmal\u0131 ya da resm\u00ee bir Slovak\u00e7a \u00e7evirisi olmal\u0131d\u0131r ve itiraz\u0131n\u0131zda ret karar\u0131n\u0131n neden usuls\u00fcz\/ge\u00e7ersiz oldu\u011funu d\u00fc\u015f\u00fcnd\u00fc\u011f\u00fcn\u00fcz\u00fc a\u00e7\u0131klaman\u0131z gerekir.<\/p><p>\u0130tiraz, ilk ret karar\u0131n\u0131 \u00e7\u0131karm\u0131\u015f konsoloslu\u011fa teslim edilmelidir.<\/p><p>\u0130tiraz\u0131n ba\u015far\u0131l\u0131 olmas\u0131 durumunda size iade edilecek 30 avroluk bir itiraz \u00fccreti \u00f6demeniz gerekecektir. E\u011fer itiran\u0131z\u0131n reddedilirse paran\u0131z iade edilmez. \u00dccreti \u00f6dememeniz h\u00e2linde, \u00fccret \u00f6denene kadar itiraz s\u00fcreci ask\u0131ya al\u0131n\u0131r.<\/p><h3>Nihayet Slovakya i\u00e7in Schengen vizenizi ald\u0131\u011f\u0131n\u0131zda, l\u00fctfen \u015funlara dikkat edin:<\/h3><p>Ba\u015fvurunuzu yapt\u0131ktan sonra seyahat program\u0131n\u0131zda meydana gelen de\u011fi\u015fiklikleri Slovakya Konsoloslu\u011funa\/vize ba\u015fvuru merkezine bildirmezseniz, vizeniz feshedilebilir.<\/p><p>Schengen vizenizin onaylanmas\u0131, Slovakya ya da genel Schengen b\u00f6lgesine her h\u00e2l\u00fckarda giri\u015f yapabilece\u011finiz anlam\u0131na gelmez. Vard\u0131\u011f\u0131n\u0131zda her iki yere de giri\u015finiz reddedilebilir.<\/p><p>Slovakya\/Schengen b\u00f6lgesine giri\u015f yapmak i\u00e7in mali durumunuz ya da konaklama bilgilerinize ili\u015fkin ek belgeler g\u00f6stermeniz gerekebilir.<\/p>\t\t\t\t\t\t\t\t<\/div>\n\t\t\t\t<\/div>\n\t\t\t\t\t<\/div>\n\t\t<\/div>\n\t\t\t\t\t<\/div>\n\t\t<\/section>\n\t\t<div class=\"elementor-element elementor-element-6aab3df e-flex e-con-boxed e-con e-parent\" data-id=\"6aab3df\" data-element_type=\"container\" data-settings=\"{&quot;background_background&quot;:&quot;classic&quot;}\">\n\t\t\t\t\t<div class=\"e-con-inner\">\n\t\t<div class=\"elementor-element elementor-element-4adf876 container e-flex e-con-boxed e-con e-child\" data-id=\"4adf876\" data-element_type=\"container\">\n\t\t\t\t\t<div class=\"e-con-inner\">\n\t\t\t\t<div class=\"elementor-element elementor-element-3270b00c title elementor-widget elementor-widget-heading\" data-id=\"3270b00c\" data-element_type=\"widget\" data-widget_type=\"heading.default\">\n\t\t\t\t<div class=\"elementor-widget-container\">\n\t\t\t\t\t<h2 class=\"elementor-heading-title elementor-size-default\">Son Haber ve Makeleler<\/h2>\t\t\t\t<\/div>\n\t\t\t\t<\/div>\n\t\t\t\t<div class=\"elementor-element elementor-element-17f3de67 elementor-grid-2 elementor-grid-tablet-2 elementor-grid-mobile-1 elementor-posts--thumbnail-top elementor-widget elementor-widget-posts\" data-id=\"17f3de67\" data-element_type=\"widget\" data-settings=\"{&quot;classic_columns&quot;:&quot;2&quot;,&quot;classic_columns_tablet&quot;:&quot;2&quot;,&quot;classic_columns_mobile&quot;:&quot;1&quot;,&quot;classic_row_gap&quot;:{&quot;unit&quot;:&quot;px&quot;,&quot;size&quot;:35,&quot;sizes&quot;:[]},&quot;classic_row_gap_tablet&quot;:{&quot;unit&quot;:&quot;px&quot;,&quot;size&quot;:&quot;&quot;,&quot;sizes&quot;:[]},&quot;classic_row_gap_mobile&quot;:{&quot;unit&quot;:&quot;px&quot;,&quot;size&quot;:&quot;&quot;,&quot;sizes&quot;:[]}}\" data-widget_type=\"posts.classic\">\n\t\t\t\t<div class=\"elementor-widget-container\">\n\t\t\t\t\t\t\t<div class=\"elementor-posts-container elementor-posts elementor-posts--skin-classic elementor-grid\">\n\t\t\t\t<article class=\"elementor-post elementor-grid-item post-19152 schengenvisas_news type-schengenvisas_news status-publish has-post-thumbnail hentry entry\">\n\t\t\t\t<a class=\"elementor-post__thumbnail__link\" href=\"https:\/\/www.schengenvisas.com\/tr\/news\/etias-in-cikisi-mayis-2023-e-ertelendi\/\" tabindex=\"-1\" >\n\t\t\t<div class=\"elementor-post__thumbnail\"><img fetchpriority=\"high\" decoding=\"async\" width=\"300\" height=\"200\" src=\"https:\/\/www.schengenvisas.com\/wp-content\/uploads\/2022\/07\/ETIASin-Cikisi-Mayis-2023e-Ertelendi-300x200.jpg\" class=\"attachment-medium size-medium wp-image-19150\" alt=\"ETIAS\u2019\u0131n \u00c7\u0131k\u0131\u015f\u0131 May\u0131s 2023\u2019e Ertelendi\" srcset=\"https:\/\/www.schengenvisas.com\/wp-content\/uploads\/2022\/07\/ETIASin-Cikisi-Mayis-2023e-Ertelendi-300x200.jpg 300w, https:\/\/www.schengenvisas.com\/wp-content\/uploads\/2022\/07\/ETIASin-Cikisi-Mayis-2023e-Ertelendi-768x512.jpg 768w, https:\/\/www.schengenvisas.com\/wp-content\/uploads\/2022\/07\/ETIASin-Cikisi-Mayis-2023e-Ertelendi.jpg 1000w\" sizes=\"(max-width: 300px) 100vw, 300px\" \/><\/div>\n\t\t<\/a>\n\t\t\t\t<div class=\"elementor-post__text\">\n\t\t\t\t<h3 class=\"elementor-post__title\">\n\t\t\t<a href=\"https:\/\/www.schengenvisas.com\/tr\/news\/etias-in-cikisi-mayis-2023-e-ertelendi\/\" >\n\t\t\t\tETIAS\u2019\u0131n \u00c7\u0131k\u0131\u015f\u0131 May\u0131s 2023\u2019e Ertelendi\t\t\t<\/a>\n\t\t<\/h3>\n\t\t\t\t<div class=\"elementor-post__meta-data\">\n\t\t\t\t\t<span class=\"elementor-post-date\">\n\t\t\t14\/07\/2022\t\t<\/span>\n\t\t\t\t<\/div>\n\t\t\n\t\t<a class=\"elementor-post__read-more\" href=\"https:\/\/www.schengenvisas.com\/tr\/news\/etias-in-cikisi-mayis-2023-e-ertelendi\/\" aria-label=\"Read more about ETIAS\u2019\u0131n \u00c7\u0131k\u0131\u015f\u0131 May\u0131s 2023\u2019e Ertelendi\" tabindex=\"-1\" >\n\t\t\tDevam\u0131n\u0131 Oku \u00bb\t\t<\/a>\n\n\t\t\t\t<\/div>\n\t\t\t\t<\/article>\n\t\t\t\t<article class=\"elementor-post elementor-grid-item post-14382 schengenvisas_news type-schengenvisas_news status-publish has-post-thumbnail hentry entry\">\n\t\t\t\t<a class=\"elementor-post__thumbnail__link\" href=\"https:\/\/www.schengenvisas.com\/tr\/news\/avrupa-yabanci-turistlere-aciliyor\/\" tabindex=\"-1\" >\n\t\t\t<div class=\"elementor-post__thumbnail\"><img decoding=\"async\" width=\"300\" height=\"201\" src=\"https:\/\/www.schengenvisas.com\/wp-content\/uploads\/2021\/06\/Avrupa-yabanci-turistlere-aciliyor-300x201.jpg\" class=\"attachment-medium size-medium wp-image-14844\" alt=\"Avrupa yabanc\u0131 turistlere a\u00e7\u0131l\u0131yor\" srcset=\"https:\/\/www.schengenvisas.com\/wp-content\/uploads\/2021\/06\/Avrupa-yabanci-turistlere-aciliyor-300x201.jpg 300w, https:\/\/www.schengenvisas.com\/wp-content\/uploads\/2021\/06\/Avrupa-yabanci-turistlere-aciliyor-768x514.jpg 768w, https:\/\/www.schengenvisas.com\/wp-content\/uploads\/2021\/06\/Avrupa-yabanci-turistlere-aciliyor.jpg 1000w\" sizes=\"(max-width: 300px) 100vw, 300px\" \/><\/div>\n\t\t<\/a>\n\t\t\t\t<div class=\"elementor-post__text\">\n\t\t\t\t<h3 class=\"elementor-post__title\">\n\t\t\t<a href=\"https:\/\/www.schengenvisas.com\/tr\/news\/avrupa-yabanci-turistlere-aciliyor\/\" >\n\t\t\t\tAvrupa yabanc\u0131 turistlere a\u00e7\u0131l\u0131yor\t\t\t<\/a>\n\t\t<\/h3>\n\t\t\t\t<div class=\"elementor-post__meta-data\">\n\t\t\t\t\t<span class=\"elementor-post-date\">\n\t\t\t18\/06\/2021\t\t<\/span>\n\t\t\t\t<\/div>\n\t\t\n\t\t<a class=\"elementor-post__read-more\" href=\"https:\/\/www.schengenvisas.com\/tr\/news\/avrupa-yabanci-turistlere-aciliyor\/\" aria-label=\"Read more about Avrupa yabanc\u0131 turistlere a\u00e7\u0131l\u0131yor\" tabindex=\"-1\" >\n\t\t\tDevam\u0131n\u0131 Oku \u00bb\t\t<\/a>\n\n\t\t\t\t<\/div>\n\t\t\t\t<\/article>\n\t\t\t\t<\/div>\n\t\t\n\t\t\t\t\t\t<\/div>\n\t\t\t\t<\/div>\n\t\t\t\t\t<\/div>\n\t\t\t\t<\/div>\n\t\t\t\t\t<\/div>\n\t\t\t\t<\/div>\n\t\t\t\t<\/div>\n\t\t","protected":false},"excerpt":{"rendered":"<p>\u0130\u00e7indekiler Slovakya&#8217;ya Genel Bak\u0131\u015f Orta\/Do\u011fu Avrupa&#8217;da karayla \u00e7evrili bir \u00fclke olan Slovakya&#8217;n\u0131n kuzey s\u0131n\u0131r\u0131nda Polonya<\/p>\n","protected":false},"author":15,"featured_media":24029,"parent":0,"menu_order":0,"comment_status":"closed","ping_status":"closed","template":"","meta":{"_acf_changed":false,"inline_featured_image":false,"footnotes":""},"class_list":["post-14206","page","type-page","status-publish","has-post-thumbnail","hentry","entry"],"acf":[],"yoast_head":"<!-- This site is optimized with the Yoast SEO Premium plugin v24.1 (Yoast SEO v24.1) - https:\/\/yoast.com\/wordpress\/plugins\/seo\/ -->\n<title>Slovakya Schengen Vizesine Nas\u0131l Ba\u015fvurulur? | Slovakya Schengen Vizesi<\/title>\n<meta name=\"description\" content=\"Slovakya Schengen Vizesine Nas\u0131l Ba\u015fvurulur? | Slovakya Schengen Vize Kurallar\u0131, Vize \u00dccreti, Vize \u015eartlar\u0131 ve Uygunluk Kriterleri.\" \/>\n<meta name=\"robots\" content=\"index, follow, max-snippet:-1, max-image-preview:large, max-video-preview:-1\" \/>\n<link rel=\"canonical\" href=\"https:\/\/www.schengenvisas.com\/tr\/wp-json\/wp\/v2\/pages\/14206\" \/>\n<meta property=\"og:locale\" content=\"tr_TR\" \/>\n<meta property=\"og:type\" content=\"article\" \/>\n<meta property=\"og:title\" content=\"Slovakya Schengen Vizesine Nas\u0131l Ba\u015fvurulur?\" \/>\n<meta property=\"og:description\" content=\"Slovakya Schengen Vizesine Nas\u0131l Ba\u015fvurulur? | Slovakya Schengen Vize Kurallar\u0131, Vize \u00dccreti, Vize \u015eartlar\u0131 ve Uygunluk Kriterleri.\" \/>\n<meta property=\"og:url\" content=\"https:\/\/www.schengenvisas.com\/tr\/slovakya-schengen-vizesine-nasil-basvurulur\/\" \/>\n<meta property=\"og:site_name\" content=\"Schengen Visas\" \/>\n<meta property=\"article:modified_time\" content=\"2025-08-06T19:20:51+00:00\" \/>\n<meta property=\"og:image\" content=\"https:\/\/www.schengenvisas.com\/wp-content\/uploads\/2023\/03\/How-to-Apply-for-a-Slovakia-Schengen-Visa-copy.webp\" \/>\n\t<meta property=\"og:image:width\" content=\"1280\" \/>\n\t<meta property=\"og:image:height\" content=\"800\" \/>\n\t<meta property=\"og:image:type\" content=\"image\/webp\" \/>\n<meta name=\"twitter:card\" content=\"summary_large_image\" \/>\n<meta name=\"twitter:label1\" content=\"Tahmini okuma s\u00fcresi\" \/>\n\t<meta name=\"twitter:data1\" content=\"9 dakika\" \/>\n<script type=\"application\/ld+json\" class=\"yoast-schema-graph\">{\"@context\":\"https:\/\/schema.org\",\"@graph\":[{\"@type\":\"WebPage\",\"@id\":\"https:\/\/www.schengenvisas.com\/tr\/slovakya-schengen-vizesine-nasil-basvurulur\/\",\"url\":\"https:\/\/www.schengenvisas.com\/tr\/slovakya-schengen-vizesine-nasil-basvurulur\/\",\"name\":\"Slovakya Schengen Vizesine Nas\u0131l Ba\u015fvurulur? | Slovakya Schengen Vizesi\",\"isPartOf\":{\"@id\":\"https:\/\/www.schengenvisas.com\/#website\"},\"primaryImageOfPage\":{\"@id\":\"https:\/\/www.schengenvisas.com\/tr\/slovakya-schengen-vizesine-nasil-basvurulur\/#primaryimage\"},\"image\":{\"@id\":\"https:\/\/www.schengenvisas.com\/tr\/slovakya-schengen-vizesine-nasil-basvurulur\/#primaryimage\"},\"thumbnailUrl\":\"https:\/\/www.schengenvisas.com\/wp-content\/uploads\/2023\/03\/How-to-Apply-for-a-Slovakia-Schengen-Visa-copy.webp\",\"datePublished\":\"2020-01-31T20:42:16+00:00\",\"dateModified\":\"2025-08-06T19:20:51+00:00\",\"description\":\"Slovakya Schengen Vizesine Nas\u0131l Ba\u015fvurulur? | Slovakya Schengen Vize Kurallar\u0131, Vize \u00dccreti, Vize \u015eartlar\u0131 ve Uygunluk Kriterleri.\",\"breadcrumb\":{\"@id\":\"https:\/\/www.schengenvisas.com\/tr\/slovakya-schengen-vizesine-nasil-basvurulur\/#breadcrumb\"},\"inLanguage\":\"tr\",\"potentialAction\":[{\"@type\":\"ReadAction\",\"target\":[\"https:\/\/www.schengenvisas.com\/tr\/slovakya-schengen-vizesine-nasil-basvurulur\/\"]}]},{\"@type\":\"ImageObject\",\"inLanguage\":\"tr\",\"@id\":\"https:\/\/www.schengenvisas.com\/tr\/slovakya-schengen-vizesine-nasil-basvurulur\/#primaryimage\",\"url\":\"https:\/\/www.schengenvisas.com\/wp-content\/uploads\/2023\/03\/How-to-Apply-for-a-Slovakia-Schengen-Visa-copy.webp\",\"contentUrl\":\"https:\/\/www.schengenvisas.com\/wp-content\/uploads\/2023\/03\/How-to-Apply-for-a-Slovakia-Schengen-Visa-copy.webp\",\"width\":1280,\"height\":800,\"caption\":\"How to Apply for a Slovakia Schengen Visa\"},{\"@type\":\"BreadcrumbList\",\"@id\":\"https:\/\/www.schengenvisas.com\/tr\/slovakya-schengen-vizesine-nasil-basvurulur\/#breadcrumb\",\"itemListElement\":[{\"@type\":\"ListItem\",\"position\":1,\"name\":\"Home\",\"item\":\"https:\/\/www.schengenvisas.com\/\"},{\"@type\":\"ListItem\",\"position\":2,\"name\":\"Slovakya Schengen Vizesine Nas\u0131l Ba\u015fvurulur?\"}]},{\"@type\":\"WebSite\",\"@id\":\"https:\/\/www.schengenvisas.com\/#website\",\"url\":\"https:\/\/www.schengenvisas.com\/\",\"name\":\"Schengen Visas\",\"description\":\"Schengen Visa Application Services\",\"publisher\":{\"@id\":\"https:\/\/www.schengenvisas.com\/#organization\"},\"potentialAction\":[{\"@type\":\"SearchAction\",\"target\":{\"@type\":\"EntryPoint\",\"urlTemplate\":\"https:\/\/www.schengenvisas.com\/?s={search_term_string}\"},\"query-input\":{\"@type\":\"PropertyValueSpecification\",\"valueRequired\":true,\"valueName\":\"search_term_string\"}}],\"inLanguage\":\"tr\"},{\"@type\":\"Organization\",\"@id\":\"https:\/\/www.schengenvisas.com\/#organization\",\"name\":\"Schengen Visas\",\"url\":\"https:\/\/www.schengenvisas.com\/\",\"logo\":{\"@type\":\"ImageObject\",\"inLanguage\":\"tr\",\"@id\":\"https:\/\/www.schengenvisas.com\/#\/schema\/logo\/image\/\",\"url\":\"https:\/\/www.schengenvisas.com\/wp-content\/uploads\/2023\/03\/logo.svg\",\"contentUrl\":\"https:\/\/www.schengenvisas.com\/wp-content\/uploads\/2023\/03\/logo.svg\",\"width\":894,\"height\":123,\"caption\":\"Schengen Visas\"},\"image\":{\"@id\":\"https:\/\/www.schengenvisas.com\/#\/schema\/logo\/image\/\"}}]}<\/script>\n<!-- \/ Yoast SEO Premium plugin. -->","yoast_head_json":{"title":"Slovakya Schengen Vizesine Nas\u0131l Ba\u015fvurulur? | Slovakya Schengen Vizesi","description":"Slovakya Schengen Vizesine Nas\u0131l Ba\u015fvurulur? | Slovakya Schengen Vize Kurallar\u0131, Vize \u00dccreti, Vize \u015eartlar\u0131 ve Uygunluk Kriterleri.","robots":{"index":"index","follow":"follow","max-snippet":"max-snippet:-1","max-image-preview":"max-image-preview:large","max-video-preview":"max-video-preview:-1"},"canonical":"https:\/\/www.schengenvisas.com\/tr\/wp-json\/wp\/v2\/pages\/14206","og_locale":"tr_TR","og_type":"article","og_title":"Slovakya Schengen Vizesine Nas\u0131l Ba\u015fvurulur?","og_description":"Slovakya Schengen Vizesine Nas\u0131l Ba\u015fvurulur? | Slovakya Schengen Vize Kurallar\u0131, Vize \u00dccreti, Vize \u015eartlar\u0131 ve Uygunluk Kriterleri.","og_url":"https:\/\/www.schengenvisas.com\/tr\/slovakya-schengen-vizesine-nasil-basvurulur\/","og_site_name":"Schengen Visas","article_modified_time":"2025-08-06T19:20:51+00:00","og_image":[{"width":1280,"height":800,"url":"https:\/\/www.schengenvisas.com\/wp-content\/uploads\/2023\/03\/How-to-Apply-for-a-Slovakia-Schengen-Visa-copy.webp","type":"image\/webp"}],"twitter_card":"summary_large_image","twitter_misc":{"Tahmini okuma s\u00fcresi":"9 dakika"},"schema":{"@context":"https:\/\/schema.org","@graph":[{"@type":"WebPage","@id":"https:\/\/www.schengenvisas.com\/tr\/slovakya-schengen-vizesine-nasil-basvurulur\/","url":"https:\/\/www.schengenvisas.com\/tr\/slovakya-schengen-vizesine-nasil-basvurulur\/","name":"Slovakya Schengen Vizesine Nas\u0131l Ba\u015fvurulur? | Slovakya Schengen Vizesi","isPartOf":{"@id":"https:\/\/www.schengenvisas.com\/#website"},"primaryImageOfPage":{"@id":"https:\/\/www.schengenvisas.com\/tr\/slovakya-schengen-vizesine-nasil-basvurulur\/#primaryimage"},"image":{"@id":"https:\/\/www.schengenvisas.com\/tr\/slovakya-schengen-vizesine-nasil-basvurulur\/#primaryimage"},"thumbnailUrl":"https:\/\/www.schengenvisas.com\/wp-content\/uploads\/2023\/03\/How-to-Apply-for-a-Slovakia-Schengen-Visa-copy.webp","datePublished":"2020-01-31T20:42:16+00:00","dateModified":"2025-08-06T19:20:51+00:00","description":"Slovakya Schengen Vizesine Nas\u0131l Ba\u015fvurulur? | Slovakya Schengen Vize Kurallar\u0131, Vize \u00dccreti, Vize \u015eartlar\u0131 ve Uygunluk Kriterleri.","breadcrumb":{"@id":"https:\/\/www.schengenvisas.com\/tr\/slovakya-schengen-vizesine-nasil-basvurulur\/#breadcrumb"},"inLanguage":"tr","potentialAction":[{"@type":"ReadAction","target":["https:\/\/www.schengenvisas.com\/tr\/slovakya-schengen-vizesine-nasil-basvurulur\/"]}]},{"@type":"ImageObject","inLanguage":"tr","@id":"https:\/\/www.schengenvisas.com\/tr\/slovakya-schengen-vizesine-nasil-basvurulur\/#primaryimage","url":"https:\/\/www.schengenvisas.com\/wp-content\/uploads\/2023\/03\/How-to-Apply-for-a-Slovakia-Schengen-Visa-copy.webp","contentUrl":"https:\/\/www.schengenvisas.com\/wp-content\/uploads\/2023\/03\/How-to-Apply-for-a-Slovakia-Schengen-Visa-copy.webp","width":1280,"height":800,"caption":"How to Apply for a Slovakia Schengen Visa"},{"@type":"BreadcrumbList","@id":"https:\/\/www.schengenvisas.com\/tr\/slovakya-schengen-vizesine-nasil-basvurulur\/#breadcrumb","itemListElement":[{"@type":"ListItem","position":1,"name":"Home","item":"https:\/\/www.schengenvisas.com\/"},{"@type":"ListItem","position":2,"name":"Slovakya Schengen Vizesine Nas\u0131l Ba\u015fvurulur?"}]},{"@type":"WebSite","@id":"https:\/\/www.schengenvisas.com\/#website","url":"https:\/\/www.schengenvisas.com\/","name":"Schengen Visas","description":"Schengen Visa Application Services","publisher":{"@id":"https:\/\/www.schengenvisas.com\/#organization"},"potentialAction":[{"@type":"SearchAction","target":{"@type":"EntryPoint","urlTemplate":"https:\/\/www.schengenvisas.com\/?s={search_term_string}"},"query-input":{"@type":"PropertyValueSpecification","valueRequired":true,"valueName":"search_term_string"}}],"inLanguage":"tr"},{"@type":"Organization","@id":"https:\/\/www.schengenvisas.com\/#organization","name":"Schengen Visas","url":"https:\/\/www.schengenvisas.com\/","logo":{"@type":"ImageObject","inLanguage":"tr","@id":"https:\/\/www.schengenvisas.com\/#\/schema\/logo\/image\/","url":"https:\/\/www.schengenvisas.com\/wp-content\/uploads\/2023\/03\/logo.svg","contentUrl":"https:\/\/www.schengenvisas.com\/wp-content\/uploads\/2023\/03\/logo.svg","width":894,"height":123,"caption":"Schengen Visas"},"image":{"@id":"https:\/\/www.schengenvisas.com\/#\/schema\/logo\/image\/"}}]}},"_links":{"self":[{"href":"https:\/\/www.schengenvisas.com\/tr\/wp-json\/wp\/v2\/pages\/14206","targetHints":{"allow":["GET"]}}],"collection":[{"href":"https:\/\/www.schengenvisas.com\/tr\/wp-json\/wp\/v2\/pages"}],"about":[{"href":"https:\/\/www.schengenvisas.com\/tr\/wp-json\/wp\/v2\/types\/page"}],"author":[{"embeddable":true,"href":"https:\/\/www.schengenvisas.com\/tr\/wp-json\/wp\/v2\/users\/15"}],"replies":[{"embeddable":true,"href":"https:\/\/www.schengenvisas.com\/tr\/wp-json\/wp\/v2\/comments?post=14206"}],"version-history":[{"count":26,"href":"https:\/\/www.schengenvisas.com\/tr\/wp-json\/wp\/v2\/pages\/14206\/revisions"}],"predecessor-version":[{"id":30758,"href":"https:\/\/www.schengenvisas.com\/tr\/wp-json\/wp\/v2\/pages\/14206\/revisions\/30758"}],"wp:featuredmedia":[{"embeddable":true,"href":"https:\/\/www.schengenvisas.com\/tr\/wp-json\/wp\/v2\/media\/24029"}],"wp:attachment":[{"href":"https:\/\/www.schengenvisas.com\/tr\/wp-json\/wp\/v2\/media?parent=14206"}],"curies":[{"name":"wp","href":"https:\/\/api.w.org\/{rel}","templated":true}]}}