{"id":14366,"date":"2020-01-31T07:37:24","date_gmt":"2020-01-31T07:37:24","guid":{"rendered":"https:\/\/www.schengenvisas.com\/how-to-apply-for-malta-schengen-visa\/"},"modified":"2025-08-07T12:28:56","modified_gmt":"2025-08-07T08:28:56","slug":"malta-schengen-vizesine-nasil-basvurulur","status":"publish","type":"page","link":"https:\/\/www.schengenvisas.com\/tr\/malta-schengen-vizesine-nasil-basvurulur\/","title":{"rendered":"Malta Schengen Vizesine Nas\u0131l Ba\u015fvurulur?"},"content":{"rendered":"\t\t<div data-elementor-type=\"wp-page\" data-elementor-id=\"14366\" class=\"elementor elementor-14366 elementor-687\" data-elementor-post-type=\"page\">\n\t\t\t\t\t\t<section class=\"elementor-section elementor-top-section elementor-element elementor-element-39faaa96 elementor-section-boxed elementor-section-height-default elementor-section-height-default\" data-id=\"39faaa96\" data-element_type=\"section\">\n\t\t\t\t\t\t<div class=\"elementor-container elementor-column-gap-default\">\n\t\t\t\t\t<div class=\"elementor-column elementor-col-100 elementor-top-column elementor-element elementor-element-55cbaf42\" data-id=\"55cbaf42\" data-element_type=\"column\">\n\t\t\t<div class=\"elementor-widget-wrap elementor-element-populated\">\n\t\t\t\t\t\t<div class=\"elementor-element elementor-element-418d079 elementor-widget elementor-widget-table-of-contents\" data-id=\"418d079\" data-element_type=\"widget\" data-settings=\"{&quot;headings_by_tags&quot;:[&quot;h2&quot;],&quot;exclude_headings_by_selector&quot;:[],&quot;marker_view&quot;:&quot;bullets&quot;,&quot;no_headings_message&quot;:&quot;No headings were found on this page.&quot;,&quot;icon&quot;:{&quot;value&quot;:&quot;fas fa-circle&quot;,&quot;library&quot;:&quot;fa-solid&quot;},&quot;min_height&quot;:{&quot;unit&quot;:&quot;px&quot;,&quot;size&quot;:&quot;&quot;,&quot;sizes&quot;:[]},&quot;min_height_tablet&quot;:{&quot;unit&quot;:&quot;px&quot;,&quot;size&quot;:&quot;&quot;,&quot;sizes&quot;:[]},&quot;min_height_mobile&quot;:{&quot;unit&quot;:&quot;px&quot;,&quot;size&quot;:&quot;&quot;,&quot;sizes&quot;:[]}}\" data-widget_type=\"table-of-contents.default\">\n\t\t\t\t<div class=\"elementor-widget-container\">\n\t\t\t\t\t\t\t<div class=\"elementor-toc__header\">\n\t\t\t<h2 class=\"elementor-toc__header-title\">\n\t\t\t\t\u0130\u00e7indekiler\t\t\t<\/h2>\n\t\t\t\t\t<\/div>\n\t\t<div id=\"elementor-toc__418d079\" class=\"elementor-toc__body\">\n\t\t\t<div class=\"elementor-toc__spinner-container\">\n\t\t\t\t<i class=\"elementor-toc__spinner eicon-animation-spin eicon-loading\" aria-hidden=\"true\"><\/i>\t\t\t<\/div>\n\t\t<\/div>\n\t\t\t\t\t\t<\/div>\n\t\t\t\t<\/div>\n\t\t\t\t<div class=\"elementor-element elementor-element-37e3f364 elementor-widget elementor-widget-text-editor\" data-id=\"37e3f364\" data-element_type=\"widget\" data-widget_type=\"text-editor.default\">\n\t\t\t\t<div class=\"elementor-widget-container\">\n\t\t\t\t\t\t\t\t\t<h2>Malta&#8217;ya Nas\u0131l Ba\u015fvurulur<\/h2>\nMalta, Akdeniz&#8217;in g\u00fcneyinde bulunan ve \u0130talya ile Tunus aras\u0131ndaki mesafesi hemen hemen ayn\u0131 olan bir ada \u00fclkesidir. Yar\u0131m milyondan biraz fazla n\u00fcfusu, Arap\u00e7adan etkilenmi\u015f bir dil olan Maltacay\u0131 konu\u015fur.\n\nD\u00fcnyan\u0131n en k\u00fc\u00e7\u00fck 10 \u00fclkesinden biri Malta, ayn\u0131 zamanda en yo\u011fun n\u00fcfuslu \u00fclkelerdendir ve k\u00fc\u00e7\u00fcc\u00fck y\u00fcz \u00f6l\u00e7\u00fcm\u00fcne \u00e7ok zengin bir tarih s\u0131\u011fd\u0131rm\u0131\u015ft\u0131r. Malta&#8217;n\u0131n hem Afrika&#8217;n\u0131n kuzeyine hem de Avrupa&#8217;n\u0131n g\u00fcneyine yak\u0131n olan konumu, tarih\u00ee ve k\u00fclt\u00fcrel geli\u015fimini \u015fekillendirmi\u015ftir. Bin y\u0131l boyunca hep i\u015fgal alt\u0131nda olan Malta antik, orta \u00e7a\u011f ve premodern d\u00f6nemi boyunca Romal\u0131lar, Araplar ve Avrupal\u0131lar gibi bir\u00e7ok farkl\u0131 grup taraf\u0131ndan y\u00f6netilmi\u015f ve t\u00fcm bunlar\u0131n etkisi farkl\u0131 farkl\u0131 mimari, mutfak ve s\u00f6zel-k\u00fclt\u00fcrel geleneklere yans\u0131m\u0131\u015ft\u0131r. 19. y\u00fczy\u0131ldan itibaren Britanya s\u00f6m\u00fcrgesi olan Malta, 1979 y\u0131l\u0131nda ger\u00e7ek ba\u011f\u0131ms\u0131zl\u0131\u011f\u0131n\u0131 kazanm\u0131\u015f ve o zamandan beri k\u00fclt\u00fcrel miras\u0131 ve \u00e7ok g\u00fczel kumsallar\u0131yla turistlerin en \u00e7ok gitti\u011fi yerlerden biri olmu\u015ftur. Ba\u015fkenti Valetta, Antik \u00c7a\u011f ve Orta \u00c7a\u011f&#8217;dan kalm\u0131\u015f tahkimatlarla \u00e7evrilidir. UNESCO\u00a0 Miras Alan\u0131 da olan \u015fehrin i\u00e7 taraflar\u0131, tarih\u00ee mimariyle dolu doludur. \u00dcnl\u00fc \u0130talyan mimar Renzo Piano taraf\u0131ndan 2014 y\u0131l\u0131nda tamamlanm\u0131\u015f \u015eehir Kap\u0131s\u0131, Valetta&#8217;n\u0131n barok kiliseleri, sanat eserleriyle dolu palazzo&#8217;lar\u0131 ve tarih\u00ee ordu binalar\u0131na giri\u015f niteli\u011fi ta\u015f\u0131r. Efsanevi Malta \u015e\u00f6valyeleri taraf\u0131ndan hizmet g\u00f6rm\u00fc\u015f St. John\u2019s Co-Cathedral&#8217;in minimalist d\u0131\u015f y\u00fcz\u00fcn\u00fcn ard\u0131nda, Avrupa&#8217;n\u0131n en \u00f6nemli barok kiliselerinden biri ve Caravaggio&#8217;nun en \u00f6nemli eserlerinden The Beheading of St. John yatar. Ziyaret\u00e7iler ayr\u0131ca Malta h\u00fck\u00fcmdar\u0131n\u0131n ya\u015fad\u0131\u011f\u0131 yer olan tarih\u00ee ve \u00e7a\u011fda\u015f Grandmaster\u2019s Palace&#8217;\u0131 g\u00f6rebilirler. Barakka \u00dcst Bah\u00e7eleri hem \u015fehrin hem de \u015fehirdeki Valetta Liman\u0131&#8217;n\u0131n \u00e7ok g\u00fczel bir manzaras\u0131na sahiptir. Malta&#8217;n\u0131n di\u011fer UNESCO Miras Alanlar\u0131, d\u00fcnyan\u0131n en eski ta\u015f binalar\u0131ndan biri olan yedi tarih \u00f6ncesi yap\u0131 Megalit Tap\u0131naklar ve ta\u015ftan oyulmu\u015f oda ve koridorlardan olu\u015fan antik yer alt\u0131 kompleksi Hipoje&#8217;dir. Turistler Valetta d\u0131\u015f\u0131nda, Malta tak\u0131mad\u0131s\u0131n\u0131 olu\u015fturan k\u00fc\u00e7\u00fck adalar\u0131 ziyaret edebilirler. \u0130sterseniz \u015fu an y\u0131k\u0131lm\u0131\u015f olan \u00fcnl\u00fc do\u011fal kemer Azur Penceresi&#8217;nin bulundu\u011fu Gozo&#8217;nun g\u00f6z al\u0131c\u0131 kumsallar\u0131n\u0131 gezebilir, isterseniz de Comino&#8217;daki tertemiz Mavi G\u00f6l&#8217;\u00fcn sular\u0131na dalabilirsiniz. B\u00fct\u00fcn adalar\u0131nda Malta&#8217;n\u0131n mutfa\u011f\u0131n\u0131 tatmak m\u00fcmk\u00fcnd\u00fcr. \u0130talyan mutfak geleneklerinden olduk\u00e7a etkilenilmi\u015f bu mutfa\u011f\u0131n stuffat tal-fenek&#8217;tir (tav\u015fan yahnisi) adl\u0131 ulusal yeme\u011fi, adaya \u00f6zg\u00fcd\u00fcr. Malta ayr\u0131ca gece hayat\u0131yla, \u00f6zellikle de renkli kul\u00fcpleriyle tan\u0131n\u0131r. Malta, tarih\u00ee onca hazinesine ra\u011fmen g\u00fcn\u00fcm\u00fczde daha \u00e7ok \u00fcnl\u00fc televizyon dizisi Game of Thrones&#8217;un \u00e7ekim yeri olarak tan\u0131n\u0131r. Bu \u00fclke ayr\u0131ca Gladyat\u00f6r gibi \u00fcnl\u00fc Hollywood filmlerine de ev sahipli\u011fi yapm\u0131\u015ft\u0131r.\n\n\u0130ki Schengen ada \u00fclkesinden biri olan Malta, Schengen Anla\u015fmas\u0131&#8217;n\u0131 2003 y\u0131l\u0131nda imzalam\u0131\u015f ve 2007 y\u0131l\u0131nda Schengen b\u00f6lgesinin bir par\u00e7as\u0131 olmu\u015ftur.\n<h2>Uygunluk<\/h2>\nMalta i\u00e7in Schengen vizesi uygunlu\u011fu, Malta\/Schengen b\u00f6lgesine vizesiz giri\u015fin d\u0131\u015f\u0131nda kalan ve bu sebeple Malta Schengen vizesine ba\u015fvurma hakk\u0131na sahip a\u015fa\u011f\u0131daki devletlerin \u00fc\u00e7\u00fcnc\u00fc \u00fclke vatanda\u015flar\u0131n\u0131 i\u00e7erir:\n<table width=\"100%\">\n<tbody>\n<tr>\n<td width=\"312\">1.\u00a0\u00a0\u00a0\u00a0 AFGHANISTAN<\/td>\n<td width=\"312\">53.\u00a0\u00a0 LAOS<\/td>\n<\/tr>\n<tr>\n<td width=\"312\">2.\u00a0\u00a0\u00a0\u00a0 ALGERIA<\/td>\n<td width=\"312\">54.\u00a0\u00a0 LEBANON<\/td>\n<\/tr>\n<tr>\n<td width=\"312\">3.\u00a0\u00a0\u00a0\u00a0 ANGOLA<\/td>\n<td width=\"312\">55.\u00a0\u00a0 LESOTHO<\/td>\n<\/tr>\n<tr>\n<td width=\"312\">4.\u00a0\u00a0\u00a0\u00a0 ARMENIA<\/td>\n<td width=\"312\">56.\u00a0\u00a0 LIBERIA<\/td>\n<\/tr>\n<tr>\n<td width=\"312\">5.\u00a0\u00a0\u00a0\u00a0 AZERBAIJAN<\/td>\n<td width=\"312\">57.\u00a0\u00a0 LIBYA<\/td>\n<\/tr>\n<tr>\n<td width=\"312\">6.\u00a0\u00a0\u00a0\u00a0 BAHRAIN<\/td>\n<td width=\"312\">58.\u00a0\u00a0 MADAGASCAR<\/td>\n<\/tr>\n<tr>\n<td width=\"312\">7.\u00a0\u00a0\u00a0\u00a0 BANGLADESH<\/td>\n<td width=\"312\">59.\u00a0\u00a0 MALAWI<\/td>\n<\/tr>\n<tr>\n<td width=\"312\">8.\u00a0\u00a0\u00a0\u00a0 BELARUS<\/td>\n<td width=\"312\">60.\u00a0\u00a0 MALDIVES<\/td>\n<\/tr>\n<tr>\n<td width=\"312\">9.\u00a0\u00a0\u00a0\u00a0 BELIZE<\/td>\n<td width=\"312\">61.\u00a0\u00a0 MALI<\/td>\n<\/tr>\n<tr>\n<td width=\"312\">10.\u00a0\u00a0 BENIN<\/td>\n<td width=\"312\">62.\u00a0\u00a0 MAURITANIA<\/td>\n<\/tr>\n<tr>\n<td width=\"312\">11.\u00a0\u00a0 BHUTAN<\/td>\n<td width=\"312\">63.\u00a0\u00a0 MONGOLIA<\/td>\n<\/tr>\n<tr>\n<td width=\"312\">12.\u00a0\u00a0 BOLIVIA<\/td>\n<td width=\"312\">64.\u00a0\u00a0 MOROCCO<\/td>\n<\/tr>\n<tr>\n<td width=\"312\">13.\u00a0\u00a0 BOTSWANA<\/td>\n<td width=\"312\">65.\u00a0\u00a0 MOZAMBIQUE<\/td>\n<\/tr>\n<tr>\n<td width=\"312\">14.\u00a0\u00a0 BURKINA FASO<\/td>\n<td width=\"312\">66.\u00a0\u00a0 NAMIBIA<\/td>\n<\/tr>\n<tr>\n<td width=\"312\">15.\u00a0\u00a0 BURMA\/MYANMAR<\/td>\n<td width=\"312\">67.\u00a0\u00a0 NAURU<\/td>\n<\/tr>\n<tr>\n<td width=\"312\">16.\u00a0\u00a0 BURUNDI<\/td>\n<td width=\"312\">68.\u00a0\u00a0 NEPAL<\/td>\n<\/tr>\n<tr>\n<td width=\"312\">17.\u00a0\u00a0 CAMBODIA<\/td>\n<td width=\"312\">69.\u00a0\u00a0 NIGER<\/td>\n<\/tr>\n<tr>\n<td width=\"312\">18.\u00a0\u00a0 CAMEROON<\/td>\n<td width=\"312\">70.\u00a0\u00a0 NIGERIA<\/td>\n<\/tr>\n<tr>\n<td width=\"312\">19.\u00a0\u00a0 CAPE VERDE<\/td>\n<td width=\"312\">71.\u00a0\u00a0 NORTH KOREA<\/td>\n<\/tr>\n<tr>\n<td width=\"312\">20.\u00a0\u00a0 CENTRAL AFRICAN REPUBLIC<\/td>\n<td width=\"312\">72.\u00a0\u00a0 OMAN<\/td>\n<\/tr>\n<tr>\n<td width=\"312\">21.\u00a0\u00a0 CHAD<\/td>\n<td width=\"312\">73.\u00a0\u00a0 PAKISTAN<\/td>\n<\/tr>\n<tr>\n<td width=\"312\">22.\u00a0\u00a0 CHINA<\/td>\n<td width=\"312\">74.\u00a0\u00a0 PAPUA NEW GUINEA<\/td>\n<\/tr>\n<tr>\n<td width=\"312\">23.\u00a0\u00a0 COMOROS<\/td>\n<td width=\"312\">75.\u00a0\u00a0 PHILIPPINES<\/td>\n<\/tr>\n<tr>\n<td width=\"312\">24.\u00a0\u00a0 CONGO<\/td>\n<td width=\"312\">76.\u00a0\u00a0 QATAR<\/td>\n<\/tr>\n<tr>\n<td width=\"312\">25.\u00a0\u00a0 COTE D\u2019IVOIRE<\/td>\n<td width=\"312\">77.\u00a0\u00a0 RUSSIA<\/td>\n<\/tr>\n<tr>\n<td width=\"312\">26.\u00a0\u00a0 CUBA<\/td>\n<td width=\"312\">78.\u00a0\u00a0 RWANDA<\/td>\n<\/tr>\n<tr>\n<td width=\"312\">27.\u00a0\u00a0 DEMOCRATIC REPUBLIC OF CONGO<\/td>\n<td width=\"312\">79.\u00a0\u00a0 SAO TOME AND PRINCIPE<\/td>\n<\/tr>\n<tr>\n<td width=\"312\">28.\u00a0\u00a0 DJIBOUTI<\/td>\n<td width=\"312\">80.\u00a0\u00a0 SAUDI ARABIA<\/td>\n<\/tr>\n<tr>\n<td width=\"312\">29.\u00a0\u00a0 DOMINICAN REPUBLIC<\/td>\n<td width=\"312\">81.\u00a0\u00a0 SENEGAL<\/td>\n<\/tr>\n<tr>\n<td width=\"312\">30.\u00a0\u00a0 ECUADOR<\/td>\n<td width=\"312\">82.\u00a0\u00a0 SIERRA LEONE<\/td>\n<\/tr>\n<tr>\n<td width=\"312\">31.\u00a0\u00a0 EGYPT<\/td>\n<td width=\"312\">83.\u00a0\u00a0 SOMALIA<\/td>\n<\/tr>\n<tr>\n<td width=\"312\">32.\u00a0\u00a0 EQUATORIAL GUINEA<\/td>\n<td width=\"312\">84.\u00a0\u00a0 SOUTH AFRICA<\/td>\n<\/tr>\n<tr>\n<td width=\"312\">33.\u00a0\u00a0 ERITREA<\/td>\n<td width=\"312\">85.\u00a0\u00a0 SOUTH SUDAN<\/td>\n<\/tr>\n<tr>\n<td width=\"312\">34.\u00a0\u00a0 ETHIOPIA<\/td>\n<td width=\"312\">86.\u00a0\u00a0 SRI LANKA<\/td>\n<\/tr>\n<tr>\n<td width=\"312\">35.\u00a0\u00a0 FIJI<\/td>\n<td width=\"312\">87.\u00a0\u00a0 SUDAN<\/td>\n<\/tr>\n<tr>\n<td width=\"312\">36.\u00a0\u00a0 GABON<\/td>\n<td width=\"312\">88.\u00a0\u00a0 SURINAME<\/td>\n<\/tr>\n<tr>\n<td width=\"312\">37.\u00a0\u00a0 GAMBIA<\/td>\n<td width=\"312\">89.\u00a0\u00a0 SWAZILAND<\/td>\n<\/tr>\n<tr>\n<td width=\"312\">38.\u00a0\u00a0 GHANA<\/td>\n<td width=\"312\">90.\u00a0\u00a0 SYRIA<\/td>\n<\/tr>\n<tr>\n<td width=\"312\">39.\u00a0\u00a0 GUINEA<\/td>\n<td width=\"312\">91.\u00a0\u00a0 TAJIKISTAN<\/td>\n<\/tr>\n<tr>\n<td width=\"312\">40.\u00a0\u00a0 GUINEA-BISSAU<\/td>\n<td width=\"312\">92.\u00a0\u00a0 TANZANIA<\/td>\n<\/tr>\n<tr>\n<td width=\"312\">41.\u00a0\u00a0 GUYANA<\/td>\n<td width=\"312\">93.\u00a0\u00a0 THAILAND<\/td>\n<\/tr>\n<tr>\n<td width=\"312\">42.\u00a0\u00a0 HAITI<\/td>\n<td width=\"312\">94.\u00a0\u00a0 TOGO<\/td>\n<\/tr>\n<tr>\n<td width=\"312\">43.\u00a0\u00a0 INDIA<\/td>\n<td width=\"312\">95.\u00a0\u00a0 TUNISIA<\/td>\n<\/tr>\n<tr>\n<td width=\"312\">44.\u00a0\u00a0 INDONESIA<\/td>\n<td width=\"312\">96.\u00a0\u00a0 TURKEY<\/td>\n<\/tr>\n<tr>\n<td width=\"312\">45.\u00a0\u00a0 IRAN<\/td>\n<td width=\"312\">97.\u00a0\u00a0 TURKMENISTAN<\/td>\n<\/tr>\n<tr>\n<td width=\"312\">46.\u00a0\u00a0 IRAQ<\/td>\n<td width=\"312\">98.\u00a0\u00a0 UGANDA<\/td>\n<\/tr>\n<tr>\n<td width=\"312\">47.\u00a0\u00a0 JAMAICA<\/td>\n<td width=\"312\">99.\u00a0\u00a0 UZBEKISTAN<\/td>\n<\/tr>\n<tr>\n<td width=\"312\">48.\u00a0\u00a0 JORDAN<\/td>\n<td width=\"312\">100.VIETNAM<\/td>\n<\/tr>\n<tr>\n<td width=\"312\">49.\u00a0\u00a0 KAZAKHSTAN<\/td>\n<td width=\"312\">101.YEMEN<\/td>\n<\/tr>\n<tr>\n<td width=\"312\">50.\u00a0\u00a0 KENYA<\/td>\n<td width=\"312\">102.ZAMBIA<\/td>\n<\/tr>\n<tr>\n<td width=\"312\">51.\u00a0\u00a0 KUWAIT<\/td>\n<td width=\"312\">103.ZIMBABWE<\/td>\n<\/tr>\n<tr>\n<td width=\"312\">52.\u00a0\u00a0 KYRGYZSTAN<\/td>\n<td width=\"312\"><\/td>\n<\/tr>\n<\/tbody>\n<\/table>\nA\u015fa\u011f\u0131daki kurulu\u015f\/b\u00f6lgelere ait \u00fc\u00e7\u00fcnc\u00fc taraf vatanda\u015flar\u0131n da Schengen vizesine ba\u015fvurmalar\u0131 gerekir: <strong>KOSOVA <\/strong>ve <strong>F\u0130L\u0130ST\u0130N <\/strong><strong>Y\u00d6NET\u0130M<\/strong><strong>\u0130<\/strong>.\n<h2>Gerekli Belgeler<\/h2>\nMalta Schengen vizesi i\u00e7in gerekli t\u00fcm belgeler Maltaca ya da \u0130ngilizce doldurumal\u0131 veya bu dillerden birine \u00e7evrilmelidir. Malta i\u00e7in yap\u0131lan t\u00fcm Schengen vizesi ba\u015fvurular\u0131 a\u015fa\u011f\u0131daki<a href=\"https:\/\/www.schengenvisas.com\/tr\/schengen-vizesi-basvuru-sartlari\/\"><strong> <u>Gerekli Temel Belgeleri<\/u> <\/strong><\/a>i\u00e7erir\n<ul>\n \t<li><strong>Ge\u00e7erli pasaport <\/strong><\/li>\n \t<li><strong>Pasaport boyutunda foto\u011fraf<\/strong><\/li>\n \t<li><a href=\"https:\/\/www.schengenvisas.com\/tr\/schengen-vize-basvuru-formunu-indir\/\"><strong>Ba\u015fvuru formu<\/strong><\/a><\/li>\n \t<li><strong>Parmak izi (biyometrik veri) <\/strong><\/li>\n \t<li><strong>Seyahat sa\u011fl\u0131k sigortas\u0131<\/strong><\/li>\n \t<li><a href=\"https:\/\/www.schengenvisas.com\/tr\/schengen-vize-ucretleri\/\"><strong>Vize \u00dccreti<\/strong><\/a><\/li>\n \t<li><strong>Seyahatinize ili\u015fkin materyaller:<\/strong>\n<ul>\n \t<li>Seyahat nedeni<\/li>\n \t<li>Nerede kalaca\u011f\u0131n\u0131z (konaklama)<\/li>\n \t<li>Seyahatinizin para kayna\u011f\u0131 (mali durum)<\/li>\n \t<li>Vizeniz ge\u00e7ersiz olmadan\/s\u00fcresi bitmeden \u00f6nce Malta&#8217;y\u0131 terk edece\u011finizin ispat\u0131. Bu genelde paras\u0131 \u00f6denmi\u015f gidi\u015f geli\u015f u\u00e7ak bileti \u015feklindedir<strong> (d\u00f6n\u00fc\u015f ispat\u0131). <\/strong><\/li>\n<\/ul>\n<\/li>\n<\/ul>\n<strong><em><u>Not:<\/u><\/em><\/strong><em> Gerekli materyallerin detayl\u0131 a\u00e7\u0131klamalar\u0131 d\u00e2hil olmak \u00fczere, ba\u015fvurunuzda nelerin olmas\u0131 gerekti\u011fi hakk\u0131nda daha fazla bilgi i\u00e7in l\u00fctfen<span style=\"text-decoration: underline;\"><a href=\"https:\/\/www.schengenvisas.com\/tr\/schengen-vizesi-basvuru-sartlari\/\"><strong> Gerekli Temel Bilgiler<\/strong><\/a><\/span> k\u0131sm\u0131na gidin. <\/em><em>Seyahatiniz i\u00e7in <\/em><em>Malta <\/em><em>Schengen vizesi <\/em><em>alma<\/em> <span style=\"text-decoration: underline;\"><a href=\"https:\/\/www.schengenvisas.com\/tr\/schengen-vize-turleri-gecerlilik\/\"><strong><em>amac\u0131n\u0131za <\/em><\/strong><\/a><\/span><em>dair ek belgeler sunman\u0131z gerekebilece\u011fini unutmay\u0131n<\/em><em>.<\/em>\n\n<h2>\u00dccretler<\/h2>\nYeti\u015fkinler i\u00e7in Malta Schengen vizesinin standart fiyat\u0131 80 avrodur. Ba\u015fvuran baz\u0131 ki\u015filer (\u00e7o\u011fu \u00f6\u011frenciler, 6 ya\u015f alt\u0131 \u00e7ocuklar) her t\u00fcrl\u00fc vize \u00fccretinden muaft\u0131r. Malta i\u00e7in Schengen vizesi alaca\u011f\u0131n\u0131z zaman, vize ba\u015fvurunuzla birlikte b\u00fcy\u00fck ihtimalle bir hizmet \u00fccreti \u00f6demeniz gerekecektir. Bu \u00fccret, vize \u00fccretinden farkl\u0131d\u0131r. L\u00fctfen vize reddi durumunda bu \u00fccretlerin iade edilemeyece\u011fini unutmay\u0131n.\t\t\t\t\t\t\t\t<\/div>\n\t\t\t\t<\/div>\n\t\t\t\t<div class=\"elementor-element elementor-element-e6c7c47 elementor-widget elementor-widget-image\" data-id=\"e6c7c47\" data-element_type=\"widget\" data-widget_type=\"image.default\">\n\t\t\t\t<div class=\"elementor-widget-container\">\n\t\t\t\t\t\t\t\t\t\t\t\t\t\t\t<img decoding=\"async\" src=\"https:\/\/www.schengenvisas.com\/wp-content\/uploads\/elementor\/thumbs\/Malta-Schengen-Visa-copy-q3w9gmrzg84thifvfct4igxqxj6shcxmzolg04sy0w.webp\" title=\"Malta Schengen Visa\" alt=\"Malta Schengen Visa\" loading=\"lazy\" \/>\t\t\t\t\t\t\t\t\t\t\t\t\t\t\t<\/div>\n\t\t\t\t<\/div>\n\t\t\t\t<div class=\"elementor-element elementor-element-2189d9e elementor-widget elementor-widget-text-editor\" data-id=\"2189d9e\" data-element_type=\"widget\" data-widget_type=\"text-editor.default\">\n\t\t\t\t<div class=\"elementor-widget-container\">\n\t\t\t\t\t\t\t\t\t<h2>Nas\u0131l Ba\u015fvurulur: Ad\u0131mlar<\/h2><ul><li><strong><u>1. Ad\u0131m:<\/u> <\/strong>Malta&#8217;y\u0131 seyahat etme <span style=\"text-decoration: underline;\"><a href=\"https:\/\/www.schengenvisas.com\/tr\/schengen-vize-turleri-gecerlilik\/\"><strong>Amac\u0131n\u0131z\u0131 <\/strong><\/a><\/span>belirleyin. Bu i\u015flem, hangi vize <span style=\"text-decoration: underline;\"><a href=\"https:\/\/www.schengenvisas.com\/tr\/schengen-vize-turleri-gecerlilik\/\"><strong>T\u00fcr\u00fc <\/strong><\/a><\/span>i\u00e7in ba\u015fvuru yapman\u0131z gerekti\u011fi konusunda belirleyici olacakt\u0131r.<\/li><li><strong><u>2. Ad\u0131m:<\/u> <\/strong>Malta\/Schengen b\u00f6lgesi i\u00e7in ka\u00e7 adet <strong>Giri\u015f <\/strong>yapman\u0131z gerekece\u011fini belirleyin.<\/li><li><strong><u>3. Ad\u0131m:<\/u> <\/strong>Ba\u015fvuru i\u00e7in <strong>Gerekli Belgeleri <\/strong>toplay\u0131n.<\/li><li><strong><u>4. Ad\u0131m:<\/u> <\/strong><strong>Malta<\/strong><strong> Schengen vizesi i\u00e7in randevu al\u0131n <\/strong>(e\u011fer uygunsa).<ul><li>Ba\u015fvuru yapaca\u011f\u0131n\u0131z konsolosluk ya da vize ba\u015fvuru merkezinin konumuna g\u00f6re, ba\u015fvurunuzu teslim etmeniz i\u00e7in randevu alman\u0131z gerekebilir. Alternatif olarak, normal \u00e7al\u0131\u015fma saatleri s\u0131ras\u0131nda gitti\u011finiz s\u00fcrece, ba\u015fvuru belgelerinizi randevu almadan da teslim etme ihtimaliniz olabilir. Ba\u015fvurunuzu yaparken randevu alman\u0131n gerekli olup olmad\u0131\u011f\u0131n\u0131 \u00f6\u011frenmek i\u00e7in do\u011frudan konsolosluk\/vize ba\u015fvuru merkezi ile ileti\u015fime ge\u00e7meniz \u00f6nerilir.<\/li><\/ul><\/li><li><strong><u>5. Ad\u0131m:<\/u> <\/strong><strong><span style=\"text-decoration: underline;\"><a href=\"https:\/\/www.schengenvisas.com\/tr\/schengen-vize-basvuru-formunu-indir\/\">Ba\u015fvuru formunuzu<\/a><\/span> doldurun<\/strong>.<ul><li>Her konsolosluk ya da vize ba\u015fvuru merkezi, ba\u015fvurulara eri\u015filmesi i\u00e7in farkl\u0131 yollar sunar. Online formu<span style=\"text-decoration: underline;\"><a href=\"https:\/\/identitymalta.com\/wp-content\/uploads\/2019\/10\/Schengen-VISA-Application-form-English-1.pdf\"><strong> buradan<\/strong><\/a><\/span> indirdikten sonra dolurun ve \u00e7\u0131kt\u0131s\u0131n\u0131 al\u0131n. Bu \u00e7\u0131kt\u0131y\u0131 ba\u015fvuru yapaca\u011f\u0131n\u0131z konsolosluk ya da vize ba\u015fvuru merkezine vereceksiniz.<\/li><\/ul><\/li><li><strong><u>6. Ad\u0131m:<\/u> <\/strong><strong><span style=\"text-decoration: underline;\"><a href=\"https:\/\/www.schengenvisas.com\/tr\/schengen-vize-ucretleri\/\">Ba\u015fvuru \u00fccretini<\/a><\/span> \u00f6deyin<\/strong>.<\/li><li><strong><u>7. Ad\u0131m:<\/u> <\/strong><strong>Malta Schengen vize ba\u015fvurunuzu g\u00f6nderin<\/strong> (seyahatten en az 15 g\u00fcn \u00f6nce ama 6 ay\u0131 ge\u00e7meyecek \u015fekilde).<ul><li>Her Malta Konsoloslu\u011fu ya da i\u015flem merkezinin, ba\u015fvurular i\u00e7in farkl\u0131 prosed\u00fcrleri vard\u0131r. Hemen hemen her durumda, ba\u015fvuru yapaca\u011f\u0131n\u0131z konsoloslu\u011fa ya da merkeze bizzat gitmeniz gerekir.<\/li><li>Ba\u015fvurunuzu yapt\u0131\u011f\u0131n\u0131zda, muhtemelen sizden biyometrik veriniz (parmak izi) istenecektir. 12 ya\u015f\u0131ndan k\u00fc\u00e7\u00fck \u00e7ocuklar \u00e7o\u011fu zaman parmak izi verme i\u015fleminden muaft\u0131r. Ancak ya\u015f fark etmeksizin herkesten y\u00fcz foto\u011fraf\u0131 al\u0131n\u0131r. E\u011fer daha \u00f6nce parmak izinizi vermi\u015fseniz (son 59 ay i\u00e7inde), b\u00fcy\u00fck ihtimalle bu bilgi tekrar istenmez.<\/li><li>Ba\u015fvurunuzu yapt\u0131ktan sonra, seyahatinize ili\u015fkin daha fazla bilgi\/materyal sunman\u0131z i\u00e7in ileriki bir tarihte tekrar g\u00f6r\u00fc\u015fmeye \u00e7a\u011fr\u0131labilece\u011finizi unutmay\u0131n.<\/li><\/ul><\/li><\/ul><h2>Ne Zaman Ba\u015fvurulur<\/h2><p>Ba\u015fvurunuzu seyahat edece\u011finiz g\u00fcnden en az 15 g\u00fcn \u00f6nce, gitmeden ise en erken 6 ay \u00f6nce yap\u0131n\u0131z.<\/p><h2>Nereye Ba\u015fvurulur<\/h2><p>Malta Schengen ba\u015fvurular\u0131 ya Malta Konsoloslu\u011fu\/El\u00e7ili\u011fi ya da Malta&#8217;yla ili\u015fkisi olan bir vize ba\u015fvuru merkezine yap\u0131lmal\u0131d\u0131r.<\/p><p>Malta Schengen vizesi ba\u015fvurusunu yasal olarak ikamet etti\u011finiz ya da vatanda\u015f\u0131 oldu\u011funuz \u00fclkeden yapman\u0131z tercih edilir.<\/p><p>Ba\u015fvurunuzu \u015fu anda yasal olarak bulundu\u011funuz ama yasal olarak ikamet etmedi\u011finiz bir \u00fclkenin konsolosluk ya da vize ba\u015fvuru merkezinden yapmak zorundaysan\u0131z, bunun i\u00e7in ge\u00e7erli bir sebebinizin olmas\u0131 gerekir. Ayr\u0131ca \u00fclke i\u00e7indeki konsoloslu\u011fun, onlar arac\u0131l\u0131\u011f\u0131yla ba\u015fvuru yapma sebebinizi kabul etmeleri ve ba\u015fvurunuzu i\u015fleme koymaya raz\u0131 olmalar\u0131 gerekmektedir.<\/p><p>Malta&#8217;n\u0131n konsoloslu\u011funun bulunmad\u0131\u011f\u0131 \u00fclkelerde, ba\u015fvurular Malta&#8217;n\u0131n konsoloslu\u011fa ait menfaatlerini temsil eden bir Schengen \u00fclkesinin konsoloslu\u011fundan yap\u0131labilir.<\/p><h2>\u0130\u015flem S\u00fcresi<\/h2><p>Malta Schengen vizesinin standart i\u015flem s\u00fcresi 7-15 g\u00fcn olmakla beraber, baz\u0131 durumlarda bu s\u00fcre 60 g\u00fcne kadar \u00e7\u0131kabilir.<\/p><h3>Vizeniz onaylanm\u0131\u015fsa:<\/h3><p>Vizenizi al\u0131n ve \u00fczerindeki bilgilerin tam ve ge\u00e7erli oldu\u011fundan emin olun.<\/p><h3>Vizeniz reddedilmi\u015fse:<\/h3><p>E\u011fer Malta Schengen vize ba\u015fvurunuz reddedilmi\u015fse, ret yan\u0131t\u0131n\u0131 ald\u0131ktan sonraki 15 g\u00fcn i\u00e7inde bu karara itiraz etme hakk\u0131n\u0131z vard\u0131r.<\/p><p>Bu i\u015fleme, talebinizin neden reddedildi\u011fini ve itiraz s\u00fcrecinde ne yapman\u0131z\u0131n gerekti\u011fini detayl\u0131 bir \u015fekilde a\u00e7\u0131klayan standart vize ret formunu alarak ba\u015flay\u0131n.<\/p><p>\u0130tiraz\u0131n sonucu (olumlu ya da olumsuz) fark etmeksizin \u00e7o\u011fu zaman iadesi olmayan bir itiraz \u00fccreti \u00f6demeniz gerekecektir<\/p><p>Schengen vize itiraz\u0131n\u0131z\u0131, a\u015fa\u011f\u0131daki adreste bulunan Malta G\u00f6\u00e7menlik \u0130tiraz Kuruluna g\u00f6ndermeniz gerekir:<br \/><strong><em><u>The Secretary<br \/><\/u><\/em><\/strong><strong><em><u>Immigration Appeals Board<br \/><\/u><\/em><\/strong><strong><em><u>109,<br \/><\/u><\/em><\/strong><strong><em><u>Triq Zekka<br \/><\/u><\/em><\/strong><strong><em><u>Valletta VLT 1517<\/u><\/em><\/strong><\/p><p>\u0130tiraz\u0131n\u0131z\u0131n bir n\u00fcshas\u0131n\u0131 ayr\u0131ca \u015fu e-posta adresine g\u00f6ndermeniz gerekir: <a href=\"mailto:appeals@gov.mt\"><em>appeals@gov.mt<\/em><\/a><\/p><p>\u0130tiraz\u0131n\u0131zda ilk ret karar\u0131n\u0131n noter taraf\u0131ndan tasdiklenmi\u015f bir n\u00fcshas\u0131 bulunmal\u0131d\u0131r.<\/p><p>\u0130tiraz\u0131n\u0131z \u0130ngilizce yaz\u0131lmal\u0131d\u0131r.<\/p><h3>Nihayet Malta i\u00e7in Schengen vizenizi ald\u0131\u011f\u0131n\u0131zda, l\u00fctfen \u015funlara dikkat edin:<\/h3><p>Ba\u015fvurunuzu yapt\u0131ktan sonra seyahat program\u0131n\u0131zda meydana gelen de\u011fi\u015fiklikleri Malta Konsoloslu\u011funa\/vize ba\u015fvuru merkezine bildirmezseniz, vizeniz feshedilebilir.<\/p><p>Schengen vizenizin onaylanmas\u0131, Malta ya da genel Schengen b\u00f6lgesine her h\u00e2l\u00fckarda giri\u015f yapabilece\u011finiz anlam\u0131na gelmez. Vard\u0131\u011f\u0131n\u0131zda her iki yere de giri\u015finiz reddedilebilir.<\/p><p>Malta\/Schengen b\u00f6lgesine giri\u015f yapmak i\u00e7in mali durumunuz ya da konaklama bilgilerinize ili\u015fkin ek belgeler g\u00f6stermeniz gerekebilir.<\/p>\t\t\t\t\t\t\t\t<\/div>\n\t\t\t\t<\/div>\n\t\t\t\t\t<\/div>\n\t\t<\/div>\n\t\t\t\t\t<\/div>\n\t\t<\/section>\n\t\t<div class=\"elementor-element elementor-element-4e82fa51 e-flex e-con-boxed e-con e-parent\" data-id=\"4e82fa51\" data-element_type=\"container\" data-settings=\"{&quot;background_background&quot;:&quot;classic&quot;}\">\n\t\t\t\t\t<div class=\"e-con-inner\">\n\t\t<div class=\"elementor-element elementor-element-63259808 container e-flex e-con-boxed e-con e-child\" data-id=\"63259808\" data-element_type=\"container\">\n\t\t\t\t\t<div class=\"e-con-inner\">\n\t\t\t\t<div class=\"elementor-element elementor-element-34cb6197 title elementor-widget elementor-widget-heading\" data-id=\"34cb6197\" data-element_type=\"widget\" data-widget_type=\"heading.default\">\n\t\t\t\t<div class=\"elementor-widget-container\">\n\t\t\t\t\t<h2 class=\"elementor-heading-title elementor-size-default\">Son Haber ve Makeleler<\/h2>\t\t\t\t<\/div>\n\t\t\t\t<\/div>\n\t\t\t\t<div class=\"elementor-element elementor-element-4f698231 elementor-grid-2 elementor-grid-tablet-2 elementor-grid-mobile-1 elementor-posts--thumbnail-top elementor-widget elementor-widget-posts\" data-id=\"4f698231\" data-element_type=\"widget\" data-settings=\"{&quot;classic_columns&quot;:&quot;2&quot;,&quot;classic_columns_tablet&quot;:&quot;2&quot;,&quot;classic_columns_mobile&quot;:&quot;1&quot;,&quot;classic_row_gap&quot;:{&quot;unit&quot;:&quot;px&quot;,&quot;size&quot;:35,&quot;sizes&quot;:[]},&quot;classic_row_gap_tablet&quot;:{&quot;unit&quot;:&quot;px&quot;,&quot;size&quot;:&quot;&quot;,&quot;sizes&quot;:[]},&quot;classic_row_gap_mobile&quot;:{&quot;unit&quot;:&quot;px&quot;,&quot;size&quot;:&quot;&quot;,&quot;sizes&quot;:[]}}\" data-widget_type=\"posts.classic\">\n\t\t\t\t<div class=\"elementor-widget-container\">\n\t\t\t\t\t\t\t<div class=\"elementor-posts-container elementor-posts elementor-posts--skin-classic elementor-grid\">\n\t\t\t\t<article class=\"elementor-post elementor-grid-item post-19152 schengenvisas_news type-schengenvisas_news status-publish has-post-thumbnail hentry entry\">\n\t\t\t\t<a class=\"elementor-post__thumbnail__link\" href=\"https:\/\/www.schengenvisas.com\/tr\/news\/etias-in-cikisi-mayis-2023-e-ertelendi\/\" tabindex=\"-1\" >\n\t\t\t<div class=\"elementor-post__thumbnail\"><img fetchpriority=\"high\" decoding=\"async\" width=\"300\" height=\"200\" src=\"https:\/\/www.schengenvisas.com\/wp-content\/uploads\/2022\/07\/ETIASin-Cikisi-Mayis-2023e-Ertelendi-300x200.jpg\" class=\"attachment-medium size-medium wp-image-19150\" alt=\"ETIAS\u2019\u0131n \u00c7\u0131k\u0131\u015f\u0131 May\u0131s 2023\u2019e Ertelendi\" srcset=\"https:\/\/www.schengenvisas.com\/wp-content\/uploads\/2022\/07\/ETIASin-Cikisi-Mayis-2023e-Ertelendi-300x200.jpg 300w, https:\/\/www.schengenvisas.com\/wp-content\/uploads\/2022\/07\/ETIASin-Cikisi-Mayis-2023e-Ertelendi-768x512.jpg 768w, https:\/\/www.schengenvisas.com\/wp-content\/uploads\/2022\/07\/ETIASin-Cikisi-Mayis-2023e-Ertelendi.jpg 1000w\" sizes=\"(max-width: 300px) 100vw, 300px\" \/><\/div>\n\t\t<\/a>\n\t\t\t\t<div class=\"elementor-post__text\">\n\t\t\t\t<h3 class=\"elementor-post__title\">\n\t\t\t<a href=\"https:\/\/www.schengenvisas.com\/tr\/news\/etias-in-cikisi-mayis-2023-e-ertelendi\/\" >\n\t\t\t\tETIAS\u2019\u0131n \u00c7\u0131k\u0131\u015f\u0131 May\u0131s 2023\u2019e Ertelendi\t\t\t<\/a>\n\t\t<\/h3>\n\t\t\t\t<div class=\"elementor-post__meta-data\">\n\t\t\t\t\t<span class=\"elementor-post-date\">\n\t\t\t14\/07\/2022\t\t<\/span>\n\t\t\t\t<\/div>\n\t\t\n\t\t<a class=\"elementor-post__read-more\" href=\"https:\/\/www.schengenvisas.com\/tr\/news\/etias-in-cikisi-mayis-2023-e-ertelendi\/\" aria-label=\"Read more about ETIAS\u2019\u0131n \u00c7\u0131k\u0131\u015f\u0131 May\u0131s 2023\u2019e Ertelendi\" tabindex=\"-1\" >\n\t\t\tDevam\u0131n\u0131 Oku \u00bb\t\t<\/a>\n\n\t\t\t\t<\/div>\n\t\t\t\t<\/article>\n\t\t\t\t<article class=\"elementor-post elementor-grid-item post-14382 schengenvisas_news type-schengenvisas_news status-publish has-post-thumbnail hentry entry\">\n\t\t\t\t<a class=\"elementor-post__thumbnail__link\" href=\"https:\/\/www.schengenvisas.com\/tr\/news\/avrupa-yabanci-turistlere-aciliyor\/\" tabindex=\"-1\" >\n\t\t\t<div class=\"elementor-post__thumbnail\"><img decoding=\"async\" width=\"300\" height=\"201\" src=\"https:\/\/www.schengenvisas.com\/wp-content\/uploads\/2021\/06\/Avrupa-yabanci-turistlere-aciliyor-300x201.jpg\" class=\"attachment-medium size-medium wp-image-14844\" alt=\"Avrupa yabanc\u0131 turistlere a\u00e7\u0131l\u0131yor\" srcset=\"https:\/\/www.schengenvisas.com\/wp-content\/uploads\/2021\/06\/Avrupa-yabanci-turistlere-aciliyor-300x201.jpg 300w, https:\/\/www.schengenvisas.com\/wp-content\/uploads\/2021\/06\/Avrupa-yabanci-turistlere-aciliyor-768x514.jpg 768w, https:\/\/www.schengenvisas.com\/wp-content\/uploads\/2021\/06\/Avrupa-yabanci-turistlere-aciliyor.jpg 1000w\" sizes=\"(max-width: 300px) 100vw, 300px\" \/><\/div>\n\t\t<\/a>\n\t\t\t\t<div class=\"elementor-post__text\">\n\t\t\t\t<h3 class=\"elementor-post__title\">\n\t\t\t<a href=\"https:\/\/www.schengenvisas.com\/tr\/news\/avrupa-yabanci-turistlere-aciliyor\/\" >\n\t\t\t\tAvrupa yabanc\u0131 turistlere a\u00e7\u0131l\u0131yor\t\t\t<\/a>\n\t\t<\/h3>\n\t\t\t\t<div class=\"elementor-post__meta-data\">\n\t\t\t\t\t<span class=\"elementor-post-date\">\n\t\t\t18\/06\/2021\t\t<\/span>\n\t\t\t\t<\/div>\n\t\t\n\t\t<a class=\"elementor-post__read-more\" href=\"https:\/\/www.schengenvisas.com\/tr\/news\/avrupa-yabanci-turistlere-aciliyor\/\" aria-label=\"Read more about Avrupa yabanc\u0131 turistlere a\u00e7\u0131l\u0131yor\" tabindex=\"-1\" >\n\t\t\tDevam\u0131n\u0131 Oku \u00bb\t\t<\/a>\n\n\t\t\t\t<\/div>\n\t\t\t\t<\/article>\n\t\t\t\t<\/div>\n\t\t\n\t\t\t\t\t\t<\/div>\n\t\t\t\t<\/div>\n\t\t\t\t\t<\/div>\n\t\t\t\t<\/div>\n\t\t\t\t\t<\/div>\n\t\t\t\t<\/div>\n\t\t\t\t<\/div>\n\t\t","protected":false},"excerpt":{"rendered":"<p>\u0130\u00e7indekiler Malta&#8217;ya Nas\u0131l Ba\u015fvurulur Malta, Akdeniz&#8217;in g\u00fcneyinde bulunan ve \u0130talya ile Tunus aras\u0131ndaki mesafesi hemen<\/p>\n","protected":false},"author":15,"featured_media":24069,"parent":0,"menu_order":0,"comment_status":"closed","ping_status":"closed","template":"","meta":{"_acf_changed":false,"inline_featured_image":false,"footnotes":""},"class_list":["post-14366","page","type-page","status-publish","has-post-thumbnail","hentry","entry"],"acf":[],"yoast_head":"<!-- This site is optimized with the Yoast SEO Premium plugin v24.1 (Yoast SEO v24.1) - https:\/\/yoast.com\/wordpress\/plugins\/seo\/ -->\n<title>Malta Schengen Vizesine Nas\u0131l Ba\u015fvurulur? | Malta Schengen Vizesi<\/title>\n<meta name=\"description\" content=\"Malta Schengen Vizesine Nas\u0131l Ba\u015fvurulur? | Malta Schengen Vize Kurallar\u0131, Vize \u00dccreti, Vize \u015eartlar\u0131 ve Uygunluk Kriterleri.\" \/>\n<meta name=\"robots\" content=\"index, follow, max-snippet:-1, max-image-preview:large, max-video-preview:-1\" \/>\n<link rel=\"canonical\" href=\"https:\/\/www.schengenvisas.com\/tr\/wp-json\/wp\/v2\/pages\/14366\" \/>\n<meta property=\"og:locale\" content=\"tr_TR\" \/>\n<meta property=\"og:type\" content=\"article\" \/>\n<meta property=\"og:title\" content=\"Malta Schengen Vizesine Nas\u0131l Ba\u015fvurulur?\" \/>\n<meta property=\"og:description\" content=\"Malta Schengen Vizesine Nas\u0131l Ba\u015fvurulur? | Malta Schengen Vize Kurallar\u0131, Vize \u00dccreti, Vize \u015eartlar\u0131 ve Uygunluk Kriterleri.\" \/>\n<meta property=\"og:url\" content=\"https:\/\/www.schengenvisas.com\/tr\/malta-schengen-vizesine-nasil-basvurulur\/\" \/>\n<meta property=\"og:site_name\" content=\"Schengen Visas\" \/>\n<meta property=\"article:modified_time\" content=\"2025-08-07T08:28:56+00:00\" \/>\n<meta property=\"og:image\" content=\"https:\/\/www.schengenvisas.com\/wp-content\/uploads\/2023\/03\/How-to-Apply-for-Malta-Schengen-Visa-copy.webp\" \/>\n\t<meta property=\"og:image:width\" content=\"1280\" \/>\n\t<meta property=\"og:image:height\" content=\"800\" \/>\n\t<meta property=\"og:image:type\" content=\"image\/webp\" \/>\n<meta name=\"twitter:card\" content=\"summary_large_image\" \/>\n<meta name=\"twitter:label1\" content=\"Tahmini okuma s\u00fcresi\" \/>\n\t<meta name=\"twitter:data1\" content=\"10 dakika\" \/>\n<script type=\"application\/ld+json\" class=\"yoast-schema-graph\">{\"@context\":\"https:\/\/schema.org\",\"@graph\":[{\"@type\":\"WebPage\",\"@id\":\"https:\/\/www.schengenvisas.com\/tr\/malta-schengen-vizesine-nasil-basvurulur\/\",\"url\":\"https:\/\/www.schengenvisas.com\/tr\/malta-schengen-vizesine-nasil-basvurulur\/\",\"name\":\"Malta Schengen Vizesine Nas\u0131l Ba\u015fvurulur? | Malta Schengen Vizesi\",\"isPartOf\":{\"@id\":\"https:\/\/www.schengenvisas.com\/#website\"},\"primaryImageOfPage\":{\"@id\":\"https:\/\/www.schengenvisas.com\/tr\/malta-schengen-vizesine-nasil-basvurulur\/#primaryimage\"},\"image\":{\"@id\":\"https:\/\/www.schengenvisas.com\/tr\/malta-schengen-vizesine-nasil-basvurulur\/#primaryimage\"},\"thumbnailUrl\":\"https:\/\/www.schengenvisas.com\/wp-content\/uploads\/2023\/03\/How-to-Apply-for-Malta-Schengen-Visa-copy.webp\",\"datePublished\":\"2020-01-31T07:37:24+00:00\",\"dateModified\":\"2025-08-07T08:28:56+00:00\",\"description\":\"Malta Schengen Vizesine Nas\u0131l Ba\u015fvurulur? | Malta Schengen Vize Kurallar\u0131, Vize \u00dccreti, Vize \u015eartlar\u0131 ve Uygunluk Kriterleri.\",\"breadcrumb\":{\"@id\":\"https:\/\/www.schengenvisas.com\/tr\/malta-schengen-vizesine-nasil-basvurulur\/#breadcrumb\"},\"inLanguage\":\"tr\",\"potentialAction\":[{\"@type\":\"ReadAction\",\"target\":[\"https:\/\/www.schengenvisas.com\/tr\/malta-schengen-vizesine-nasil-basvurulur\/\"]}]},{\"@type\":\"ImageObject\",\"inLanguage\":\"tr\",\"@id\":\"https:\/\/www.schengenvisas.com\/tr\/malta-schengen-vizesine-nasil-basvurulur\/#primaryimage\",\"url\":\"https:\/\/www.schengenvisas.com\/wp-content\/uploads\/2023\/03\/How-to-Apply-for-Malta-Schengen-Visa-copy.webp\",\"contentUrl\":\"https:\/\/www.schengenvisas.com\/wp-content\/uploads\/2023\/03\/How-to-Apply-for-Malta-Schengen-Visa-copy.webp\",\"width\":1280,\"height\":800,\"caption\":\"How to Apply for Malta Schengen Visa\"},{\"@type\":\"BreadcrumbList\",\"@id\":\"https:\/\/www.schengenvisas.com\/tr\/malta-schengen-vizesine-nasil-basvurulur\/#breadcrumb\",\"itemListElement\":[{\"@type\":\"ListItem\",\"position\":1,\"name\":\"Home\",\"item\":\"https:\/\/www.schengenvisas.com\/\"},{\"@type\":\"ListItem\",\"position\":2,\"name\":\"Malta Schengen Vizesine Nas\u0131l Ba\u015fvurulur?\"}]},{\"@type\":\"WebSite\",\"@id\":\"https:\/\/www.schengenvisas.com\/#website\",\"url\":\"https:\/\/www.schengenvisas.com\/\",\"name\":\"Schengen Visas\",\"description\":\"Schengen Visa Application Services\",\"publisher\":{\"@id\":\"https:\/\/www.schengenvisas.com\/#organization\"},\"potentialAction\":[{\"@type\":\"SearchAction\",\"target\":{\"@type\":\"EntryPoint\",\"urlTemplate\":\"https:\/\/www.schengenvisas.com\/?s={search_term_string}\"},\"query-input\":{\"@type\":\"PropertyValueSpecification\",\"valueRequired\":true,\"valueName\":\"search_term_string\"}}],\"inLanguage\":\"tr\"},{\"@type\":\"Organization\",\"@id\":\"https:\/\/www.schengenvisas.com\/#organization\",\"name\":\"Schengen Visas\",\"url\":\"https:\/\/www.schengenvisas.com\/\",\"logo\":{\"@type\":\"ImageObject\",\"inLanguage\":\"tr\",\"@id\":\"https:\/\/www.schengenvisas.com\/#\/schema\/logo\/image\/\",\"url\":\"https:\/\/www.schengenvisas.com\/wp-content\/uploads\/2023\/03\/logo.svg\",\"contentUrl\":\"https:\/\/www.schengenvisas.com\/wp-content\/uploads\/2023\/03\/logo.svg\",\"width\":894,\"height\":123,\"caption\":\"Schengen Visas\"},\"image\":{\"@id\":\"https:\/\/www.schengenvisas.com\/#\/schema\/logo\/image\/\"}}]}<\/script>\n<!-- \/ Yoast SEO Premium plugin. -->","yoast_head_json":{"title":"Malta Schengen Vizesine Nas\u0131l Ba\u015fvurulur? | Malta Schengen Vizesi","description":"Malta Schengen Vizesine Nas\u0131l Ba\u015fvurulur? | Malta Schengen Vize Kurallar\u0131, Vize \u00dccreti, Vize \u015eartlar\u0131 ve Uygunluk Kriterleri.","robots":{"index":"index","follow":"follow","max-snippet":"max-snippet:-1","max-image-preview":"max-image-preview:large","max-video-preview":"max-video-preview:-1"},"canonical":"https:\/\/www.schengenvisas.com\/tr\/wp-json\/wp\/v2\/pages\/14366","og_locale":"tr_TR","og_type":"article","og_title":"Malta Schengen Vizesine Nas\u0131l Ba\u015fvurulur?","og_description":"Malta Schengen Vizesine Nas\u0131l Ba\u015fvurulur? | Malta Schengen Vize Kurallar\u0131, Vize \u00dccreti, Vize \u015eartlar\u0131 ve Uygunluk Kriterleri.","og_url":"https:\/\/www.schengenvisas.com\/tr\/malta-schengen-vizesine-nasil-basvurulur\/","og_site_name":"Schengen Visas","article_modified_time":"2025-08-07T08:28:56+00:00","og_image":[{"width":1280,"height":800,"url":"https:\/\/www.schengenvisas.com\/wp-content\/uploads\/2023\/03\/How-to-Apply-for-Malta-Schengen-Visa-copy.webp","type":"image\/webp"}],"twitter_card":"summary_large_image","twitter_misc":{"Tahmini okuma s\u00fcresi":"10 dakika"},"schema":{"@context":"https:\/\/schema.org","@graph":[{"@type":"WebPage","@id":"https:\/\/www.schengenvisas.com\/tr\/malta-schengen-vizesine-nasil-basvurulur\/","url":"https:\/\/www.schengenvisas.com\/tr\/malta-schengen-vizesine-nasil-basvurulur\/","name":"Malta Schengen Vizesine Nas\u0131l Ba\u015fvurulur? | Malta Schengen Vizesi","isPartOf":{"@id":"https:\/\/www.schengenvisas.com\/#website"},"primaryImageOfPage":{"@id":"https:\/\/www.schengenvisas.com\/tr\/malta-schengen-vizesine-nasil-basvurulur\/#primaryimage"},"image":{"@id":"https:\/\/www.schengenvisas.com\/tr\/malta-schengen-vizesine-nasil-basvurulur\/#primaryimage"},"thumbnailUrl":"https:\/\/www.schengenvisas.com\/wp-content\/uploads\/2023\/03\/How-to-Apply-for-Malta-Schengen-Visa-copy.webp","datePublished":"2020-01-31T07:37:24+00:00","dateModified":"2025-08-07T08:28:56+00:00","description":"Malta Schengen Vizesine Nas\u0131l Ba\u015fvurulur? | Malta Schengen Vize Kurallar\u0131, Vize \u00dccreti, Vize \u015eartlar\u0131 ve Uygunluk Kriterleri.","breadcrumb":{"@id":"https:\/\/www.schengenvisas.com\/tr\/malta-schengen-vizesine-nasil-basvurulur\/#breadcrumb"},"inLanguage":"tr","potentialAction":[{"@type":"ReadAction","target":["https:\/\/www.schengenvisas.com\/tr\/malta-schengen-vizesine-nasil-basvurulur\/"]}]},{"@type":"ImageObject","inLanguage":"tr","@id":"https:\/\/www.schengenvisas.com\/tr\/malta-schengen-vizesine-nasil-basvurulur\/#primaryimage","url":"https:\/\/www.schengenvisas.com\/wp-content\/uploads\/2023\/03\/How-to-Apply-for-Malta-Schengen-Visa-copy.webp","contentUrl":"https:\/\/www.schengenvisas.com\/wp-content\/uploads\/2023\/03\/How-to-Apply-for-Malta-Schengen-Visa-copy.webp","width":1280,"height":800,"caption":"How to Apply for Malta Schengen Visa"},{"@type":"BreadcrumbList","@id":"https:\/\/www.schengenvisas.com\/tr\/malta-schengen-vizesine-nasil-basvurulur\/#breadcrumb","itemListElement":[{"@type":"ListItem","position":1,"name":"Home","item":"https:\/\/www.schengenvisas.com\/"},{"@type":"ListItem","position":2,"name":"Malta Schengen Vizesine Nas\u0131l Ba\u015fvurulur?"}]},{"@type":"WebSite","@id":"https:\/\/www.schengenvisas.com\/#website","url":"https:\/\/www.schengenvisas.com\/","name":"Schengen Visas","description":"Schengen Visa Application Services","publisher":{"@id":"https:\/\/www.schengenvisas.com\/#organization"},"potentialAction":[{"@type":"SearchAction","target":{"@type":"EntryPoint","urlTemplate":"https:\/\/www.schengenvisas.com\/?s={search_term_string}"},"query-input":{"@type":"PropertyValueSpecification","valueRequired":true,"valueName":"search_term_string"}}],"inLanguage":"tr"},{"@type":"Organization","@id":"https:\/\/www.schengenvisas.com\/#organization","name":"Schengen Visas","url":"https:\/\/www.schengenvisas.com\/","logo":{"@type":"ImageObject","inLanguage":"tr","@id":"https:\/\/www.schengenvisas.com\/#\/schema\/logo\/image\/","url":"https:\/\/www.schengenvisas.com\/wp-content\/uploads\/2023\/03\/logo.svg","contentUrl":"https:\/\/www.schengenvisas.com\/wp-content\/uploads\/2023\/03\/logo.svg","width":894,"height":123,"caption":"Schengen Visas"},"image":{"@id":"https:\/\/www.schengenvisas.com\/#\/schema\/logo\/image\/"}}]}},"_links":{"self":[{"href":"https:\/\/www.schengenvisas.com\/tr\/wp-json\/wp\/v2\/pages\/14366","targetHints":{"allow":["GET"]}}],"collection":[{"href":"https:\/\/www.schengenvisas.com\/tr\/wp-json\/wp\/v2\/pages"}],"about":[{"href":"https:\/\/www.schengenvisas.com\/tr\/wp-json\/wp\/v2\/types\/page"}],"author":[{"embeddable":true,"href":"https:\/\/www.schengenvisas.com\/tr\/wp-json\/wp\/v2\/users\/15"}],"replies":[{"embeddable":true,"href":"https:\/\/www.schengenvisas.com\/tr\/wp-json\/wp\/v2\/comments?post=14366"}],"version-history":[{"count":29,"href":"https:\/\/www.schengenvisas.com\/tr\/wp-json\/wp\/v2\/pages\/14366\/revisions"}],"predecessor-version":[{"id":31052,"href":"https:\/\/www.schengenvisas.com\/tr\/wp-json\/wp\/v2\/pages\/14366\/revisions\/31052"}],"wp:featuredmedia":[{"embeddable":true,"href":"https:\/\/www.schengenvisas.com\/tr\/wp-json\/wp\/v2\/media\/24069"}],"wp:attachment":[{"href":"https:\/\/www.schengenvisas.com\/tr\/wp-json\/wp\/v2\/media?parent=14366"}],"curies":[{"name":"wp","href":"https:\/\/api.w.org\/{rel}","templated":true}]}}